{"id":2930,"date":"2024-02-21T13:54:52","date_gmt":"2024-02-21T12:54:52","guid":{"rendered":"http:\/\/adwokatura.krakow.pl\/adwokaci-i-aplikanci\/?post_type=kalendarium&#038;p=2930"},"modified":"2024-02-27T11:28:20","modified_gmt":"2024-02-27T10:28:20","slug":"praktyczne-aspekty-reprezentacji-dziecka-w-postepowaniu-karnym","status":"publish","type":"kalendarium","link":"https:\/\/adwokatura.krakow.pl\/adwokaci-i-aplikanci\/kalendarium\/praktyczne-aspekty-reprezentacji-dziecka-w-postepowaniu-karnym\/","title":{"rendered":"Praktyczne aspekty reprezentacji dziecka w post\u0119powaniu karnym"},"content":{"rendered":"\n<p>Komisja Doskonalenia Zawodowego przy Naczelnej Radzie Adwokackiej zaprasza na cykl bezp\u0142atnych wyk\u0142ad\u00f3w dla adwokat\u00f3w i aplikant\u00f3w adwokackich na temat&nbsp;<strong>Prawne, praktyczne i psychologiczne aspekty reprezentacji dziecka.<\/strong><\/p>\n\n\n\n<p><strong>\u201ePraktyczne aspekty reprezentacji dziecka w post\u0119powaniu karnym\u201d<\/strong><\/p>\n\n\n\n<p>Wyk\u0142adowca:&nbsp;<strong>Emilia Naumann<\/strong>&nbsp;&#8211; adwokatka i psycholo\u017cka. Od 20 lat zajmuje si\u0119 sprawami dotycz\u0105cymi szeroko poj\u0119tej ochrony praw dzieci: w sprawach rodzinnych i karnych \u2013 w post\u0119powaniach przygotowawczych, s\u0105dowych, pozas\u0105dowych. Prowadzi szkolenia dla aplikant\u00f3w adwokackich Izby Warszawskiej z zakresu prawa rodzinnego, mediacji oraz dotycz\u0105ce uprawnie\u0144 kuratora dziecka pokrzywdzonego przest\u0119pstwem. Jest cz\u0142onkiem Sekcji Praw Dziecka przy Okr\u0119gowej Radzie Adwokackiej w Warszawie. Autorka poradnika \u201eDziecko pod parasolem prawa\u201d i artyku\u0142\u00f3w po\u015bwi\u0119conych reprezentacji ma\u0142oletniego pokrzywdzonego w post\u0119powaniu karnym.<\/p>\n\n\n\n<p>Czas trwania: 180 min.<\/p>\n\n\n\n<p>Szkolenie odb\u0119dzie&nbsp;si\u0119 w dniu<strong>&nbsp;21.02.2024 r. w godz. 17:00-20:00<\/strong>&nbsp;<\/p>\n\n\n\n<p><em>Dok\u0142adne informacje dotycz\u0105ce wyk\u0142adu&nbsp;oraz rejestracji na szkolenie&nbsp;&nbsp;znajduj\u0105 si\u0119 pod linkiem:<\/em><br><a href=\"https:\/\/nra.e-soa.pl\/szkolenia\/addZgloszeniaBPClient\/91\/91\">https:\/\/nra.e-soa.pl\/szkolenia\/addZgloszeniaBPClient\/91\/91<\/a><\/p>\n\n\n\n<p><em>W celu rejestracji prosimy o wybranie przycisku&nbsp;Jestem cz\u0142onkiem adwokatury&nbsp;a nast\u0119pnie zalogowanie si\u0119 do Panelu Adwokata. W przypadku braku konta w Panelu prosimy u\u017cy\u0107 funkcji&nbsp;Pierwsze logowanie&nbsp;dost\u0119pnej na dole wy\u015bwietlonej strony.<\/em><\/p>\n\n\n\n<p><em>Link do spotkania zostanie przes\u0142any osobom zarejestrowanym najp\u00f3\u017aniej w dniu wyk\u0142adu.<\/em><\/p>\n\n\n\n<p><strong>Zapisy na wyk\u0142ad przyjmujemy do dnia 20.02.2024 r.<\/strong><\/p>\n\n\n\n<p><strong>Ilo\u015b\u0107 miejsc ograniczona, decyduje kolejno\u015b\u0107 zg\u0142osze\u0144.<\/strong><\/p>\n\n\n\n<p>Wyk\u0142ad&nbsp; b\u0119dzie prowadzony na \u017cywo, a nadto zostanie nagrany i zamieszczony na stronie samorz\u0105du adwokackiego&nbsp;<a href=\"https:\/\/palestra.pl\/pl\/e-palestra\">https:\/\/palestra.pl\/pl\/e-palestra&nbsp;<\/a><\/p>\n\n\n\n<p><em>Serdecznie zapraszamy,<\/em><\/p>\n\n\n\n<p><em>Komisja Doskonalenia Zawodowego przy Naczelnej Radzie Adwokackiej<\/em><\/p>\n","protected":false},"template":"","meta":{"_acf_changed":false,"inline_featured_image":false},"class_list":["post-2930","kalendarium","type-kalendarium","status-publish","hentry"],"acf":[],"_links":{"self":[{"href":"https:\/\/adwokatura.krakow.pl\/adwokaci-i-aplikanci\/wp-json\/wp\/v2\/kalendarium\/2930","targetHints":{"allow":["GET"]}}],"collection":[{"href":"https:\/\/adwokatura.krakow.pl\/adwokaci-i-aplikanci\/wp-json\/wp\/v2\/kalendarium"}],"about":[{"href":"https:\/\/adwokatura.krakow.pl\/adwokaci-i-aplikanci\/wp-json\/wp\/v2\/types\/kalendarium"}],"wp:attachment":[{"href":"https:\/\/adwokatura.krakow.pl\/adwokaci-i-aplikanci\/wp-json\/wp\/v2\/media?parent=2930"}],"curies":[{"name":"wp","href":"https:\/\/api.w.org\/{rel}","templated":true}]}}