{"id":3390,"date":"2024-03-11T12:42:00","date_gmt":"2024-03-11T11:42:00","guid":{"rendered":"http:\/\/adwokatura.krakow.pl\/adwokaci-i-aplikanci\/?post_type=kalendarium&#038;p=3390"},"modified":"2024-03-12T14:35:15","modified_gmt":"2024-03-12T13:35:15","slug":"ix-strzeleckie-mistrzostwa-adwokatury-wroclaw-2024","status":"publish","type":"kalendarium","link":"https:\/\/adwokatura.krakow.pl\/adwokaci-i-aplikanci\/kalendarium\/ix-strzeleckie-mistrzostwa-adwokatury-wroclaw-2024\/","title":{"rendered":"IX Strzeleckie Mistrzostwa Adwokatury \/ Wroc\u0142aw 2024"},"content":{"rendered":"\n<p class=\"has-text-align-center\"><strong><br>Z A P R O S Z E N I E<br><\/strong><strong>do udzia\u0142u w IX Strzeleckich Mistrzostwach Adwokatury<\/strong><\/p>\n\n\n\n<p class=\"has-text-align-center\"><strong>Wroc\u0142aw 2024<\/strong><\/p>\n\n\n\n<div class=\"wp-block-columns is-layout-flex wp-container-core-columns-is-layout-9d6595d7 wp-block-columns-is-layout-flex\">\n<div class=\"wp-block-column is-layout-flow wp-block-column-is-layout-flow\" style=\"flex-basis:33.33%\"><div class=\"wp-block-image\">\n<figure data-wp-context=\"{&quot;imageId&quot;:&quot;69f3f3901c329&quot;}\" data-wp-interactive=\"core\/image\" data-wp-key=\"69f3f3901c329\" class=\"aligncenter size-medium wp-lightbox-container\"><img loading=\"lazy\" decoding=\"async\" width=\"235\" height=\"300\" data-wp-class--hide=\"state.isContentHidden\" data-wp-class--show=\"state.isContentVisible\" data-wp-init=\"callbacks.setButtonStyles\" data-wp-on--click=\"actions.showLightbox\" data-wp-on--load=\"callbacks.setButtonStyles\" data-wp-on-window--resize=\"callbacks.setButtonStyles\" src=\"http:\/\/adwokatura.krakow.pl\/adwokaci-i-aplikanci\/wp-content\/uploads\/sites\/2\/2024\/03\/shooting-target-4916434_1280-235x300.jpg\" alt=\"\" class=\"wp-image-3391\" srcset=\"https:\/\/adwokatura.krakow.pl\/adwokaci-i-aplikanci\/wp-content\/uploads\/sites\/2\/2024\/03\/shooting-target-4916434_1280-235x300.jpg 235w, https:\/\/adwokatura.krakow.pl\/adwokaci-i-aplikanci\/wp-content\/uploads\/sites\/2\/2024\/03\/shooting-target-4916434_1280-801x1024.jpg 801w, https:\/\/adwokatura.krakow.pl\/adwokaci-i-aplikanci\/wp-content\/uploads\/sites\/2\/2024\/03\/shooting-target-4916434_1280-768x982.jpg 768w, https:\/\/adwokatura.krakow.pl\/adwokaci-i-aplikanci\/wp-content\/uploads\/sites\/2\/2024\/03\/shooting-target-4916434_1280.jpg 1001w\" sizes=\"auto, (max-width: 235px) 100vw, 235px\" \/><button\n\t\t\tclass=\"lightbox-trigger\"\n\t\t\ttype=\"button\"\n\t\t\taria-haspopup=\"dialog\"\n\t\t\taria-label=\"Powi\u0119ksz\"\n\t\t\tdata-wp-init=\"callbacks.initTriggerButton\"\n\t\t\tdata-wp-on--click=\"actions.showLightbox\"\n\t\t\tdata-wp-style--right=\"state.imageButtonRight\"\n\t\t\tdata-wp-style--top=\"state.imageButtonTop\"\n\t\t>\n\t\t\t<svg xmlns=\"http:\/\/www.w3.org\/2000\/svg\" width=\"12\" height=\"12\" fill=\"none\" viewBox=\"0 0 12 12\">\n\t\t\t\t<path fill=\"#fff\" d=\"M2 0a2 2 0 0 0-2 2v2h1.5V2a.5.5 0 0 1 .5-.5h2V0H2Zm2 10.5H2a.5.5 0 0 1-.5-.5V8H0v2a2 2 0 0 0 2 2h2v-1.5ZM8 12v-1.5h2a.5.5 0 0 0 .5-.5V8H12v2a2 2 0 0 1-2 2H8Zm2-12a2 2 0 0 1 2 2v2h-1.5V2a.5.5 0 0 0-.5-.5H8V0h2Z\" \/>\n\t\t\t<\/svg>\n\t\t<\/button><\/figure>\n<\/div><\/div>\n\n\n\n<div class=\"wp-block-column is-layout-flow wp-block-column-is-layout-flow\" style=\"flex-basis:66.66%\">\n<p>W imieniu Izby Adwokackiej we Wroc\u0142awiu &#8211; Dziekan Okr\u0119gowej Rady Adwokackiej we Wroc\u0142awiu, oraz Zarz\u0105d Adwokackiego Stowarzyszenia Strzeleckiego i Kolekcjonerskiego z siedzib\u0105 we Wroc\u0142awiu, wraz z Przewodnicz\u0105cym Komisji Sportu, Turystyki i Integracji \u015arodowiskowej przy Okr\u0119gowej Radzie Adwokackiej we Wroc\u0142awiu, maj\u0105 zaszczyt zaprosi\u0107 wszystkich mi\u0142o\u015bnik\u00f3w strzelectwa sportowego do udzia\u0142u&nbsp;<strong>w IX Strzeleckich Mistrzostwach Adwokatury, kt\u00f3re odb\u0119d\u0105 si\u0119 w dniu 11 maja 2024 r. od 09:00 na strzelnicy Sekcji Strzeleckiej Wojskowego Klubu Sportowego \u201e\u015al\u0105sk\u201d we Wroc\u0142awiu przy&nbsp; ul. \u015awi\u0105tnickiej 36.&nbsp;<\/strong>Zawodnikami w\/w imprezy mog\u0105 by\u0107 wy\u0142\u0105cznie przedstawiciele wszystkich zawod\u00f3w prawniczych. Zawody b\u0119d\u0105 obs\u0142ugiwane przez kadr\u0119 s\u0119dziowsk\u0105&nbsp; i instruktorsk\u0105 Wojskowego Klubu Sportowego \u201e\u015al\u0105sk\u201d Wroc\u0142aw.<\/p>\n<\/div>\n<\/div>\n\n\n\n<p><br>Startowa\u0107 w Mistrzostwach mog\u0105 r\u00f3wnie\u017c osoby&nbsp;<strong>nie&nbsp;&nbsp;posiadaj\u0105ce jakichkolwiek uprawnie\u0144 zawodniczych lub pozwole\u0144 na bro\u0144.<\/strong><\/p>\n\n\n\n<p>W Mistrzostwach przewidziane s\u0105 konkurencje:<\/p>\n\n\n\n<ol class=\"wp-block-list\">\n<li>Pistolet sportowy 25m;<\/li>\n\n\n\n<li>Pistolet centralnego zap\u0142onu 25 m;<\/li>\n\n\n\n<li>Karabin sportowy 50m;<\/li>\n<\/ol>\n\n\n\n<p>We wszystkich konkurencjach zawodnicy oddaj\u0105 po 5 strza\u0142\u00f3w pr\u00f3bnych, oraz po 10 strza\u0142\u00f3w ocenianych.<\/p>\n\n\n\n<p><strong>Op\u0142aty startowe:<\/strong>&nbsp;<br>&#8211; dla zawodnik\u00f3w posiadaj\u0105cych w\u0142asn\u0105 bro\u0144 \u2013 po&nbsp;<strong>40<\/strong>&nbsp;z\u0142 od udzia\u0142u w ka\u017cdej ze zg\u0142oszonych konkurencji;<\/p>\n\n\n\n<p>&#8211; dla zawodnik\u00f3w nie posiadaj\u0105cych w\u0142asnej broni \u2013 po&nbsp;<strong>60<\/strong>&nbsp;z\u0142 od udzia\u0142u w konkurencji a) i c)<\/p>\n\n\n\n<p>&#8211; dla zawodnik\u00f3w nie posiadaj\u0105cych w\u0142asnej broni \u2013&nbsp;<strong>80<\/strong>&nbsp;z\u0142 od udzia\u0142u w konkurencji b)<\/p>\n\n\n\n<p>Warunkiem uczestnictwa w Mistrzostwach jest przes\u0142anie wype\u0142nionego formularza zg\u0142oszeniowego oraz uiszczenie op\u0142aty startowej.<\/p>\n\n\n\n<p>Wype\u0142niony oraz podpisany formularz zg\u0142oszeniowy&nbsp; prosimy przesy\u0142a\u0107 w formie skanu<br><strong>do dnia 30 kwietnia 2024r.<\/strong>&nbsp;na adres e-mail&nbsp;<strong><u>m.eisermann@wp.pl<\/u><\/strong>&nbsp;lub listownie na adres ORA we Wroc\u0142awiu, ul. S\u0105dowa 4, 50-046 Wroc\u0142aw. Zawody odb\u0119d\u0105 si\u0119 pod warunkiem dokonania w ww. terminie przynajmniej 30 zg\u0142osze\u0144.<\/p>\n\n\n\n<p>Wp\u0142aty op\u0142at startowych prosimy dokonywa\u0107 na rachunek ORA we Wroc\u0142awiu BO\u015a&nbsp;<strong><u>81 1540 1030 2001 7762 9940 0001<\/u><\/strong>&nbsp;z dopiskiem&nbsp;<strong>\u201estrzeleckie mistrzostwa adwokatury 2024\u201d.<\/strong><\/p>\n\n\n\n<figure class=\"wp-block-table\"><table><tbody><tr><td><em>Przewodnicz\u0105cy<\/em><br><em>Komisji Sportu, Turystyki<\/em><br><em>i Integracji \u015arodowiskowej<\/em><br><br><em><strong>adw. Maciej Eisermann<\/strong><\/em><\/td><td><em>Dziekan<\/em><br><em>Okr\u0119gowej Rady Adwokackiej<\/em><br><em>we Wroc\u0142awiu<\/em><br><br><em><strong>adw. S\u0142awomir Krze\u015b<\/strong><\/em><\/td><td><em>Prezes Zarz\u0105du<\/em><em>Adwokackiego Stowarzyszenia<\/em><em>Strzeleckiego i Kolekcjonerskiego<\/em><br><em><strong>adw. Maciej Eisermann<\/strong><\/em><\/td><\/tr><\/tbody><\/table><\/figure>\n\n\n\n<p class=\"has-text-align-center\"><strong><u>R E G U L A M I N<\/u><\/strong><\/p>\n\n\n\n<p class=\"has-text-align-center\"><strong><u>IX STRZELECKICH MISTRZOSTW ADWOKATURY<\/u><\/strong><\/p>\n\n\n\n<p class=\"has-text-align-center\"><strong><u>Wroc\u0142aw 2024<\/u><\/strong><\/p>\n\n\n\n<p><strong>Termin:<\/strong>&nbsp;11 maja 2024r., rozpocz\u0119cie o godzinie 09.00.<\/p>\n\n\n\n<p><strong>Miejsce:<\/strong>&nbsp;strzelnica Sekcji Strzeleckiej Wojskowego Klubu Sportowego \u201e\u015al\u0105sk\u201d Wroc\u0142aw, ul. \u015awi\u0105tnicka 36, Wroc\u0142aw.<\/p>\n\n\n\n<p><strong>Uczestnicy:&nbsp;<\/strong>wy\u0142\u0105cznie przedstawiciele \u015brodowisk prawniczych (adwokaci, radcowie prawni, aplikanci adwokaccy i radcowscy, s\u0119dziowie, prokuratorzy, notariusze, komornicy).&nbsp;<\/p>\n\n\n\n<p>Udzia\u0142 w zawodach nie jest uzale\u017cniony od posiadania jakichkolwiek uprawnie\u0144 zawodniczych lub pozwole\u0144 na bro\u0144. Organizator zapewni osobom nie posiadaj\u0105cym w\u0142asnej broni, mo\u017cliwo\u015b\u0107 skorzystania z broni klubowej, oraz opiek\u0119 do\u015bwiadczonego instruktora sportu strzeleckiego.<\/p>\n\n\n\n<p><strong>Organizator:&nbsp;<\/strong>Adwokackie Stowarzyszenie Strzeleckie i Kolekcjonerskie we Wroc\u0142awiu, oraz Komisja Sportu, Rekreacji i Integracji \u015arodowiskowej przy Okr\u0119gowej Radzie Adwokackiej we Wroc\u0142awiu.<\/p>\n\n\n\n<p><strong>Zg\u0142oszenia:&nbsp;<\/strong>Adw. Maciej Eisermann, tel: +48&nbsp;604&nbsp;240&nbsp;406, e-mail:&nbsp;<a href=\"mailto:m.eisermann@wp.pl\">m.eisermann@wp.pl<\/a>,<\/p>\n\n\n\n<p><strong>Termin zg\u0142osze\u0144:<\/strong>&nbsp;do dnia 30 kwietnia 2024r., poprzez wys\u0142anie wype\u0142nionego i podpisanego skanu formularza na adres e-mail:&nbsp;<a href=\"mailto:m.eisermann@wp.pl\">m.eisermann@wp.pl<\/a>&nbsp;lub listownie na adres Okr\u0119gowej Rady Adwokackiej we Wroc\u0142awiu, ul. S\u0105dowa 4, 50-046 Wroc\u0142aw.<\/p>\n\n\n\n<p><strong>Regulamin:&nbsp;<\/strong>przepisy Polskiego Zwi\u0105zku Strzelectwa Sportowego. Zawody b\u0119d\u0105 obs\u0142ugiwane przez kadr\u0119 s\u0119dziowsk\u0105 Sekcji Strzeleckiej WKS \u015al\u0105sk Wroc\u0142aw.<\/p>\n\n\n\n<p><strong>Konkurencje:&nbsp;<\/strong>Pistolet Sportowy 25m, Pistolet Centralnego Zap\u0142onu 25m, Karabin Sportowy 50m.<\/p>\n\n\n\n<p>We wszystkich konkurencjach zawodnicy oddaj\u0105 po 5 strza\u0142\u00f3w pr\u00f3bnych, oraz po 10 strza\u0142\u00f3w ocenianych.&nbsp;Klasyfikacja indywidualna. Nagrody dla 3 zawodnik\u00f3w, kt\u00f3rzy osi\u0105gn\u0119li najlepsze wyniki w ka\u017cdej z konkurencji.<\/p>\n\n\n\n<p>Istnieje mo\u017cliwo\u015b\u0107 klasyfikacji dru\u017cynowej poszczeg\u00f3lnych prawniczych grup zawodowych podczas IX Strzeleckich Mistrzostw Adwokatury wg. nast\u0119puj\u0105cych zasad:<\/p>\n\n\n\n<p>&#8211; ka\u017cda izba adwokacka, radcowska, komornicza, notarialna, s\u0105d, prokuratura, etc mo\u017ce wystawi\u0107 jedn\u0105 3-osobow\u0105 dru\u017cyn\u0119;<\/p>\n\n\n\n<p>-klasyfikacja dru\u017cynowa odb\u0119dzie si\u0119 pod warunkiem zg\u0142oszenia si\u0119 minimum 3 dru\u017cyn;<\/p>\n\n\n\n<p>&#8211; od zg\u0142oszenia dru\u017cyny nie b\u0119d\u0105 pobierane op\u0142aty;<\/p>\n\n\n\n<p>&#8211; nagrod\u0105 w klasyfikacji dru\u017cynowej b\u0119dzie Puchar Przechodni Strzeleckich Mistrzostw Adwokatury;<\/p>\n\n\n\n<p>&#8211; wynikiem dru\u017cyny b\u0119dzie suma punkt\u00f3w uzyskanych przez jej zawodnik\u00f3w w klasyfikacji indywidualnej<\/p>\n\n\n\n<p>\u2013 Puchar zdob\u0119dzie dru\u017cyna, kt\u00f3rej zawodnicy we wszystkich konkurencjach, tj. Pistolecie centralnego zap\u0142onu, Pistolecie sportowym i Karabinie sportowym uzyskaj\u0105 najwi\u0119ksz\u0105 ilo\u015b\u0107 punkt\u00f3w.<\/p>\n\n\n\n<p>&#8211; zg\u0142oszenie sk\u0142ad\u00f3w dru\u017cyny ze wskazaniem nazwisk zawodnik\u00f3w i konkurencji w kt\u00f3rych zawodnicy ci b\u0119d\u0105 startowa\u0107, musi nast\u0105pi\u0107 nie p\u00f3\u017aniej ni\u017c w dniu Mistrzostw do godz. 09.00.<\/p>\n\n\n\n<p>&#8211; ka\u017cda z dru\u017cyn wska\u017ce po jednym zawodniku do konkurencji: Pistolet centralnego zap\u0142onu, Pistolet sportowy i Karabin sportowy.<\/p>\n\n\n\n<p>Organizator dopuszcza mo\u017cliwo\u015b\u0107 strzelania z karabinu sportowego z wykorzystaniem podp\u00f3rki, jak r\u00f3wnie\u017c mo\u017cliwo\u015b\u0107 strzelania z pistoletu z wykorzystaniem obu r\u0105k.<\/p>\n\n\n\n<p>Zawody odb\u0119d\u0105 si\u0119 pod warunkiem dokonania w terminie do 30 kwietnia 2024r. przynajmniej 30 zg\u0142osze\u0144.<\/p>\n\n\n\n<p><strong>Op\u0142aty:<\/strong><\/p>\n\n\n\n<p>&#8211; dla zawodnik\u00f3w posiadaj\u0105cych w\u0142asn\u0105 bro\u0144 &#8211; 40 z\u0142 udzia\u0142u w ka\u017cdej ze zg\u0142oszonych konkurencji.<\/p>\n\n\n\n<p>&#8211; dla zawodnik\u00f3w nie posiadaj\u0105cych w\u0142asnej broni \u2013 po 60 z\u0142 od udzia\u0142u w konkurencji Pistolet sportowy i Karabin sportowy<\/p>\n\n\n\n<p>&#8211; dla zawodnik\u00f3w nie posiadaj\u0105cych w\u0142asnej broni \u2013 80 z\u0142 za udzia\u0142 w konkurencji Pistolet centralnego zap\u0142onu.<\/p>\n\n\n\n<p><strong>W ramach op\u0142aty organizator zapewnia ciep\u0142e napoje ( kawa, herbata ), gor\u0105c\u0105 zup\u0119 gulaszow\u0105, wod\u0119 mineraln\u0105, s\u0142odycze, obs\u0142ug\u0119 s\u0119dziowsk\u0105 i instruktorsk\u0105, udost\u0119pnienie strzelnicy, nagrody dla najlepszych zawodnik\u00f3w, oraz wspania\u0142\u0105 atmosfer\u0119 imprezy !<\/strong><\/p>\n\n\n<div class=\"zalaczniki\">\n    \n    <div class=\"zalaczniki__wrap\">\n                        <div class=\"zalaczniki__single\">\n                <div class=\"zalaczniki__first\">\n                    <p class=\"zalaczniki__title\">\n                                                    formularz MSA 2024                                            <\/p>\n                    <p class=\"zalaczniki__file-name\">\n                                                    formularz-msa-2024.doc                                            <\/p>\n                <\/div>\n                <div class=\"zalaczniki__middle\">\n                                        <a href=\"https:\/\/adwokatura.krakow.pl\/adwokaci-i-aplikanci\/wp-content\/uploads\/sites\/2\/2024\/03\/formularz-msa-2024.doc\">Zobacz plik<\/a>\n                                    <\/div>\n                <div class=\"zalaczniki__last\">\n                                        <a download href=\"https:\/\/adwokatura.krakow.pl\/adwokaci-i-aplikanci\/wp-content\/uploads\/sites\/2\/2024\/03\/formularz-msa-2024.doc\">\n                            <img decoding=\"async\" src=\"https:\/\/adwokatura.krakow.pl\/adwokaci-i-aplikanci\/wp-content\/themes\/kia\/dist\/images\/download.svg\" alt=\"download\">\n                        <\/a>\n                                    <\/div>\n               \n            <\/div>\n                <\/div>\n<\/div>\n\n\n<figure data-wp-context=\"{&quot;imageId&quot;:&quot;69f3f3901ef96&quot;}\" data-wp-interactive=\"core\/image\" data-wp-key=\"69f3f3901ef96\" class=\"wp-block-image size-medium wp-lightbox-container\"><img loading=\"lazy\" decoding=\"async\" width=\"300\" height=\"225\" data-wp-class--hide=\"state.isContentHidden\" data-wp-class--show=\"state.isContentVisible\" data-wp-init=\"callbacks.setButtonStyles\" data-wp-on--click=\"actions.showLightbox\" data-wp-on--load=\"callbacks.setButtonStyles\" data-wp-on-window--resize=\"callbacks.setButtonStyles\" src=\"http:\/\/adwokatura.krakow.pl\/adwokaci-i-aplikanci\/wp-content\/uploads\/sites\/2\/2024\/03\/st1-300x225.jpg\" alt=\"\" class=\"wp-image-3392\" srcset=\"https:\/\/adwokatura.krakow.pl\/adwokaci-i-aplikanci\/wp-content\/uploads\/sites\/2\/2024\/03\/st1-300x225.jpg 300w, https:\/\/adwokatura.krakow.pl\/adwokaci-i-aplikanci\/wp-content\/uploads\/sites\/2\/2024\/03\/st1.jpg 644w\" sizes=\"auto, (max-width: 300px) 100vw, 300px\" \/><button\n\t\t\tclass=\"lightbox-trigger\"\n\t\t\ttype=\"button\"\n\t\t\taria-haspopup=\"dialog\"\n\t\t\taria-label=\"Powi\u0119ksz\"\n\t\t\tdata-wp-init=\"callbacks.initTriggerButton\"\n\t\t\tdata-wp-on--click=\"actions.showLightbox\"\n\t\t\tdata-wp-style--right=\"state.imageButtonRight\"\n\t\t\tdata-wp-style--top=\"state.imageButtonTop\"\n\t\t>\n\t\t\t<svg xmlns=\"http:\/\/www.w3.org\/2000\/svg\" width=\"12\" height=\"12\" fill=\"none\" viewBox=\"0 0 12 12\">\n\t\t\t\t<path fill=\"#fff\" d=\"M2 0a2 2 0 0 0-2 2v2h1.5V2a.5.5 0 0 1 .5-.5h2V0H2Zm2 10.5H2a.5.5 0 0 1-.5-.5V8H0v2a2 2 0 0 0 2 2h2v-1.5ZM8 12v-1.5h2a.5.5 0 0 0 .5-.5V8H12v2a2 2 0 0 1-2 2H8Zm2-12a2 2 0 0 1 2 2v2h-1.5V2a.5.5 0 0 0-.5-.5H8V0h2Z\" \/>\n\t\t\t<\/svg>\n\t\t<\/button><\/figure>\n","protected":false},"template":"","meta":{"_acf_changed":false,"inline_featured_image":false},"class_list":["post-3390","kalendarium","type-kalendarium","status-publish","hentry"],"acf":[],"_links":{"self":[{"href":"https:\/\/adwokatura.krakow.pl\/adwokaci-i-aplikanci\/wp-json\/wp\/v2\/kalendarium\/3390","targetHints":{"allow":["GET"]}}],"collection":[{"href":"https:\/\/adwokatura.krakow.pl\/adwokaci-i-aplikanci\/wp-json\/wp\/v2\/kalendarium"}],"about":[{"href":"https:\/\/adwokatura.krakow.pl\/adwokaci-i-aplikanci\/wp-json\/wp\/v2\/types\/kalendarium"}],"wp:attachment":[{"href":"https:\/\/adwokatura.krakow.pl\/adwokaci-i-aplikanci\/wp-json\/wp\/v2\/media?parent=3390"}],"curies":[{"name":"wp","href":"https:\/\/api.w.org\/{rel}","templated":true}]}}