{"id":3569,"date":"2024-04-11T12:35:07","date_gmt":"2024-04-11T10:35:07","guid":{"rendered":"http:\/\/adwokatura.krakow.pl\/adwokaci-i-aplikanci\/?post_type=kalendarium&#038;p=3569"},"modified":"2024-04-12T12:38:55","modified_gmt":"2024-04-12T10:38:55","slug":"xxxii-ogolnopolski-rejs-adwokacki","status":"publish","type":"kalendarium","link":"https:\/\/adwokatura.krakow.pl\/adwokaci-i-aplikanci\/kalendarium\/xxxii-ogolnopolski-rejs-adwokacki\/","title":{"rendered":"XXXII OG\u00d3LNOPOLSKI REJS ADWOKACKI"},"content":{"rendered":"\n<figure data-wp-context=\"{&quot;imageId&quot;:&quot;69f41ed802266&quot;}\" data-wp-interactive=\"core\/image\" data-wp-key=\"69f41ed802266\" class=\"wp-block-image size-medium wp-lightbox-container\"><img loading=\"lazy\" decoding=\"async\" width=\"300\" height=\"300\" data-wp-class--hide=\"state.isContentHidden\" data-wp-class--show=\"state.isContentVisible\" data-wp-init=\"callbacks.setButtonStyles\" data-wp-on--click=\"actions.showLightbox\" data-wp-on--load=\"callbacks.setButtonStyles\" data-wp-on-window--resize=\"callbacks.setButtonStyles\" src=\"http:\/\/adwokatura.krakow.pl\/adwokaci-i-aplikanci\/wp-content\/uploads\/sites\/2\/2024\/04\/big_file-rejs-jeziorak-36781-300x300.jpg\" alt=\"\" class=\"wp-image-3570\" srcset=\"https:\/\/adwokatura.krakow.pl\/adwokaci-i-aplikanci\/wp-content\/uploads\/sites\/2\/2024\/04\/big_file-rejs-jeziorak-36781-300x300.jpg 300w, https:\/\/adwokatura.krakow.pl\/adwokaci-i-aplikanci\/wp-content\/uploads\/sites\/2\/2024\/04\/big_file-rejs-jeziorak-36781-150x150.jpg 150w, https:\/\/adwokatura.krakow.pl\/adwokaci-i-aplikanci\/wp-content\/uploads\/sites\/2\/2024\/04\/big_file-rejs-jeziorak-36781.jpg 700w\" sizes=\"auto, (max-width: 300px) 100vw, 300px\" \/><button\n\t\t\tclass=\"lightbox-trigger\"\n\t\t\ttype=\"button\"\n\t\t\taria-haspopup=\"dialog\"\n\t\t\taria-label=\"Powi\u0119ksz\"\n\t\t\tdata-wp-init=\"callbacks.initTriggerButton\"\n\t\t\tdata-wp-on--click=\"actions.showLightbox\"\n\t\t\tdata-wp-style--right=\"state.imageButtonRight\"\n\t\t\tdata-wp-style--top=\"state.imageButtonTop\"\n\t\t>\n\t\t\t<svg xmlns=\"http:\/\/www.w3.org\/2000\/svg\" width=\"12\" height=\"12\" fill=\"none\" viewBox=\"0 0 12 12\">\n\t\t\t\t<path fill=\"#fff\" d=\"M2 0a2 2 0 0 0-2 2v2h1.5V2a.5.5 0 0 1 .5-.5h2V0H2Zm2 10.5H2a.5.5 0 0 1-.5-.5V8H0v2a2 2 0 0 0 2 2h2v-1.5ZM8 12v-1.5h2a.5.5 0 0 0 .5-.5V8H12v2a2 2 0 0 1-2 2H8Zm2-12a2 2 0 0 1 2 2v2h-1.5V2a.5.5 0 0 0-.5-.5H8V0h2Z\" \/>\n\t\t\t<\/svg>\n\t\t<\/button><\/figure>\n\n\n\n<p><strong>Szanowni Pa\u0144stwo<\/strong><\/p>\n\n\n\n<p>Okr\u0119gowa Rada Adwokacka w Olsztynie wraz z Komisj\u0105 Integracji \u015arodowiskowej Kultury Sportu Turystyki i Wypoczynku NRA pod przewodnictwem adw. Stanis\u0142awa Estreicha,&nbsp; przy udziale Prezesa Biblioteki Palestry NRA adw. Andrzeja Zwary&nbsp; po raz kolejny ma zaszczyt &nbsp;&nbsp;zaprosi\u0107 Pa\u0144stwa do uczestnictwa w&nbsp;&nbsp; XXXII Og\u00f3lnopolskim Rejsie Adwokackim im. adw. Marii Budzanowskiej po Jezioraku , kt\u00f3ry odb\u0119dzie si\u0119 w dniach 06-09 czerwca 2024r.<\/p>\n\n\n\n<p>Organizatorzy rejsu zapraszaj\u0105 wszystkich \u017ceglarzy , motorowodniak\u00f3w, osoby towarzysz\u0105ce&nbsp; oraz sympatyk\u00f3w pi\u0142ki siatkowej, pi\u0142ki no\u017cnej, tenisa ziemnego oraz w\u0119dkarstwa, do uczestnictwa w&nbsp; rejsie. Ze swojej strony b\u0119dziemy chcieli zapewni\u0107 Pa\u0144stwu \u015bwietny wypoczynek , wiele emocji na wodzie i l\u0105dzie&nbsp; oraz godnie przyj\u0105\u0107 Pa\u0144stwa na naszym terenie.&nbsp;<\/p>\n\n\n\n<p>Do organizacji rejsu r\u00f3wnie\u017c w tym roku w\u0142\u0105czy\u0142a si\u0119 Biblioteka Palestry, pod przewodnictwem Prezesa adw. Andrzeja Zwary, kt\u00f3ry w ramach rejsu zaproponuje szkolenie, spotkanie naukowe.&nbsp;<\/p>\n\n\n\n<p>O ufundowanie nagr\u00f3d dla uczestnik\u00f3w poprosili\u015bmy , jak co roku firm\u0119 Bi-Es Uroda w Kamieniu oraz wydawnictwa Wolters Kluwer i Beck , Firm\u0119 Dominik Pawlikowski ,Starostwo Powiatowe w I\u0142awie , Burmistrza Miasta I\u0142awy oraz W\u00f3jta Gminy I\u0142awa&nbsp; oraz Pana Marcina Deutera, przedstawiciela firmy produkuj\u0105cej obuwie sportowe.<\/p>\n\n\n\n<p>Za przeprowadzenie rejsu odpowiedzialni s\u0105:<\/p>\n\n\n\n<p>&#8211; adw. Andrzej Kozielski \u2013 Przewodnicz\u0105cy Komitetu Organizacyjnego<br>&#8211; adw. Jerzy Dobrza\u0144ski \u2013 v-ce Dziekan ORA Olsztyn<br>&#8211; adw. Marek Skrzeczkowski<br>&#8211; adw. Marlena Ma\u0107kowska<br>&#8211; Andrzej Szydzik, Dyrektor Sportowy, odpowiedzialny za organizacje i przeprowadzenie regat\u00a0\u00a0 oraz imprez sportowych<\/p>\n\n\n\n<p><strong>Rejs Adwokacki odb\u0119dzie si\u0119 w dniach&nbsp; 06-09 czerwca 2024r<\/strong><\/p>\n\n\n\n<p>Koszt uczestnictwa w wysoko\u015bci,&nbsp; od adwokata \u2013 700 z\u0142, a od aplikanta adwokackiego 500 z\u0142.&nbsp; \/ wpisowe p\u0142atne na rachunek bankowy , adwokata Andrzeja Kozielskiego, nr. konta 77 1240 1604 1111 0000 1378 6643&nbsp; z dopiskiem \u201eRejs Adwokacki 2024\u201d&nbsp; w nieprzekraczalnym terminie do dnia&nbsp;<strong>31 maja 2024r&nbsp;<\/strong>, dow\u00f3d wp\u0142aty&nbsp; wraz ze zg\u0142oszeniem, kt\u00f3re nale\u017cy pobra\u0107 ze strony ORA Olsztyn , najlepiej mailowo przes\u0142a\u0107&nbsp; na adres&nbsp;&nbsp;<a href=\"mailto:ora.olsztyn@adwokatura.pl\">ora.olsztyn@adwokatura.pl<\/a>&nbsp;, lub poczt\u0105 na adres ORA w Olsztynie ul. B. Linki \u00be, 10-534 Olsztyn&nbsp; z podaniem dok\u0142adnych personali\u00f3w , adresu zamieszkania i PESEL oraz danych sternika jachtu na kt\u00f3rym b\u0119dzie uczestnik p\u0142ywa\u0142.<\/p>\n\n\n\n<p>( niezb\u0119dne dane do ubezpieczenia, osoby kt\u00f3re nie podadz\u0105 danych , nie b\u0119d\u0105 korzysta\u0142y z ubezpieczenia).<\/p>\n\n\n\n<p>W przypadku rezygnacji z udzia\u0142u w Rejsie po dniu 31 maja 2024r roku wpisowe nie b\u0119dzie zwracane ).<\/p>\n\n\n\n<p>W ramach dokonanej wp\u0142aty organizatorzy zapewniaj\u0105 ca\u0142odzienne wy\u017cywienie ,&nbsp; udzia\u0142 w imprezach towarzyskich, Balu Komandorskiego, ubezpieczenie NW ,ochron\u0119 uczestnik\u00f3w regat, puchary i nagrody za udzia\u0142 w regatach, rozgrywkach sportowych, op\u0142aty za cumowanie oraz koszulki&nbsp; i pami\u0105tki z rejsu.<\/p>\n\n\n\n<p>\u00a0Za\u0142ogi dokonuj\u0105 rezerwacji jacht\u00f3w we w\u0142asnym zakresie tak jak by\u0142o to praktykowane dotychczas. Wszelkie rozliczenia ,kaucje , p\u0142atne bezpo\u015brednio do r\u0105k wynajmuj\u0105cego lub na wskazane przez niego konto. Prosimy o dokonywanie rezerwacji\u00a0 w wybranych przez Pa\u0144stwa przystaniach jachtowych. W zwi\u0105zku z faktem ,i\u017c nie ma mo\u017cliwo\u015bci ubezpieczenia od OC sternik\u00f3w , wskazanym by by\u0142o wynajmowanie \u0142odzi, kt\u00f3re posiadaj\u0105 ubezpieczenie OC. Organizatorzy maj\u0105 gor\u0105c\u0105 pro\u015bb\u0119 do uczestnik\u00f3w rejsu, aby wynaj\u0119te jachty by\u0142y zwracane w\u0142a\u015bcicielom w nienagannym stanie. Niestety dotychczas w wielu przypadkach by\u0142y zastrze\u017cenia co do stanu zwracanych jacht\u00f3w.<\/p>\n\n\n\n<p>W I\u0142awie funkcjonuje du\u017co wypo\u017cyczalni, kt\u00f3re mog\u0105 wynaj\u0105\u0107 jachty za po\u015brednictwem internetu.<\/p>\n\n\n\n<p>W przypadku problem\u00f3w z wynaj\u0119ciem jacht\u00f3w prosz\u0119 o kontaktowanie si\u0119 z&nbsp; adw. Markiem Skrzeczkowskim (tel.509 -317-&nbsp;990 )&nbsp; , Andrzejem Szydzikiem&nbsp; ,( tel. 502-090-893), adw. Wojciechem Kozielskim ( tel. 667-935-300), adw. Maciejem Skrzeczkowskim ( tel. 609-843-248) oraz adw. Andrzejem Kozielskim ( tel. 603-773-222).<\/p>\n\n\n\n<p>Ka\u017cdy z uczestnik\u00f3w rejsu powinien posiada\u0107 indywidualny sprz\u0119t ratunkowy (kamizelk\u0119 lub pas ratunkowy), z wa\u017cnym atestem upowa\u017cnionego podmiotu ,zgodnie z Rozporz\u0105dzeniem Ministra Infrastruktury z dnia 5 listopada 2010 roku w sprawie wymaga\u0144 technicznych i wyposa\u017cenia statk\u00f3w \u017ceglugi \u015br\u00f3dl\u0105dowej oraz upowa\u017cnienia podmiot\u00f3w do wykonywania przegl\u0105d\u00f3w technicznych statk\u00f3w (Dz.U. z 2010 roku Nr 216 poz.1423 ).<\/p>\n\n\n\n<p>Za bezpiecze\u0144stwo za\u0142ogant\u00f3w na wodzie odpowiada sternik \u0142odzi ,&nbsp; kt\u00f3ry powinien dostosowa\u0107 si\u0119 do&nbsp; obowi\u0105zuj\u0105cych przepis\u00f3w bezpiecze\u0144stwa na wodzie&nbsp; oraz regulaminu Rejsu i Organizatora Regat.<\/p>\n\n\n\n<p>Rejs i organizowane w jego ramach regaty oraz imprezy sportowe&nbsp; poprowadzi Dyrektor Rejsu&nbsp; Andrzej Szydzik .&nbsp;&nbsp;&nbsp;&nbsp;&nbsp;&nbsp;&nbsp;&nbsp;<\/p>\n\n\n\n<p><strong>PLAN REJSU :<\/strong><\/p>\n\n\n\n<p><strong>05 czerwca 2024 &nbsp;<\/strong>(\u015broda) &nbsp;&nbsp;&nbsp;uczestnicy rejsu&nbsp; indywidualnie pobieraj\u0105 wyczarterowane jachty i przygotowuj\u0105 si\u0119 do rejsu i regat na przystaniach z kt\u00f3rych pobieraj\u0105 sprz\u0119t. W przypadku braku takiej mo\u017cliwo\u015bci, uczestnicy rejsu b\u0119d\u0105 mogli w ograniczonym zakresie korzysta\u0107 z urz\u0105dze\u0144 Portu I\u0142awa , cumuj\u0105c jachty w Porcie I\u0142awa&nbsp; w dniu&nbsp; 5.06\/6.06.204r . O konieczno\u015bci&nbsp; mo\u017cliwo\u015bci skorzystania z urz\u0105dze\u0144 Portu prosz\u0119 o kontakt bezpo\u015brednio z Przewodnicz\u0105cym Komitetu Organizacyjnego , adw. Andrzejem Kozielskim ( tel. 603-773-222).<\/p>\n\n\n\n<p>&nbsp;<strong>Zakwaterowanie w czasie ca\u0142ego rejsu uczestnicy organizuj\u0105 sobie we w\u0142asnym zakresie.<\/strong><\/p>\n\n\n\n<p><strong>0 6czerwca 2024<\/strong>&nbsp;(czwartek ) uczestnicy przybywaj\u0105 do&nbsp;<strong>Portu I\u0142awa<\/strong>&nbsp; przy ul. Chodkiewicza 5 (&nbsp;<strong>Uwaga! Prosz\u0119 nie pomyli\u0107 z Portem 110<\/strong>) , gdzie b\u0119dzie baza rejsu i zorganizowane biuro rejsu .<\/p>\n\n\n\n<p>godz. 10.00- powitanie uczestnik\u00f3w rejsu ( kawa, herbata, pocz\u0119stunek)<\/p>\n\n\n\n<p>godz. 11.00 odprawa sternik\u00f3w oraz wydawanie koszulek rejsowych i pami\u0105tek z rejsu, zwi\u0105zanych z naszym regionem.<\/p>\n\n\n\n<p>godz. 12.00 wyp\u0142ywanie indywidualnie jacht\u00f3w do Ja\u017ad\u017a\u00f3wek &#8211;&nbsp; Mazurskie Centrum Wypoczynku Gerczak, zwiedzanie Jezioraka.<\/p>\n\n\n\n<p>godz. 16.00-17.00&nbsp; ciep\u0142y posi\u0142ek w o\u015brodku Gerczak w&nbsp; Ja\u017ad\u017a\u00f3wkach,<\/p>\n\n\n\n<p>godz. 18.00 -20.00\u2013 zawody sportowe : mecz pi\u0142ki no\u017cnej,&nbsp; mecz pi\u0142ki siatkowej , tenis ziemny kobiety i m\u0119\u017cczyzn, zawody w\u0119dkarskie &nbsp;&nbsp;dla ch\u0119tnych ( sprz\u0119t w\u0119dkarski w\u0142asny)&nbsp;&nbsp;&nbsp; &nbsp;&nbsp;&nbsp;&nbsp;&nbsp;&nbsp;&nbsp;&nbsp;&nbsp;&nbsp;&nbsp;<\/p>\n\n\n\n<p>Godz. 20.00 kolacja grillowa<\/p>\n\n\n\n<p>godz. 21.00, Bal Komandorski, &nbsp;pozostaniemy w klimacie \u017ceglarskim &nbsp;i biesiadnym-&nbsp; wyst\u0119p zespo\u0142u szantowego \u201eSztywny Rumpel\u201d<\/p>\n\n\n\n<p>Uwaga \u2013istnieje mo\u017cliwo\u015b\u0107 dokonania rezerwacji pokoi &nbsp;na w\u0142asny koszt&nbsp; w Centrum Wypoczynku Gerczak w Ja\u017cd\u017c\u00f3wkach nr kontaktowy 662-227-843, z podaniem informacji o udziale w rejsie adres&nbsp; mail:&nbsp;<a href=\"mailto:biuro@mcawgerczak.pl\">biuro@mcawgerczak.pl<\/a><\/p>\n\n\n\n<p><strong>07 czerwca 2024 ( pi\u0105tek)<\/strong><\/p>\n\n\n\n<p>Dzie\u0144 rozpoczniemy \u015bniadaniem w godzinach 9-11.-<\/p>\n\n\n\n<p>godz. 12.00- odb\u0119dzie si\u0119&nbsp; odprawa sternik\u00f3w &nbsp;&#8211; (pierwszy etap regat)<\/p>\n\n\n\n<p>godz.12.30 \u2013regaty &#8211; (pierwszy etap), regaty w okolicach Ja\u017cd\u017c\u00f3wek<\/p>\n\n\n\n<p>godz. 16.00-17.00 przybywamy do portu w Ja\u017cd\u017c\u00f3wkach &#8211; ciep\u0142y posi\u0142ek, degustacja w\u0119dzonych ryb \u015bwie\u017ca w\u0119dzona sielawa .<\/p>\n\n\n\n<p>godz. 20.00 kolacja grillowa , dyskoteka, kt\u00f3r\u0105 poprowadzi wieloletni nasz przyjaciel Leszek Teofilak.&nbsp;<\/p>\n\n\n\n<p><strong>8 czerwca 2024 ( sobota ) Ja\u017cd\u017c\u00f3wki &#8211; Sarn\u00f3wek<\/strong><\/p>\n\n\n\n<p>w godz.8-10- \u015bniadanie<\/p>\n\n\n\n<p>godz. 11.00 odprawa sternik\u00f3w<\/p>\n\n\n\n<p>godz.11.30 \u2013regaty (drugi etap ),&nbsp; regaty d\u0142ugodystansowe na trasie Ja\u017cd\u017c\u00f3wki \u2013 Wyspy Gerczaki- Sarn\u00f3wek<\/p>\n\n\n\n<p>godz. 16\u201317 przyp\u0142ywamy do portu w Sarn\u00f3wku- O\u015brodek telewizji Polskiej , gdzie czeka na nas ciep\u0142y posi\u0142ek<\/p>\n\n\n\n<p>godz. 19-20&nbsp; wyst\u0105pienie Pana Prezesa Biblioteki NRA , adw. Andrzeja Zwary, og\u0142oszenie wynik\u00f3w regat oraz zawod\u00f3w sportowych , wr\u0119czenie puchar\u00f3w i nagr\u00f3d, wybory najbardziej wszechstronnego uczestnika rejsu &nbsp;i najsympatyczniejszej&nbsp; uczestniczki&nbsp; , kolacja grillowa, &nbsp;wyst\u0119p zespo\u0142u muzycznego ,zako\u0144czenie XXXII Rejsu Adwokackiego.<\/p>\n\n\n\n<p>UWAGA! Jest mo\u017cliwo\u015b\u0107 dokonania rezerwacji pokoi, na w\u0142asny koszt, w O\u015brodku Telewizji Polskiej w&nbsp; Sarn\u00f3wku , numer kontaktowy :786-886-408&nbsp; e-mail :&nbsp;<a href=\"mailto:sarnowek@tvp.pl\">sarnowek@tvp.pl<\/a>&nbsp;&nbsp;&nbsp;&nbsp;&nbsp;&nbsp;&nbsp;&nbsp;&nbsp;&nbsp;&nbsp;&nbsp;&nbsp;&nbsp;&nbsp;&nbsp;&nbsp;&nbsp;&nbsp;&nbsp;&nbsp;&nbsp;&nbsp;&nbsp;&nbsp;&nbsp;&nbsp;&nbsp;&nbsp;&nbsp;&nbsp;&nbsp;&nbsp;&nbsp;&nbsp;&nbsp;&nbsp;&nbsp;&nbsp;&nbsp;&nbsp;&nbsp;&nbsp;&nbsp;&nbsp;&nbsp;&nbsp;&nbsp;&nbsp;&nbsp;&nbsp;&nbsp;&nbsp;&nbsp;&nbsp;&nbsp;&nbsp;&nbsp;&nbsp;&nbsp;&nbsp;&nbsp;&nbsp;&nbsp;&nbsp;&nbsp;&nbsp;&nbsp;&nbsp;&nbsp;&nbsp;&nbsp;&nbsp;&nbsp;&nbsp;&nbsp;&nbsp;&nbsp;&nbsp;&nbsp;&nbsp;&nbsp;&nbsp;&nbsp;&nbsp;&nbsp;&nbsp;&nbsp;&nbsp;&nbsp;&nbsp;&nbsp;&nbsp;&nbsp;&nbsp;&nbsp;&nbsp;&nbsp;&nbsp;&nbsp;&nbsp;&nbsp;&nbsp;&nbsp;&nbsp;&nbsp;&nbsp;&nbsp;&nbsp;&nbsp;&nbsp;<\/p>\n\n\n\n<p><strong>09 czerwca 2024r<\/strong><strong>&nbsp;( niedziela)<\/strong><\/p>\n\n\n\n<p>w godz.8.00-10.00 \u015bniadanie i indywidualny powr\u00f3t do I\u0142awy .<\/p>\n\n\n\n<p>\u017byczymy wszystkim uczestnikom pomy\u015blnych wiatr\u00f3w oraz niezapomnianych wra\u017ce\u0144 z Jezioraka.<br><em>Przewodnicz\u0105cy Komitetu Organizacyjnego<\/em><br><em>adw. Andrzej Kozielski<\/em><br><em>Dziekan ORA<\/em><br><em>adw. Stefan Salamon<\/em><\/p>\n\n\n<div class=\"zalaczniki\">\n    \n    <div class=\"zalaczniki__wrap\">\n                        <div class=\"zalaczniki__single\">\n                <div class=\"zalaczniki__first\">\n                    <p class=\"zalaczniki__title\">\n                                            <\/p>\n                    <p class=\"zalaczniki__file-name\">\n                                                    zgloszenie_druk_2024.doc                                            <\/p>\n                <\/div>\n                <div class=\"zalaczniki__middle\">\n                                        <a href=\"https:\/\/adwokatura.krakow.pl\/adwokaci-i-aplikanci\/wp-content\/uploads\/sites\/2\/2024\/04\/zgloszenie_druk_2024.doc\">Zobacz plik<\/a>\n                                    <\/div>\n                <div class=\"zalaczniki__last\">\n                                        <a download href=\"https:\/\/adwokatura.krakow.pl\/adwokaci-i-aplikanci\/wp-content\/uploads\/sites\/2\/2024\/04\/zgloszenie_druk_2024.doc\">\n                            <img decoding=\"async\" src=\"https:\/\/adwokatura.krakow.pl\/adwokaci-i-aplikanci\/wp-content\/themes\/kia\/dist\/images\/download.svg\" alt=\"download\">\n                        <\/a>\n                                    <\/div>\n               \n            <\/div>\n                <\/div>\n<\/div>","protected":false},"template":"","meta":{"_acf_changed":false,"inline_featured_image":false},"class_list":["post-3569","kalendarium","type-kalendarium","status-publish","hentry"],"acf":[],"_links":{"self":[{"href":"https:\/\/adwokatura.krakow.pl\/adwokaci-i-aplikanci\/wp-json\/wp\/v2\/kalendarium\/3569","targetHints":{"allow":["GET"]}}],"collection":[{"href":"https:\/\/adwokatura.krakow.pl\/adwokaci-i-aplikanci\/wp-json\/wp\/v2\/kalendarium"}],"about":[{"href":"https:\/\/adwokatura.krakow.pl\/adwokaci-i-aplikanci\/wp-json\/wp\/v2\/types\/kalendarium"}],"wp:attachment":[{"href":"https:\/\/adwokatura.krakow.pl\/adwokaci-i-aplikanci\/wp-json\/wp\/v2\/media?parent=3569"}],"curies":[{"name":"wp","href":"https:\/\/api.w.org\/{rel}","templated":true}]}}