{"id":4455,"date":"2024-10-14T12:56:32","date_gmt":"2024-10-14T10:56:32","guid":{"rendered":"https:\/\/adwokatura.krakow.pl\/adwokaci-i-aplikanci\/?post_type=kalendarium&#038;p=4455"},"modified":"2024-10-14T12:56:32","modified_gmt":"2024-10-14T10:56:32","slug":"palestra-party-oraz-debata","status":"publish","type":"kalendarium","link":"https:\/\/adwokatura.krakow.pl\/adwokaci-i-aplikanci\/kalendarium\/palestra-party-oraz-debata\/","title":{"rendered":"PALESTRA\u00a0PARTY ORAZ DEBATA"},"content":{"rendered":"\n<div class=\"wp-block-columns is-layout-flex wp-container-core-columns-is-layout-9d6595d7 wp-block-columns-is-layout-flex\">\n<div class=\"wp-block-column is-layout-flow wp-block-column-is-layout-flow\">\n<figure class=\"wp-block-image size-full\"><img loading=\"lazy\" decoding=\"async\" width=\"620\" height=\"877\" src=\"https:\/\/adwokatura.krakow.pl\/adwokaci-i-aplikanci\/wp-content\/uploads\/sites\/2\/2024\/09\/tmp66ec517f044001-1.png\" alt=\"\" class=\"wp-image-4457\" srcset=\"https:\/\/adwokatura.krakow.pl\/adwokaci-i-aplikanci\/wp-content\/uploads\/sites\/2\/2024\/09\/tmp66ec517f044001-1.png 620w, https:\/\/adwokatura.krakow.pl\/adwokaci-i-aplikanci\/wp-content\/uploads\/sites\/2\/2024\/09\/tmp66ec517f044001-1-212x300.png 212w\" sizes=\"auto, (max-width: 620px) 100vw, 620px\" \/><\/figure>\n<\/div>\n\n\n\n<div class=\"wp-block-column is-layout-flow wp-block-column-is-layout-flow\">\n<figure class=\"wp-block-image size-full\"><img loading=\"lazy\" decoding=\"async\" width=\"620\" height=\"877\" src=\"https:\/\/adwokatura.krakow.pl\/adwokaci-i-aplikanci\/wp-content\/uploads\/sites\/2\/2024\/09\/tmp66ec5181908b11.png\" alt=\"\" class=\"wp-image-4458\" srcset=\"https:\/\/adwokatura.krakow.pl\/adwokaci-i-aplikanci\/wp-content\/uploads\/sites\/2\/2024\/09\/tmp66ec5181908b11.png 620w, https:\/\/adwokatura.krakow.pl\/adwokaci-i-aplikanci\/wp-content\/uploads\/sites\/2\/2024\/09\/tmp66ec5181908b11-212x300.png 212w\" sizes=\"auto, (max-width: 620px) 100vw, 620px\" \/><\/figure>\n<\/div>\n<\/div>\n\n\n\n<p>Szanowni Pa\u0144stwo<br><br>W imieniu organizator\u00f3w: NRA i ORA w Krakowie zapraszamy Kole\u017canki i Koleg\u00f3w adwokat\u00f3w na dwa ekscytuj\u0105ce Wydarzenia.<br><br><strong>PALESTRA\u00a0PARTY\u00a0kt\u00f3r\u0105 poprzedzi\u00a0DEBATA\u00a0\u00a0&#8222;Praworz\u0105dno\u015b\u0107 w Polsce &#8211; rok po wyborach&#8221;.<\/strong><br><strong>Wydarzenia odb\u0119d\u0105 si\u0119 w dniu 17 pa\u017adziernika 2024 roku<br><\/strong><br><strong>18.00 \u2013 20.00 DEBATA<br>20.00\u00a0\u2013 03.00 PARTY<\/strong><br><br>miejscem spotkania b\u0119dzie <strong>MANGGHA MUZEUM SZTUKI I TECHNIKI JAPO\u0143SKIEJ<\/strong> ul. Marii Konopnickiej 26, Krak\u00f3w<br><br><strong>DEBATA pt. &#8222;Praworz\u0105dno\u015b\u0107 w Polsce rok po wyborach&#8221;<\/strong>\u00a0\u2013 wydarzenie, z udzia\u0142em wybitych autorytet\u00f3w prawniczych, kt\u00f3re z pewno\u015bci\u0105 b\u0119dzie interesuj\u0105ce dla ka\u017cdego prawnika, zw\u0142aszcza w kontek\u015bcie aktualnych wydarze\u0144 politycznych i spo\u0142ecznych zachodz\u0105cych w Polsce.<br><br><strong>PALESTRA\u00a0PARTY<\/strong> \u2013 od godziny 20.00 zapraszamy na fantastyczn\u0105 imprez\u0119, kt\u00f3ra b\u0119dzie okazj\u0105 do relaksu, dobrej zabawy i integracji. Zaplanowano specjalne atrakcje muzyczne i nie tylko a show zapewni DJ Stochalski, dzi\u0119ki czemu mo\u017cemy spodziewa\u0107 si\u0119 \u015bwietnej atmosfery i szampa\u0144skiej zabawy do bia\u0142ego rana.<br><br>Nie przegapcie tego wyj\u0105tkowego wydarzenia, kt\u00f3re \u0142\u0105czy w sobie intelektualn\u0105 debat\u0119 i \u015bwietn\u0105 przygod\u0119!<br><br>Debata\u00a0oraz\u00a0Palestra Party\u00a0b\u0119d\u0105 wst\u0119pem do organizowanych w dniach 18-20 pa\u017adziernika 2024 roku XIII Dni Kultury Adwokatury Polskiej.<br><br><em>W wydarzeniu uczestniczy\u0107 b\u0119d\u0105 adwokaci z ca\u0142ej Polski oraz zaproszeni Go\u015bcie, w tym z zagranicy reprezentuj\u0105cy zaprzyja\u017anione izby adwokackie, a tak\u017ce przedstawiciele Federacji Adwokatur Europejskich FBE i UIA. W\u015br\u00f3d zaproszonych b\u0119d\u0105 r\u00f3wnie\u017c cz\u0142onkowie w\u0142adz samorz\u0105dowych, samorz\u0105d\u00f3w zawodowych oraz organizacji pozarz\u0105dowych.<\/em><br><\/p>\n\n\n\n<p><strong>ILE TO KOSZTUJE?:<\/strong><br>cena biletu 250 z\u0142 dla adwokat\u00f3w od osoby (debata\/szkolenie oraz Palestra Party**)<br>299 z\u0142 dla go\u015bci spoza adwokatury<br>aplikanci adwokaccy KIA ponosz\u0105 koszt na odr\u0119bnych zasadach<br><br><strong>CO W PAKIECIE?:<\/strong><br>\u2013\u00a0III Debata pt. Praworz\u0105dno\u015b\u0107 w Polsce \u2013 Rok po wyborach,<br>\u2013\u00a0Mo\u017cliwo\u015b\u0107 obejrzenia wystawy sta\u0142ej Muzeum Manggha,<br>\u2013\u00a0Palestra Party \u2013 a w niej:<br><em>\u2013 kolacja (menu w formie bufetu) \u2013 przek\u0105ski, s\u0142odko\u015bci, soki i napoje &#8211; stacja piwo, wino, w\u0142oskie frizzante, aperol w formie open bar (argenty\u0144skie wina od Michela Torino z apelacji Cafayete, Malbec i Torrontes tak\u017ce wino bezalkoholowe, piwo rzemie\u015blnicze z Browaru Trzy Korony, tak\u017ce bezalkoholowe,<\/em><br><em>\u2013 zabawa przy muzyce DJ Stochalski, live violin oraz wiele innych atrakcji.<\/em><br><em>\u2013 poza cen\u0105 biletu b\u0119d\u0105 dost\u0119pne drinki \u2013 w preferencyjnych cenac<\/em>h.<br><br><strong>PALESTRA PARTY DRESS CODE\u00a0COCTAIL\u00a0ATTIRE<\/strong><\/p>\n\n\n\n<p><br><em>Wp\u0142at nale\u017cy dokonywa\u0107 na konto Okr\u0119gowej Rady Adwokackiej w Krakowie:<br>65 1050 1445 1000 0090 3043 5714<br>tytu\u0142em: imi\u0119, nazwisko, Manghha \u2013 szkolenie<\/em><br><br><strong>WP\u0141ATA R\u00d3WNOZNACZNA JEST Z ZAPISEM NA WYDARZENIE<br>W TERMINIE DO 30 WRZE\u015aNIA 2024 ROKU<\/strong><br><br>ILO\u015a\u0106 MIEJSC OGRANICZONA \ud83d\ude42<br>Debata\/szkolenie oraz Palestra Party stanowi\u0105 jedno wydarzenie<\/p>\n\n\n\n<p>________________________________________________________________________________________<\/p>\n\n\n\n<p><em>Maj\u0105c na uwadze w jak trudnej sytuacji \u017cyciowej znalaz\u0142o si\u0119 wielu obywateli naszego kraju w tym aplikant\u00f3w i adwokat\u00f3w z zaprzyja\u017anionych Izb adwokackich, wskutek powodzi jaka dotkn\u0119\u0142a po\u0142udniowo-zachodni\u0105 cz\u0119\u015b\u0107 Polski, postanowili\u015bmy po\u0142\u0105czy\u0107 si\u0142y i wesprze\u0107 tych, kt\u00f3rzy tego najbardziej potrzebuj\u0105.<br><br>Organizujemy zbi\u00f3rk\u0119 charytatywn\u0105 dla Izb Opolskiej i Wa\u0142brzyskiej, kt\u00f3ra odbywa\u0107 si\u0119 b\u0119dzie r\u00f3wnie\u017c podczas Wydarze\u0144 zaplanowanych na 17 pa\u017adziernika br.<br>Wierzymy, \u017ce wsp\u00f3lnie mo\u017cemy zrobi\u0107 co\u015b dobrego.<br>Podczas imprezy b\u0119dzie mo\u017cna wrzuca\u0107 datki do specjalnie przygotowanych puszek.\u00a0<br>niezale\u017cnie wp\u0142at mo\u017cna dokonywa\u0107 na\u00a0 konta Izb:<br><br><strong>OPOLE<\/strong><br>Zbi\u00f3rka \u015brodk\u00f3w dla Adwokat\u00f3w i Aplikant\u00f3w adwokackich z opolskiej Izby dotkni\u0119tych kl\u0119sk\u0105 powodzi. B\u0105d\u017amy solidarni<br>Wp\u0142at mo\u017cna dokonywa\u0107: poprzez<br>Zrzutk\u0119\u00a0<a href=\"https:\/\/zrzutka.pl\/a47e68\" target=\"_blank\" rel=\"noreferrer noopener\">https:\/\/zrzutka.pl\/a47e68<\/a><br>na rachunek bankowy Fundacji Adwokatury Opolskiej,<br>adres: ul. Gen. J\u00f3zefa Dwernickiego 1\/1, 45-049 Opole,<br>KRS: 0000886802<br>prowadzony w mBank S.A. o numerze: 65 1140 1788 0000 2826 9600 1001. Dopisek: \u201ePOW\u00d3D\u0179\u201d.<br><br><strong>Wa\u0142brzych<\/strong><br>nr rachunku bankowego ORA w Wa\u0142brzychu:<br>89 1050 1908 1000 0023 2534 4238<br>z dopiskiem &#8222;pomoc powodzianom&#8221;.<\/em><\/p>\n","protected":false},"template":"","meta":{"_acf_changed":false,"inline_featured_image":false},"class_list":["post-4455","kalendarium","type-kalendarium","status-publish","hentry"],"acf":[],"_links":{"self":[{"href":"https:\/\/adwokatura.krakow.pl\/adwokaci-i-aplikanci\/wp-json\/wp\/v2\/kalendarium\/4455","targetHints":{"allow":["GET"]}}],"collection":[{"href":"https:\/\/adwokatura.krakow.pl\/adwokaci-i-aplikanci\/wp-json\/wp\/v2\/kalendarium"}],"about":[{"href":"https:\/\/adwokatura.krakow.pl\/adwokaci-i-aplikanci\/wp-json\/wp\/v2\/types\/kalendarium"}],"wp:attachment":[{"href":"https:\/\/adwokatura.krakow.pl\/adwokaci-i-aplikanci\/wp-json\/wp\/v2\/media?parent=4455"}],"curies":[{"name":"wp","href":"https:\/\/api.w.org\/{rel}","templated":true}]}}