{"id":4491,"date":"2024-09-27T10:07:14","date_gmt":"2024-09-27T08:07:14","guid":{"rendered":"https:\/\/adwokatura.krakow.pl\/adwokaci-i-aplikanci\/?post_type=kalendarium&#038;p=4491"},"modified":"2024-10-07T13:25:31","modified_gmt":"2024-10-07T11:25:31","slug":"xiii-dni-kultury-adwokatury-polskiej","status":"publish","type":"kalendarium","link":"https:\/\/adwokatura.krakow.pl\/adwokaci-i-aplikanci\/kalendarium\/xiii-dni-kultury-adwokatury-polskiej\/","title":{"rendered":"XIII DNI KULTURY ADWOKATURY POLSKIEJ"},"content":{"rendered":"\n<p class=\"has-text-align-center\"><strong>W zwi\u0105zku z XIII DKA w Krakowie\u00a0informujemy o mo\u017cliwo\u015bci rezerwacji nocleg\u00f3w w Hotelu Alef &#8211; dzi\u0119ki mec. Stanis\u0142awowi Estreich, gdzie\u00a0pozosta\u0142y jeszcze ostatnie wolne pokoje z cen\u0105 dla Pa\u0144stwa:) na has\u0142o Adwokatura<\/strong><\/p>\n\n\n\n<div class=\"wp-block-columns is-layout-flex wp-container-core-columns-is-layout-9d6595d7 wp-block-columns-is-layout-flex\">\n<div class=\"wp-block-column is-layout-flow wp-block-column-is-layout-flow\">\n<figure class=\"wp-block-image size-full\"><img loading=\"lazy\" decoding=\"async\" width=\"556\" height=\"787\" src=\"https:\/\/adwokatura.krakow.pl\/adwokaci-i-aplikanci\/wp-content\/uploads\/sites\/2\/2024\/09\/1-2.png\" alt=\"\" class=\"wp-image-4492\" srcset=\"https:\/\/adwokatura.krakow.pl\/adwokaci-i-aplikanci\/wp-content\/uploads\/sites\/2\/2024\/09\/1-2.png 556w, https:\/\/adwokatura.krakow.pl\/adwokaci-i-aplikanci\/wp-content\/uploads\/sites\/2\/2024\/09\/1-2-212x300.png 212w\" sizes=\"auto, (max-width: 556px) 100vw, 556px\" \/><\/figure>\n<\/div>\n\n\n\n<div class=\"wp-block-column is-layout-flow wp-block-column-is-layout-flow\">\n<figure class=\"wp-block-image size-full\"><img loading=\"lazy\" decoding=\"async\" width=\"556\" height=\"787\" src=\"https:\/\/adwokatura.krakow.pl\/adwokaci-i-aplikanci\/wp-content\/uploads\/sites\/2\/2024\/09\/2.png\" alt=\"\" class=\"wp-image-4493\" srcset=\"https:\/\/adwokatura.krakow.pl\/adwokaci-i-aplikanci\/wp-content\/uploads\/sites\/2\/2024\/09\/2.png 556w, https:\/\/adwokatura.krakow.pl\/adwokaci-i-aplikanci\/wp-content\/uploads\/sites\/2\/2024\/09\/2-212x300.png 212w\" sizes=\"auto, (max-width: 556px) 100vw, 556px\" \/><\/figure>\n<\/div>\n<\/div>\n\n\n\n<p class=\"has-text-align-center\"><strong>Szanowni Cz\u0142onkowie Izby Adwokackich w Krakowie<\/strong><\/p>\n\n\n\n<p class=\"has-text-align-center\">Komisja Integracji \u015arodowiskowej, Kultury, Sportu i Turystyki NRA<br><strong>i Przewodnicz\u0105cy adwokat Stanis\u0142aw Estreich<\/strong><br><strong>adwokat Stanis\u0142aw K\u0142ys \u2013 NRA<\/strong><br><strong>Krakowska Izba Adwokacka<\/strong><br>zapraszaj\u0105 na<br><br><strong>XIII DNI KULTURY ADWOKATURY POLSKIEJ KRAK\u00d3W,<br>18-20 pa\u017adziernika 2024<\/strong><\/p>\n\n\n\n<figure class=\"wp-block-table\"><table><tbody><tr><th class=\"has-text-align-left\" data-align=\"left\">PROGRAM XIII DKA W KRAKOWIE:<br><br>PI\u0104TEK | 18.10<strong><br><br><\/strong>11:00 &#8211;&nbsp;<strong>zwiedzanie Krakowa oraz spotkanie w siedzibie Towarzystwie Mi\u0142o\u015bnik\u00f3w Historii i Zabytk\u00f3w Krakowa ul. \u015aw. Jana 12 Spotkanie z prof. Jackiem Purchl\u0105 Prezesem Towarzystwa i by\u0107 mo\u017ce kr\u00f3tki koncert.<\/strong><br>19:00 &#8211;&nbsp;<strong>Spektakl w Teatrze Variete. *(limit bilet\u00f3w) Premiera, kt\u00f3ra posz\u0142a nie tak<\/strong><br><br><strong><em>*&nbsp;wydarzenie z ograniczon\u0105 liczb\u0105 miejsc oraz op\u0142at\u0105 w kwocie 90 z\u0142 \/osoba.<\/em><br><em>**Osoby, kt\u00f3re zostan\u0105 zapisane na wydarzenie otrzymaj\u0105 e-mail z informacj\u0105 o konieczno\u015bci dokonania p\u0142atno\u015bci na konto ORA w Krakowie<\/em><\/strong><em><br>65 1050 1445 1000 0090 3043 5714<br>tytu\u0142em: imi\u0119, nazwisko, spektakl<strong><br><br><br><\/strong>SOBOTA | 19.10<br><br>9:30-10:00 &#8211;&nbsp;<strong>wyjazd do Ojcowa: Park Narodowy i Zamek w Pieskowej Skale po\u0142\u0105czony z wystaw\u0105 firmowan\u0105 przez Muzeum Wawelskie. Powr\u00f3t oko\u0142o 17:00.<\/strong><br><br><strong>*&nbsp;wydarzenie z ograniczon\u0105 liczb\u0105 miejsc oraz przedp\u0142at\u0105 w kwocie 30 z\u0142 \/osoba. \u2013 pe\u0142na kwota podana zostanie dw. Po zako\u0144czeniu zapis\u00f3w<br>**Osoby, kt\u00f3re zostan\u0105 zapisane na wydarzenie otrzymaj\u0105 e-mail z informacj\u0105 o konieczno\u015bci dokonania p\u0142atno\u015bci na konto ORA w Krakowie<\/strong><br>65 1050 1445 1000 0090 3043 5714<br>tytu\u0142em: imi\u0119, nazwisko, Ojc\u00f3w<strong><br><\/strong><br>20:00 &#8211;&nbsp;<strong>Kabaret Piwnica pod Baranami<br>*&nbsp;wydarzenie z ograniczon\u0105 liczb\u0105 miejsc 70 \u2013 decyduje kolejno\u015b\u0107 zg\u0142osze\u0144. Potwierdzeniem b\u0119dzie e-mail zwrotny z ORA Krak\u00f3w \u2013 nie jest wysy\u0142any automatycznie<\/strong><br><br>NIEDZIELA | 20.10<strong><br><\/strong><br>10:00 &#8211;&nbsp;<strong>Msza \u015awi\u0119ta w intencji Adwokatury Polskiej odprawiana przez Infu\u0142ata ks. dr. Dariusza Rasia z Bazyliki Mariackiej<\/strong><br><\/em><\/th><\/tr><\/tbody><\/table><\/figure>\n\n\n<a class=\"button button--zielony-ze-strzalka\" href=\"https:\/\/docs.google.com\/forms\/d\/e\/1FAIpQLScs_ukkfWSbKT-KJzDPRwMpXxjfOwalMEKgg6ByKkyaVSEAAA\/viewform\">\n        FORMULARZ ZG\u0141OSZE\u0143<\/a>\n","protected":false},"template":"","meta":{"_acf_changed":false,"inline_featured_image":false},"class_list":["post-4491","kalendarium","type-kalendarium","status-publish","hentry"],"acf":[],"_links":{"self":[{"href":"https:\/\/adwokatura.krakow.pl\/adwokaci-i-aplikanci\/wp-json\/wp\/v2\/kalendarium\/4491","targetHints":{"allow":["GET"]}}],"collection":[{"href":"https:\/\/adwokatura.krakow.pl\/adwokaci-i-aplikanci\/wp-json\/wp\/v2\/kalendarium"}],"about":[{"href":"https:\/\/adwokatura.krakow.pl\/adwokaci-i-aplikanci\/wp-json\/wp\/v2\/types\/kalendarium"}],"wp:attachment":[{"href":"https:\/\/adwokatura.krakow.pl\/adwokaci-i-aplikanci\/wp-json\/wp\/v2\/media?parent=4491"}],"curies":[{"name":"wp","href":"https:\/\/api.w.org\/{rel}","templated":true}]}}