{"id":5012,"date":"2024-10-30T13:27:42","date_gmt":"2024-10-30T12:27:42","guid":{"rendered":"https:\/\/adwokatura.krakow.pl\/adwokaci-i-aplikanci\/?post_type=kalendarium&#038;p=5012"},"modified":"2024-10-30T13:28:51","modified_gmt":"2024-10-30T12:28:51","slug":"spotkanie-ze-sw-mikolajem","status":"publish","type":"kalendarium","link":"https:\/\/adwokatura.krakow.pl\/adwokaci-i-aplikanci\/kalendarium\/spotkanie-ze-sw-mikolajem\/","title":{"rendered":"Spotkanie ze \u015bw. Miko\u0142ajem"},"content":{"rendered":"\n<figure class=\"wp-block-image size-full is-resized\"><img loading=\"lazy\" decoding=\"async\" width=\"620\" height=\"867\" src=\"https:\/\/adwokatura.krakow.pl\/adwokaci-i-aplikanci\/wp-content\/uploads\/sites\/2\/2024\/10\/dsds.png\" alt=\"\" class=\"wp-image-5013\" style=\"width:400px;height:auto\" srcset=\"https:\/\/adwokatura.krakow.pl\/adwokaci-i-aplikanci\/wp-content\/uploads\/sites\/2\/2024\/10\/dsds.png 620w, https:\/\/adwokatura.krakow.pl\/adwokaci-i-aplikanci\/wp-content\/uploads\/sites\/2\/2024\/10\/dsds-215x300.png 215w\" sizes=\"auto, (max-width: 620px) 100vw, 620px\" \/><\/figure>\n\n\n\n<figure class=\"wp-block-table\"><table><tbody><tr><td>Szanowni Pa\u0144stwo,<br><br>zapraszamy do zapis\u00f3w Pa\u0144stwa pociech na spotkanie ze \u015bw. Miko\u0142ajem w dniu 5 grudnia 2024 roku.<br><br>Miejsce: Klub Adwokat\u00f3w, Batorego 17, III p. Krak\u00f3w<br><br>Start o godzinie 17:00<br><br>W tym roku przewidziane prezenty to ksi\u0105\u017ceczki oraz zabawki edukacyjne.<br><br>Koszt uczestnictwa 100 z\u0142 (p\u0142atno\u015b\u0107 tylko GOT\u00d3WK\u0104 w kasie ORA)<br><br>Na zg\u0142oszenia czekamy do 20.11.2024 r.<br><br><br>W PROGRAMIE\ud83d\ude0a<br>&#8211; zabawy ruchowe z muzyk\u0105<br>&#8211; przeci\u0105ganie liny<br>&#8211; modelowanie balon\u00f3w<br>&#8211; tor przeszk\u00f3d<br>&#8211; \u015bwi\u0105teczny quiz<br>&#8211; mini disco<br>&#8211; bitwa na \u015bnie\u017cki (plastikowe)<br>&#8211; k\u0105cik artystyczny: zawieszki \u015bwi\u0105teczne<br>&#8211; k\u0105cik artystyczny: szyszkowa choinka<br>&#8211; wizyta \u015bw. Miko\u0142aja<br><br>ZE WZGL\u0118D\u00d3W ORGANIZACYJNYCH OBOWI\u0104ZUJ\u0104 ZAPISY \u2013 DECYDUJE KOLEJNO\u015a\u0106 ZG\u0141OSZE\u0143<\/td><\/tr><\/tbody><\/table><\/figure>\n\n\n<a class=\"button button--zielony-ze-strzalka\" href=\"https:\/\/docs.google.com\/forms\/d\/1bo0F2INKptrIipMpOHbBzydWAmLdf9VSysgiHChy64Y\/viewform?edit_requested=true\">\n        ZAPISY<\/a>\n","protected":false},"template":"","meta":{"_acf_changed":false,"inline_featured_image":false},"class_list":["post-5012","kalendarium","type-kalendarium","status-publish","hentry"],"acf":[],"_links":{"self":[{"href":"https:\/\/adwokatura.krakow.pl\/adwokaci-i-aplikanci\/wp-json\/wp\/v2\/kalendarium\/5012","targetHints":{"allow":["GET"]}}],"collection":[{"href":"https:\/\/adwokatura.krakow.pl\/adwokaci-i-aplikanci\/wp-json\/wp\/v2\/kalendarium"}],"about":[{"href":"https:\/\/adwokatura.krakow.pl\/adwokaci-i-aplikanci\/wp-json\/wp\/v2\/types\/kalendarium"}],"wp:attachment":[{"href":"https:\/\/adwokatura.krakow.pl\/adwokaci-i-aplikanci\/wp-json\/wp\/v2\/media?parent=5012"}],"curies":[{"name":"wp","href":"https:\/\/api.w.org\/{rel}","templated":true}]}}