{"id":5199,"date":"2024-11-15T09:08:33","date_gmt":"2024-11-15T08:08:33","guid":{"rendered":"https:\/\/adwokatura.krakow.pl\/adwokaci-i-aplikanci\/?post_type=kalendarium&#038;p=5199"},"modified":"2024-11-15T09:08:33","modified_gmt":"2024-11-15T08:08:33","slug":"biegu-narciarskiego-o-puchar-im-adwokata-ryszarda-porzyckiego","status":"publish","type":"kalendarium","link":"https:\/\/adwokatura.krakow.pl\/adwokaci-i-aplikanci\/kalendarium\/biegu-narciarskiego-o-puchar-im-adwokata-ryszarda-porzyckiego\/","title":{"rendered":"Biegu Narciarskiego o Puchar im. adwokata Ryszarda Porzyckiego"},"content":{"rendered":"\n<p><em>motto<\/em><strong>&nbsp;&nbsp;&nbsp;&nbsp;&nbsp;&nbsp;&nbsp;&nbsp;&nbsp;&nbsp;&nbsp;&nbsp;&nbsp;&nbsp;&nbsp;&nbsp;&nbsp;&nbsp;&nbsp;&nbsp;&nbsp;&nbsp;&nbsp;&nbsp;&nbsp;&nbsp;&nbsp;&nbsp;&nbsp;&nbsp;&nbsp;&nbsp;&nbsp;&nbsp;&nbsp;&nbsp;&nbsp;&nbsp;&nbsp;&nbsp;&nbsp;&nbsp;&nbsp;&nbsp;&nbsp;&nbsp;&nbsp;&nbsp;&nbsp;&nbsp;&nbsp;&nbsp; <\/strong><em><\/em><\/p>\n\n\n\n<p><strong><em>BIEGANIE NA NARTACH JEST JEDNYM Z NAJWSPANIALSZYCH RODZAJ\u00d3W ZIMOWEJ TURYSTYKI, REKREACJI, ODPOCZYNKU NA \u015aWIE\u017bYM POWIETRZU i KONTAKTU Z NATUR\u0104. SPORTEM \u0141ATWYM, NIE URAZOWYM, ZNAKOMICIE POPRAWIAJ\u0104CYM KONDYCJ\u0118 i SAMOPOCZUCIE<\/em><\/strong><em> <strong>Przyjed\u017acie, zabierzcie bliskich, pomo\u017cemy wybra\u0107 sprz\u0119t, nauczymy podstaw techniki, wyswatamy Was z narciarstwem biegowym.<\/strong><\/em><\/p>\n\n\n\n<p>&nbsp;&nbsp;&nbsp;&nbsp;&nbsp;&nbsp;&nbsp;&nbsp; TERMIN<strong>&nbsp;&nbsp;&nbsp;&nbsp;&nbsp; 2 \u2013 6 stycznia 2025 r.<\/strong><\/p>\n\n\n\n<p>&nbsp;&nbsp;&nbsp;&nbsp;&nbsp;&nbsp;&nbsp;&nbsp; MIEJSCE&nbsp;&nbsp;&nbsp; <strong>Jakuszyce<\/strong>&nbsp; Hotel BIATHLON Sport &amp; Spa<\/p>\n\n\n\n<p>&nbsp;&nbsp;&nbsp;&nbsp;&nbsp;&nbsp;&nbsp;&nbsp; KOSZT&nbsp;&nbsp;&nbsp;&nbsp;&nbsp; <strong>1100,00 z\u0142\/osoba <\/strong>dzieci do lat 10\/600,00 z\u0142, do lat 3 bez op\u0142at<\/p>\n\n\n\n<p><strong>&nbsp;&nbsp;&nbsp;&nbsp;&nbsp;&nbsp;&nbsp;&nbsp; <\/strong>WPISOWE&nbsp;&nbsp; <strong>150 z\u0142 <\/strong>&nbsp;(<strong>udzia\u0142 w zawodach<\/strong> dla os\u00f3b spoza grona uczestnik\u00f3w)<\/p>\n\n\n\n<p>2.01.2025 <strong>czwartek<\/strong> &#8211;&nbsp; od 16.00 <strong>przyjazd<\/strong>, 19.00 \u2013 21.00 kolacja, toast noworoczny<\/p>\n\n\n\n<p>3.01.2025 <strong>pi\u0105tek<\/strong>&nbsp;&nbsp;&nbsp; od 8.00 do 9.00 \u015bniadanie<\/p>\n\n\n\n<p>&nbsp;&nbsp;&nbsp;&nbsp;&nbsp;&nbsp;&nbsp;&nbsp;&nbsp;&nbsp;&nbsp;&nbsp;&nbsp;&nbsp;&nbsp;&nbsp;&nbsp;&nbsp;&nbsp;&nbsp;&nbsp;&nbsp;&nbsp;&nbsp;&nbsp;&nbsp;&nbsp;&nbsp; 10.00 \u2013 wyj\u015bcie na narty w grupach z instruktorami<\/p>\n\n\n\n<p>&nbsp;&nbsp;&nbsp;&nbsp;&nbsp;&nbsp;&nbsp;&nbsp;&nbsp;&nbsp;&nbsp;&nbsp;&nbsp;&nbsp;&nbsp;&nbsp;&nbsp;&nbsp;&nbsp;&nbsp;&nbsp;&nbsp;&nbsp;&nbsp;&nbsp;&nbsp;&nbsp;&nbsp; 13.00 &#8211; wyj\u015bcie na narty w grupach z instruktorami<\/p>\n\n\n\n<p>&nbsp;&nbsp;&nbsp;&nbsp;&nbsp;&nbsp;&nbsp;&nbsp;&nbsp;&nbsp;&nbsp;&nbsp;&nbsp;&nbsp;&nbsp;&nbsp;&nbsp;&nbsp;&nbsp;&nbsp;&nbsp;&nbsp;&nbsp;&nbsp;&nbsp;&nbsp;&nbsp;&nbsp; 16.00 \u2013 18.00 obiad<\/p>\n\n\n\n<p>&nbsp;&nbsp;&nbsp;&nbsp;&nbsp;&nbsp;&nbsp;&nbsp;&nbsp;&nbsp;&nbsp;&nbsp;&nbsp;&nbsp;&nbsp;&nbsp;&nbsp;&nbsp;&nbsp;&nbsp;&nbsp;&nbsp;&nbsp;&nbsp;&nbsp;&nbsp;&nbsp; 18.30 \u2013 Konferencja Prawa Sportowego<\/p>\n\n\n\n<p>4.01.2025 <strong>sobota<\/strong> &#8211; od 8.00 do 9.00 \u015bniadanie<\/p>\n\n\n\n<p>&nbsp;&nbsp;&nbsp;&nbsp;&nbsp;&nbsp;&nbsp;&nbsp;&nbsp;&nbsp;&nbsp;&nbsp;&nbsp;&nbsp;&nbsp;&nbsp;&nbsp;&nbsp;&nbsp;&nbsp;&nbsp;&nbsp;&nbsp;&nbsp;&nbsp;&nbsp;&nbsp;&nbsp; <strong>10.00<\/strong> &#8211;<strong> start do Biegu o Puchar im. adwokata Ryszarda&nbsp;&nbsp;&nbsp; &nbsp;&nbsp;&nbsp;&nbsp;&nbsp;&nbsp;&nbsp;&nbsp;&nbsp;&nbsp;&nbsp;&nbsp;&nbsp;&nbsp;&nbsp;&nbsp;&nbsp;&nbsp;&nbsp;&nbsp;&nbsp;&nbsp;&nbsp;&nbsp;&nbsp; &nbsp;&nbsp;&nbsp;&nbsp;&nbsp;&nbsp;&nbsp;&nbsp; Porzyckiego &#8211; styl KLASYCZNY.<\/strong>&nbsp;&nbsp;&nbsp;&nbsp;&nbsp;&nbsp;&nbsp;&nbsp;&nbsp;<\/p>\n\n\n\n<p>&nbsp;&nbsp;&nbsp;&nbsp;&nbsp;&nbsp;&nbsp;&nbsp;&nbsp;&nbsp;&nbsp;&nbsp;&nbsp;&nbsp;&nbsp;&nbsp;&nbsp;&nbsp;&nbsp;&nbsp;&nbsp;&nbsp;&nbsp;&nbsp;&nbsp;&nbsp;&nbsp;&nbsp; 15.00 \u2013 16.00 obiad<\/p>\n\n\n\n<p>&nbsp;&nbsp;&nbsp;&nbsp;&nbsp;&nbsp;&nbsp;&nbsp;&nbsp;&nbsp;&nbsp;&nbsp;&nbsp;&nbsp;&nbsp;&nbsp;&nbsp;&nbsp;&nbsp;&nbsp;&nbsp;&nbsp;&nbsp;&nbsp;&nbsp;&nbsp;&nbsp; &nbsp;19.00 \u2013 Uroczysta kolacja z wr\u0119czeniem Puchar\u00f3w<\/p>\n\n\n\n<p>5.01.2025 <strong>niedziela <\/strong>od 8.00 do 9.00 \u015bniadanie<\/p>\n\n\n\n<p>&nbsp;&nbsp;&nbsp;&nbsp;&nbsp;&nbsp;&nbsp;&nbsp;&nbsp;&nbsp;&nbsp;&nbsp;&nbsp;&nbsp;&nbsp;&nbsp;&nbsp;&nbsp;&nbsp;&nbsp;&nbsp;&nbsp;&nbsp;&nbsp;&nbsp;&nbsp;&nbsp;&nbsp; 10.00 \u2013 wyj\u015bcie na narty w grupach z instruktorami<\/p>\n\n\n\n<p>&nbsp;&nbsp;&nbsp;&nbsp;&nbsp;&nbsp;&nbsp;&nbsp;&nbsp;&nbsp;&nbsp;&nbsp;&nbsp;&nbsp;&nbsp;&nbsp;&nbsp;&nbsp;&nbsp;&nbsp;&nbsp;&nbsp;&nbsp;&nbsp;&nbsp;&nbsp;&nbsp;&nbsp; 13.00 &#8211; wyj\u015bcie na narty w grupach z instruktorami<\/p>\n\n\n\n<p>&nbsp;&nbsp;&nbsp;&nbsp;&nbsp;&nbsp;&nbsp;&nbsp;&nbsp;&nbsp;&nbsp;&nbsp;&nbsp;&nbsp;&nbsp;&nbsp;&nbsp;&nbsp;&nbsp;&nbsp;&nbsp;&nbsp;&nbsp;&nbsp;&nbsp;&nbsp;&nbsp;&nbsp; 16.00 \u2013 18.00 obiad<\/p>\n\n\n\n<p>&nbsp;&nbsp;&nbsp;&nbsp;&nbsp;&nbsp;&nbsp;&nbsp;&nbsp;&nbsp;&nbsp;&nbsp;&nbsp;&nbsp;&nbsp;&nbsp;&nbsp;&nbsp;&nbsp;&nbsp;&nbsp;&nbsp;&nbsp;&nbsp;&nbsp;&nbsp;&nbsp; 18.30 \u2013 Konferencja Prawa Sportowego<\/p>\n\n\n\n<p>6.01.2025 <strong>poniedzia\u0142ek <\/strong>\u2013 od 8.00 \u015bniadanie<\/p>\n\n\n\n<p>\u00a0\u00a0\u00a0\u00a0\u00a0\u00a0\u00a0\u00a0\u00a0\u00a0\u00a0\u00a0\u00a0\u00a0\u00a0\u00a0\u00a0\u00a0 \u00a0\u00a0\u00a0\u00a0\u00a0\u00a0\u00a0\u00a0\u00a0 <strong>do 11.00 opuszczamy pokoje, <\/strong>wcze\u015bniej po\u017cegnania\u00a0\u00a0\u00a0\u00a0\u00a0\u00a0\u00a0\u00a0\u00a0\u00a0\u00a0\u00a0<\/p>\n\n\n\n<p>\u00a0<\/p>\n\n\n\n<p><strong>TERMIN ZG\u0141OSZE\u0143 \u2013 <\/strong><strong>30.11.2024<\/strong><strong> poczt\u0105 elektroniczn\u0105 na adres:<\/strong><\/p>\n\n\n\n<p><a href=\"mailto:kontakt@jakuszyce-biathlon.pl\" target=\"_blank\" rel=\"noreferrer noopener\">kontakt@jakuszyce-biathlon.pl<\/a><\/p>\n\n\n\n<p><strong><u>wraz z wp\u0142at\u0105<\/u><\/strong> <strong>1100,00 z\u0142 od osoby\/600,00 z\u0142 dziecko do 10 lat\/<\/strong><\/p>\n\n\n\n<p>(<em>obejmuj\u0105c\u0105, pobyt, dwa posi\u0142ki dziennie, start w zawodach, szkolenie narciarskie, konferencj\u0119<\/em>)<\/p>\n\n\n\n<p>&nbsp;albo<\/p>\n\n\n\n<p><strong>150 z\u0142 sam start w zawodach<\/strong> i udzia\u0142 w konferencji<\/p>\n\n\n\n<p>na rachunek:&nbsp;&nbsp;&nbsp;&nbsp;<\/p>\n\n\n\n<p>&nbsp; &nbsp;<strong>Hotel BIATHLON <\/strong>Sport &amp; Spa<strong>, <\/strong>Jakuszyce 7; 58-580 Szklarska Por\u0119ba<\/p>\n\n\n\n<p><strong>PKO BP 30 1020 2124 0000 8402 0181 7667<\/strong><\/p>\n\n\n\n<p><em>op\u0142ata miejscowa 4,20 z\u0142 dziennie od osoby p\u0142atna got\u00f3wk\u0105 w recepcji w dniu przyjazdu, parking p\u0142atny w recepcji 20 z\u0142\/doba<\/em><\/p>\n\n\n\n<p>do wiadomo\u015bci: <a href=\"mailto:andrzej.wosinski@adwokatura.pl\">andrzej.wosinski@adwokatura.pl<\/a><\/p>\n\n\n\n<p><strong>ORGANIZATOR<\/strong><\/p>\n\n\n\n<p><strong>Komisja Integracji \u015arodowiskowej, Kultury, Sportu i Turystyki<\/strong><\/p>\n\n\n\n<p><strong>Naczelna Rada Adwokacka<\/strong><\/p>\n\n\n\n<p>\u00a0\u00a0\u00a0\u00a0\u00a0\u00a0\u00a0\u00a0\u00a0\u00a0\u00a0\u00a0\u00a0\u00a0\u00a0\u00a0\u00a0\u00a0<\/p>\n\n\n<div class=\"zalaczniki\">\n    \n    <div class=\"zalaczniki__wrap\">\n                        <div class=\"zalaczniki__single\">\n                <div class=\"zalaczniki__first\">\n                    <p class=\"zalaczniki__title\">\n                                                    Formularz Zg\u0142oszeniowy                                            <\/p>\n                    <p class=\"zalaczniki__file-name\">\n                                                    Formularz-Zgloszeniowy.docx                                            <\/p>\n                <\/div>\n                <div class=\"zalaczniki__middle\">\n                                        <a href=\"https:\/\/adwokatura.krakow.pl\/adwokaci-i-aplikanci\/wp-content\/uploads\/sites\/2\/2024\/11\/Formularz-Zgloszeniowy.docx\">Zobacz plik<\/a>\n                                    <\/div>\n                <div class=\"zalaczniki__last\">\n                                        <a download href=\"https:\/\/adwokatura.krakow.pl\/adwokaci-i-aplikanci\/wp-content\/uploads\/sites\/2\/2024\/11\/Formularz-Zgloszeniowy.docx\">\n                            <img decoding=\"async\" src=\"https:\/\/adwokatura.krakow.pl\/adwokaci-i-aplikanci\/wp-content\/themes\/kia\/dist\/images\/download.svg\" alt=\"download\">\n                        <\/a>\n                                    <\/div>\n               \n            <\/div>\n                <\/div>\n<\/div>","protected":false},"template":"","meta":{"_acf_changed":false,"inline_featured_image":false},"class_list":["post-5199","kalendarium","type-kalendarium","status-publish","hentry"],"acf":[],"_links":{"self":[{"href":"https:\/\/adwokatura.krakow.pl\/adwokaci-i-aplikanci\/wp-json\/wp\/v2\/kalendarium\/5199","targetHints":{"allow":["GET"]}}],"collection":[{"href":"https:\/\/adwokatura.krakow.pl\/adwokaci-i-aplikanci\/wp-json\/wp\/v2\/kalendarium"}],"about":[{"href":"https:\/\/adwokatura.krakow.pl\/adwokaci-i-aplikanci\/wp-json\/wp\/v2\/types\/kalendarium"}],"wp:attachment":[{"href":"https:\/\/adwokatura.krakow.pl\/adwokaci-i-aplikanci\/wp-json\/wp\/v2\/media?parent=5199"}],"curies":[{"name":"wp","href":"https:\/\/api.w.org\/{rel}","templated":true}]}}