{"id":5337,"date":"2024-12-13T10:24:49","date_gmt":"2024-12-13T09:24:49","guid":{"rendered":"https:\/\/adwokatura.krakow.pl\/adwokaci-i-aplikanci\/?post_type=kalendarium&#038;p=5337"},"modified":"2024-12-13T10:24:49","modified_gmt":"2024-12-13T09:24:49","slug":"narciarskie-mistrzostwa-adwokatury-2025","status":"publish","type":"kalendarium","link":"https:\/\/adwokatura.krakow.pl\/adwokaci-i-aplikanci\/kalendarium\/narciarskie-mistrzostwa-adwokatury-2025\/","title":{"rendered":"Narciarskie Mistrzostwa Adwokatury 2025"},"content":{"rendered":"\n<p><em>Szanowni Pa\u0144stwo<\/em><\/p>\n\n\n\n<p><em>Kole\u017canki i Koledzy<\/em><\/p>\n\n\n\n<p>Nie mog\u0105c si\u0119 pogodzi\u0107 z odwo\u0142aniem Mistrzostw Adwokatury w Narciarstwie i odpowiadaj\u0105c<br>na postulaty wielu z Was Izba Adwokacka w Wa\u0142brzychu wsp\u00f3lnie z Komisj\u0105 Integracji \u015arodowiskowej, Kultury, Sportu i Turystyki Naczelnej Rady Adwokackiej postanowi\u0142y zorganizowa\u0107 Mistrzostwa lub Narciarskie Spotkanie Integracyjne Adwokat\u00f3w w \u015awieradowie Zdroju w terminie <strong>16 &#8211; 19 stycznia 2025 r.<\/strong><\/p>\n\n\n\n<p>Niezwykle kr\u00f3tki okres i niepewno\u015b\u0107 pogody nie pozwalaj\u0105 w tej chwili, mimo ambitnych zamierze\u0144,&nbsp; na pewne okre\u015blenie charakteru tego spotkania.<\/p>\n\n\n\n<p>Mamy zagwarantowane miejsca w Hotelu Krasicki w \u015awieradowie Zdroju w pokojach jednosobowych w cenie 1150 z\u0142 i dwuosobowych w cenie 950 z\u0142. W cenie tej zagwarantowane s\u0105 trzy noclegi ze \u015bniadaniami, obiad\/kolacja w formie bufety, miejsce parkingowe i dost\u0119p do strefy wellnes (basen, sauny, jacuzzi, si\u0142owania).<\/p>\n\n\n\n<p>\u015awierad\u00f3w Zdr\u00f3j dysponuje stokiem narciarskim ze Stogu Izerskiego (1105 m.n.p.m.) na kt\u00f3ry prowadzi kolej gondolowa oraz tras\u0105 biegow\u0105 ze Stogu Izerskiego do Chatki G\u00f3rzyst\u00f3w, po\u0142\u0105czonej<br>z trasami biegowymi w Jakuszycach.<\/p>\n\n\n\n<p>Warunkiem uczestnictwa jest dokonanie zg\u0142oszenia i przes\u0142anie wype\u0142nionego formularza mailem na adres ORA w Wa\u0142brzychu <a href=\"mailto:ora.walbrzych@adwokatura.pl\">ora.walbrzych@adwokatura.pl<\/a> oraz dokonanie wp\u0142aty na rachunek Izby Adwokackiej w Wa\u0142brzychu nr 89 1050 1908 1000 0023 2534 4238 z dopiskiem \u201eNarciarskie Mistrzostwa Adwokatury 2025 \u201d w <strong>nieprzekraczalnym terminie do 20 grudnia 2024 r.<\/strong><\/p>\n\n\n\n<p>Tak kr\u00f3tki termin wynika wy\u0142\u0105cznie z okresu rezerwacji miejsc w Hotelu.<\/p>\n\n\n\n<p>Informujemy jednocze\u015bnie, \u017ce udzia\u0142 w aktywno\u015bciach narciarskich nie jest obowi\u0105zkowy, za\u015b termin wynika z braku p\u00f3\u017aniejszych wolnych miejsc (ferie).<\/p>\n\n\n<div class=\"zalaczniki\">\n    \n    <div class=\"zalaczniki__wrap\">\n                        <div class=\"zalaczniki__single\">\n                <div class=\"zalaczniki__first\">\n                    <p class=\"zalaczniki__title\">\n                                                    KOMUNIKAT                                            <\/p>\n                    <p class=\"zalaczniki__file-name\">\n                                                    Komunikat-Mistrostwa-2025.pdf                                            <\/p>\n                <\/div>\n                <div class=\"zalaczniki__middle\">\n                                        <a href=\"https:\/\/adwokatura.krakow.pl\/adwokaci-i-aplikanci\/wp-content\/uploads\/sites\/2\/2024\/12\/Komunikat-Mistrostwa-2025.pdf\">Zobacz plik<\/a>\n                                    <\/div>\n                <div class=\"zalaczniki__last\">\n                                        <a download href=\"https:\/\/adwokatura.krakow.pl\/adwokaci-i-aplikanci\/wp-content\/uploads\/sites\/2\/2024\/12\/Komunikat-Mistrostwa-2025.pdf\">\n                            <img decoding=\"async\" src=\"https:\/\/adwokatura.krakow.pl\/adwokaci-i-aplikanci\/wp-content\/themes\/kia\/dist\/images\/download.svg\" alt=\"download\">\n                        <\/a>\n                                    <\/div>\n               \n            <\/div>\n                    <div class=\"zalaczniki__single\">\n                <div class=\"zalaczniki__first\">\n                    <p class=\"zalaczniki__title\">\n                                            <\/p>\n                    <p class=\"zalaczniki__file-name\">\n                                            <\/p>\n                <\/div>\n                <div class=\"zalaczniki__middle\">\n                                <\/div>\n                <div class=\"zalaczniki__last\">\n                                <\/div>\n               \n            <\/div>\n                <\/div>\n<\/div>\n\n<div class=\"zalaczniki\">\n    \n    <div class=\"zalaczniki__wrap\">\n        <\/div>\n<\/div>","protected":false},"template":"","meta":{"_acf_changed":false,"inline_featured_image":false},"class_list":["post-5337","kalendarium","type-kalendarium","status-publish","hentry"],"acf":[],"_links":{"self":[{"href":"https:\/\/adwokatura.krakow.pl\/adwokaci-i-aplikanci\/wp-json\/wp\/v2\/kalendarium\/5337","targetHints":{"allow":["GET"]}}],"collection":[{"href":"https:\/\/adwokatura.krakow.pl\/adwokaci-i-aplikanci\/wp-json\/wp\/v2\/kalendarium"}],"about":[{"href":"https:\/\/adwokatura.krakow.pl\/adwokaci-i-aplikanci\/wp-json\/wp\/v2\/types\/kalendarium"}],"wp:attachment":[{"href":"https:\/\/adwokatura.krakow.pl\/adwokaci-i-aplikanci\/wp-json\/wp\/v2\/media?parent=5337"}],"curies":[{"name":"wp","href":"https:\/\/api.w.org\/{rel}","templated":true}]}}