{"id":5653,"date":"2025-03-19T09:51:22","date_gmt":"2025-03-19T08:51:22","guid":{"rendered":"https:\/\/adwokatura.krakow.pl\/adwokaci-i-aplikanci\/?post_type=kalendarium&#038;p=5653"},"modified":"2025-03-19T09:51:23","modified_gmt":"2025-03-19T08:51:23","slug":"zapraszamy-na-wyjatkowy-wyklad-z-krystyna-kurczab-redlich","status":"publish","type":"kalendarium","link":"https:\/\/adwokatura.krakow.pl\/adwokaci-i-aplikanci\/kalendarium\/zapraszamy-na-wyjatkowy-wyklad-z-krystyna-kurczab-redlich\/","title":{"rendered":"Zapraszamy na wyj\u0105tkowy wyk\u0142ad z Krystyn\u0105 Kurczab-Redlich!"},"content":{"rendered":"\n<figure class=\"wp-block-image size-full\"><img loading=\"lazy\" decoding=\"async\" width=\"940\" height=\"788\" src=\"https:\/\/adwokatura.krakow.pl\/adwokaci-i-aplikanci\/wp-content\/uploads\/sites\/2\/2025\/03\/Tajemnice-Rosji-Putina.png\" alt=\"\" class=\"wp-image-5654\" srcset=\"https:\/\/adwokatura.krakow.pl\/adwokaci-i-aplikanci\/wp-content\/uploads\/sites\/2\/2025\/03\/Tajemnice-Rosji-Putina.png 940w, https:\/\/adwokatura.krakow.pl\/adwokaci-i-aplikanci\/wp-content\/uploads\/sites\/2\/2025\/03\/Tajemnice-Rosji-Putina-300x251.png 300w, https:\/\/adwokatura.krakow.pl\/adwokaci-i-aplikanci\/wp-content\/uploads\/sites\/2\/2025\/03\/Tajemnice-Rosji-Putina-768x644.png 768w\" sizes=\"auto, (max-width: 940px) 100vw, 940px\" \/><\/figure>\n\n\n\n<p>Ju\u017c wkr\u00f3tce niezwyk\u0142a okazja, by wys\u0142ucha\u0107 Krystyny Kurczab-Redlich \u2013 wybitnej reporterki, znawczyni Rosji i autorki wstrz\u0105saj\u0105cych reporta\u017cy o Putinie i sytuacji na Wschodzie.<\/p>\n\n\n\n<p><img loading=\"lazy\" decoding=\"async\" height=\"16\" width=\"16\" alt=\"\ud83d\udd39\" src=\"https:\/\/static.xx.fbcdn.net\/images\/emoji.php\/v9\/tf3\/1\/16\/1f539.png\"> Kiedy? 8 kwietnia 2025, godz. 18.00<\/p>\n\n\n\n<p><img loading=\"lazy\" decoding=\"async\" height=\"16\" width=\"16\" alt=\"\ud83d\udd39\" src=\"https:\/\/static.xx.fbcdn.net\/images\/emoji.php\/v9\/tf3\/1\/16\/1f539.png\"> Gdzie? Batorego 17, III pi\u0119tro, Klub Adwokat\u00f3w<\/p>\n","protected":false},"template":"","meta":{"_acf_changed":false,"inline_featured_image":false},"class_list":["post-5653","kalendarium","type-kalendarium","status-publish","hentry"],"acf":[],"_links":{"self":[{"href":"https:\/\/adwokatura.krakow.pl\/adwokaci-i-aplikanci\/wp-json\/wp\/v2\/kalendarium\/5653","targetHints":{"allow":["GET"]}}],"collection":[{"href":"https:\/\/adwokatura.krakow.pl\/adwokaci-i-aplikanci\/wp-json\/wp\/v2\/kalendarium"}],"about":[{"href":"https:\/\/adwokatura.krakow.pl\/adwokaci-i-aplikanci\/wp-json\/wp\/v2\/types\/kalendarium"}],"wp:attachment":[{"href":"https:\/\/adwokatura.krakow.pl\/adwokaci-i-aplikanci\/wp-json\/wp\/v2\/media?parent=5653"}],"curies":[{"name":"wp","href":"https:\/\/api.w.org\/{rel}","templated":true}]}}