{"id":5972,"date":"2025-06-12T12:47:07","date_gmt":"2025-06-12T10:47:07","guid":{"rendered":"https:\/\/adwokatura.krakow.pl\/adwokaci-i-aplikanci\/?post_type=kalendarium&#038;p=5972"},"modified":"2025-06-12T12:49:08","modified_gmt":"2025-06-12T10:49:08","slug":"wyklady-dedykowane-mlodym-adeptom","status":"publish","type":"kalendarium","link":"https:\/\/adwokatura.krakow.pl\/adwokaci-i-aplikanci\/kalendarium\/wyklady-dedykowane-mlodym-adeptom\/","title":{"rendered":"Wyk\u0142ady dedykowane m\u0142odym adeptom &#8211; 17 CZERWCA 2025"},"content":{"rendered":"\n<p>Szanowni Pa\u0144stwo,<\/p>\n\n\n\n<p>w imieniu pani Mecenas adw. Marii Skotnickiej Koordynator ds. Startu Zawodowego Adwokat\u00f3w przy ORA w Krakowie serdecznie zapraszamy do wzi\u0119cia udzia\u0142u w dedykowanych m\u0142odym adeptom wyk\u0142adach w Klubie Adwokat\u00f3w:<\/p>\n\n\n\n<p><strong>17 czerwca br.<\/strong><\/p>\n\n\n\n<p><strong>1). Adw. Wojciech Bergier &#8211; godz. 17.00\u00a0<\/strong><\/p>\n\n\n\n<p><em>\u201eUnikanie spraw &#8211; dyscyplinarnych\u201d najcz\u0119stsze powody k\u0142opot\u00f3w dyscyplinarnych adwokat\u00f3w<\/em><\/p>\n\n\n\n<p><strong>2). Adw. Szymon Korab &#8211; godz. 18.00<\/strong><\/p>\n\n\n\n<p><em>\u201eZarz\u0105dzanie kancelari\u0105 adwokack\u0105 oraz obs\u0142uga klienta\u201d &#8211; kwestie praktyczne<\/em><\/p>\n\n\n\n<p><\/p>\n\n\n\n<p>Do\u0142\u0105cz do spotkania Zoom <a href=\"https:\/\/www.google.com\/url?q=https:\/\/us02web.zoom.us\/j\/87106623717?pwd%3DvV2pUAnXUSJ3MY2rN77ap5TGgXHaBG.1&amp;sa=D&amp;source=calendar&amp;usd=2&amp;usg=AOvVaw1sG7sA6R8w_oL_AXm-Wgcu\" target=\"_blank\" rel=\"noreferrer noopener\">https:\/\/us02web.zoom.us\/j\/87106623717?pwd=vV2pUAnXUSJ3MY2rN77ap5TGgXHaBG.1<\/a><\/p>\n\n\n\n<p>Identyfikator spotkania: 871 0662 3717<\/p>\n\n\n\n<p>Kod dost\u0119pu: 561038<\/p>\n\n\n\n<p><\/p>\n","protected":false},"template":"","meta":{"_acf_changed":true,"inline_featured_image":false},"class_list":["post-5972","kalendarium","type-kalendarium","status-publish","hentry"],"acf":[],"_links":{"self":[{"href":"https:\/\/adwokatura.krakow.pl\/adwokaci-i-aplikanci\/wp-json\/wp\/v2\/kalendarium\/5972","targetHints":{"allow":["GET"]}}],"collection":[{"href":"https:\/\/adwokatura.krakow.pl\/adwokaci-i-aplikanci\/wp-json\/wp\/v2\/kalendarium"}],"about":[{"href":"https:\/\/adwokatura.krakow.pl\/adwokaci-i-aplikanci\/wp-json\/wp\/v2\/types\/kalendarium"}],"wp:attachment":[{"href":"https:\/\/adwokatura.krakow.pl\/adwokaci-i-aplikanci\/wp-json\/wp\/v2\/media?parent=5972"}],"curies":[{"name":"wp","href":"https:\/\/api.w.org\/{rel}","templated":true}]}}