{"id":6187,"date":"2025-09-05T08:29:32","date_gmt":"2025-09-05T06:29:32","guid":{"rendered":"https:\/\/adwokatura.krakow.pl\/adwokaci-i-aplikanci\/?post_type=kalendarium&#038;p=6187"},"modified":"2025-09-05T08:31:48","modified_gmt":"2025-09-05T06:31:48","slug":"kolo-tarnowskich-adwokatow-krakowskiej-izby-adwokackiej-zaprasza-na-wyklad","status":"publish","type":"kalendarium","link":"https:\/\/adwokatura.krakow.pl\/adwokaci-i-aplikanci\/kalendarium\/kolo-tarnowskich-adwokatow-krakowskiej-izby-adwokackiej-zaprasza-na-wyklad\/","title":{"rendered":"Ko\u0142o Tarnowskich Adwokat\u00f3w Krakowskiej Izby Adwokackiej zaprasza na wyk\u0142ad"},"content":{"rendered":"\n<figure class=\"wp-block-image size-large is-resized\"><img loading=\"lazy\" decoding=\"async\" width=\"1024\" height=\"1024\" src=\"https:\/\/adwokatura.krakow.pl\/adwokaci-i-aplikanci\/wp-content\/uploads\/sites\/2\/2025\/09\/12.-szkolenie-11-wrzesnia-1024x1024.jpg\" alt=\"\" class=\"wp-image-6188\" style=\"width:543px;height:auto\" srcset=\"https:\/\/adwokatura.krakow.pl\/adwokaci-i-aplikanci\/wp-content\/uploads\/sites\/2\/2025\/09\/12.-szkolenie-11-wrzesnia-1024x1024.jpg 1024w, https:\/\/adwokatura.krakow.pl\/adwokaci-i-aplikanci\/wp-content\/uploads\/sites\/2\/2025\/09\/12.-szkolenie-11-wrzesnia-300x300.jpg 300w, https:\/\/adwokatura.krakow.pl\/adwokaci-i-aplikanci\/wp-content\/uploads\/sites\/2\/2025\/09\/12.-szkolenie-11-wrzesnia-150x150.jpg 150w, https:\/\/adwokatura.krakow.pl\/adwokaci-i-aplikanci\/wp-content\/uploads\/sites\/2\/2025\/09\/12.-szkolenie-11-wrzesnia-768x768.jpg 768w, https:\/\/adwokatura.krakow.pl\/adwokaci-i-aplikanci\/wp-content\/uploads\/sites\/2\/2025\/09\/12.-szkolenie-11-wrzesnia.jpg 1080w\" sizes=\"auto, (max-width: 1024px) 100vw, 1024px\" \/><\/figure>\n\n\n\n<p class=\"has-medium-font-size\"><a href=\"https:\/\/us06web.zoom.us\/j\/82662366583?pwd=5JMLcnCJuc4ZYkjimewXpKUSfe5I5n.1\">Do\u0142\u0105cz do spotkania Zoom<\/a><\/p>\n","protected":false},"template":"","meta":{"_acf_changed":false,"inline_featured_image":false},"class_list":["post-6187","kalendarium","type-kalendarium","status-publish","hentry"],"acf":[],"_links":{"self":[{"href":"https:\/\/adwokatura.krakow.pl\/adwokaci-i-aplikanci\/wp-json\/wp\/v2\/kalendarium\/6187","targetHints":{"allow":["GET"]}}],"collection":[{"href":"https:\/\/adwokatura.krakow.pl\/adwokaci-i-aplikanci\/wp-json\/wp\/v2\/kalendarium"}],"about":[{"href":"https:\/\/adwokatura.krakow.pl\/adwokaci-i-aplikanci\/wp-json\/wp\/v2\/types\/kalendarium"}],"wp:attachment":[{"href":"https:\/\/adwokatura.krakow.pl\/adwokaci-i-aplikanci\/wp-json\/wp\/v2\/media?parent=6187"}],"curies":[{"name":"wp","href":"https:\/\/api.w.org\/{rel}","templated":true}]}}