{"id":6850,"date":"2026-02-18T14:35:36","date_gmt":"2026-02-18T13:35:36","guid":{"rendered":"https:\/\/adwokatura.krakow.pl\/adwokaci-i-aplikanci\/?post_type=kalendarium&#038;p=6850"},"modified":"2026-02-25T08:26:38","modified_gmt":"2026-02-25T07:26:38","slug":"iii-mistrzostwa-adwokatury-krakowskiej-w-narciarstwie-alpejskim-i-snowboardzie-2026","status":"publish","type":"kalendarium","link":"https:\/\/adwokatura.krakow.pl\/adwokaci-i-aplikanci\/kalendarium\/iii-mistrzostwa-adwokatury-krakowskiej-w-narciarstwie-alpejskim-i-snowboardzie-2026\/","title":{"rendered":"III MISTRZOSTWA ADWOKATURY KRAKOWSKIEJ W NARCIARSTWIE I SNOWBOARDZIE"},"content":{"rendered":"\n<h4 class=\"wp-block-heading\">O\u015brodek narciarski Czorsztyn-Ski w Kluszkowcach \/ 28.02.2026 r.<\/h4>\n\n\n\n<figure class=\"wp-block-image size-large\"><img loading=\"lazy\" decoding=\"async\" width=\"724\" height=\"1024\" src=\"https:\/\/adwokatura.krakow.pl\/adwokaci-i-aplikanci\/wp-content\/uploads\/sites\/2\/2026\/02\/638053883_1544307221031395_60350937599390644_n-724x1024.jpg\" alt=\"\" class=\"wp-image-6851\" srcset=\"https:\/\/adwokatura.krakow.pl\/adwokaci-i-aplikanci\/wp-content\/uploads\/sites\/2\/2026\/02\/638053883_1544307221031395_60350937599390644_n-724x1024.jpg 724w, https:\/\/adwokatura.krakow.pl\/adwokaci-i-aplikanci\/wp-content\/uploads\/sites\/2\/2026\/02\/638053883_1544307221031395_60350937599390644_n-212x300.jpg 212w, https:\/\/adwokatura.krakow.pl\/adwokaci-i-aplikanci\/wp-content\/uploads\/sites\/2\/2026\/02\/638053883_1544307221031395_60350937599390644_n-768x1086.jpg 768w, https:\/\/adwokatura.krakow.pl\/adwokaci-i-aplikanci\/wp-content\/uploads\/sites\/2\/2026\/02\/638053883_1544307221031395_60350937599390644_n-1086x1536.jpg 1086w, https:\/\/adwokatura.krakow.pl\/adwokaci-i-aplikanci\/wp-content\/uploads\/sites\/2\/2026\/02\/638053883_1544307221031395_60350937599390644_n.jpg 1448w\" sizes=\"auto, (max-width: 724px) 100vw, 724px\" \/><\/figure>\n\n\n\n<p><strong>Harmonogram (sobota, 28.02.2026)<\/strong> <strong>O\u015brodek Narciarski Czorsztyn-Ski<\/strong><\/p>\n\n\n\n<ul class=\"wp-block-list\">\n<li>strona www: <a href=\"https:\/\/www.czorsztyn-ski.com.pl\"><em>https:\/\/www.czorsztyn-ski.com.pl<\/em><\/a><\/li>\n\n\n\n<li>dojazd: <a href=\"https:\/\/goo.gl\/maps\/ViA7J66DL3RP7SMc8\"><em>https:\/\/goo.gl\/maps\/ViA7J66DL3RP7SMc8<\/em><\/a><\/li>\n<\/ul>\n\n\n\n<p>Harmonogram zawod\u00f3w:<\/p>\n\n\n\n<p><strong>10:00-12:00<\/strong>&nbsp;<strong>zawody narciarskie i snowboardowe**<\/strong><\/p>\n\n\n\n<ul class=\"wp-block-list\">\n<li>zawody odbywaj\u0105 si\u0119 na trasie treningowej (oznaczona numerem 7)\n<ul class=\"wp-block-list\">\n<li>2 przejazdy<\/li>\n<\/ul>\n<\/li>\n<\/ul>\n\n\n\n<p><strong>13:00-16:00 ognisko<\/strong><\/p>\n\n\n\n<ul class=\"wp-block-list\">\n<li>ognisko odbywa si\u0119 na dole trasy nr 7 (przy karczmie Koliba)<\/li>\n<\/ul>\n\n\n\n<p><strong>14:00 dekoracja i zako\u0144czenie<\/strong><\/p>\n\n\n\n<p>Wpisowe:<\/p>\n\n\n\n<ul class=\"wp-block-list\">\n<li>wp\u0142ata do 23.02 \u2013 100 z\u0142\/osoba<\/li>\n\n\n\n<li>zap\u0142ata w dniu zawod\u00f3w \u2013 120 z\u0142\/osoba<\/li>\n\n\n\n<li>pierwsze dziecko bezp\u0142atnie przy uczestniku pe\u0142nop\u0142atnym, ka\u017cde kolejne 50 z\u0142<\/li>\n<\/ul>\n\n\n\n<p>Wpisowe nie obejmuje koszt\u00f3w karnet\u00f3w<\/p>\n\n\n\n<p>Specjalna cena karnet\u00f3w dla uczestnik\u00f3w (pod warunkiem wcze\u015bniejszego zg\u0142oszenia):<\/p>\n\n\n\n<ul class=\"wp-block-list\">\n<li>ca\u0142odzienny &#8211;&gt; 120 z\u0142\/os<\/li>\n<\/ul>\n\n\n<a class=\"button button--zielony-ze-strzalka\" href=\"https:\/\/docs.google.com\/forms\/d\/e\/1FAIpQLScvdn2v52g5TbVjJRN5NAjjWqqEK6z_3otPIdZ87zYnOf9cJg\/viewform\">\n        ZAPISY<\/a>\n\n\n<div class=\"zalaczniki\">\n    \n    <div class=\"zalaczniki__wrap\">\n                        <div class=\"zalaczniki__single\">\n                <div class=\"zalaczniki__first\">\n                    <p class=\"zalaczniki__title\">\n                                                    REGULAMIN                                            <\/p>\n                    <p class=\"zalaczniki__file-name\">\n                                                    Regulamin-i-Harmonogram-2.docx                                            <\/p>\n                <\/div>\n                <div class=\"zalaczniki__middle\">\n                                        <a href=\"https:\/\/adwokatura.krakow.pl\/adwokaci-i-aplikanci\/wp-content\/uploads\/sites\/2\/2026\/02\/Regulamin-i-Harmonogram-2.docx\">Zobacz plik<\/a>\n                                    <\/div>\n                <div class=\"zalaczniki__last\">\n                                        <a download href=\"https:\/\/adwokatura.krakow.pl\/adwokaci-i-aplikanci\/wp-content\/uploads\/sites\/2\/2026\/02\/Regulamin-i-Harmonogram-2.docx\">\n                            <img decoding=\"async\" src=\"https:\/\/adwokatura.krakow.pl\/adwokaci-i-aplikanci\/wp-content\/themes\/kia\/dist\/images\/download.svg\" alt=\"download\">\n                        <\/a>\n                                    <\/div>\n               \n            <\/div>\n                <\/div>\n<\/div>\n\n\n<p><\/p>\n","protected":false},"template":"","meta":{"_acf_changed":true,"inline_featured_image":false},"class_list":["post-6850","kalendarium","type-kalendarium","status-publish","hentry"],"acf":[],"_links":{"self":[{"href":"https:\/\/adwokatura.krakow.pl\/adwokaci-i-aplikanci\/wp-json\/wp\/v2\/kalendarium\/6850","targetHints":{"allow":["GET"]}}],"collection":[{"href":"https:\/\/adwokatura.krakow.pl\/adwokaci-i-aplikanci\/wp-json\/wp\/v2\/kalendarium"}],"about":[{"href":"https:\/\/adwokatura.krakow.pl\/adwokaci-i-aplikanci\/wp-json\/wp\/v2\/types\/kalendarium"}],"wp:attachment":[{"href":"https:\/\/adwokatura.krakow.pl\/adwokaci-i-aplikanci\/wp-json\/wp\/v2\/media?parent=6850"}],"curies":[{"name":"wp","href":"https:\/\/api.w.org\/{rel}","templated":true}]}}