{"id":4585,"date":"2024-10-15T09:47:35","date_gmt":"2024-10-15T07:47:35","guid":{"rendered":"https:\/\/adwokatura.krakow.pl\/adwokaci-i-aplikanci\/?post_type=nagrania&#038;p=4585"},"modified":"2026-01-27T11:17:44","modified_gmt":"2026-01-27T10:17:44","slug":"idea-wyklad-adwokat-maciej-laszczuk","status":"publish","type":"nagrania","link":"https:\/\/adwokatura.krakow.pl\/adwokaci-i-aplikanci\/nagrania\/idea-wyklad-adwokat-maciej-laszczuk\/","title":{"rendered":"IDeA 2014"},"content":{"rendered":"\n<p><em>prof. dr hab. Piotr Kruszy\u0144ski -wyk\u0142ad pt. &#8222;Geneza i g\u0142\u00f3wne idee nowelizacji k.p.k. z dnia 27.09.2013r&#8221;.<\/em><\/p>\n\n\n\n<figure class=\"wp-block-embed is-type-video is-provider-youtube wp-block-embed-youtube wp-embed-aspect-16-9 wp-has-aspect-ratio\"><div class=\"wp-block-embed__wrapper\">\n<iframe loading=\"lazy\" title=\"IDeA wyk\u0142ad adw. Maciej \u0141aszczuk\" width=\"500\" height=\"281\" src=\"https:\/\/www.youtube.com\/embed\/ZRIuu_XKeQ0?feature=oembed\" frameborder=\"0\" allow=\"accelerometer; autoplay; clipboard-write; encrypted-media; gyroscope; picture-in-picture; web-share\" referrerpolicy=\"strict-origin-when-cross-origin\" allowfullscreen><\/iframe>\n<\/div><\/figure>\n\n\n\n<p><em>Pawe\u0142 Koterski &#8211; wyk\u0142ad pt. &#8222;Us\u0142ugi detektywistyczne jako wa\u017cny element w praktyce adwokackiej&#8221;.<\/em><\/p>\n\n\n\n<figure class=\"wp-block-embed is-type-video is-provider-youtube wp-block-embed-youtube wp-embed-aspect-16-9 wp-has-aspect-ratio\"><div class=\"wp-block-embed__wrapper\">\n<iframe loading=\"lazy\" title=\"IDeA - Pawe\u0142 Koterski\" width=\"500\" height=\"281\" src=\"https:\/\/www.youtube.com\/embed\/G-yZtpbVt-c?feature=oembed\" frameborder=\"0\" allow=\"accelerometer; autoplay; clipboard-write; encrypted-media; gyroscope; picture-in-picture; web-share\" referrerpolicy=\"strict-origin-when-cross-origin\" allowfullscreen><\/iframe>\n<\/div><\/figure>\n\n\n\n<p><em>prof. dr hab. El\u017cbieta Traple &#8211; wyk\u0142ad pt. &#8222;Pozew o naruszenie maj\u0105tkowych praw autorskich z pozycji powoda i pozwanego&#8221;.<\/em><\/p>\n\n\n\n<figure class=\"wp-block-embed is-type-video is-provider-youtube wp-block-embed-youtube wp-embed-aspect-16-9 wp-has-aspect-ratio\"><div class=\"wp-block-embed__wrapper\">\n<iframe loading=\"lazy\" title=\"IDea - prof. dr hab. El\u017cbieta Traple\" width=\"500\" height=\"281\" src=\"https:\/\/www.youtube.com\/embed\/EYFon2ijZ6o?feature=oembed\" frameborder=\"0\" allow=\"accelerometer; autoplay; clipboard-write; encrypted-media; gyroscope; picture-in-picture; web-share\" referrerpolicy=\"strict-origin-when-cross-origin\" allowfullscreen><\/iframe>\n<\/div><\/figure>\n\n\n\n<p><em>prof. dr hab. Jacek Go\u0142aczy\u0144ski &#8211; wyk\u0142ad pt. &#8222;Wykorzystanie nowoczesnych narz\u0119dzi informatycznych w pracy adwokata&#8221;<\/em><\/p>\n\n\n\n<figure class=\"wp-block-embed is-type-video is-provider-youtube wp-block-embed-youtube wp-embed-aspect-16-9 wp-has-aspect-ratio\"><div class=\"wp-block-embed__wrapper\">\n<iframe loading=\"lazy\" title=\"IDeA - prof. dr hab. Jacek Go\u0142aczy\u0144ski\" width=\"500\" height=\"281\" src=\"https:\/\/www.youtube.com\/embed\/4ycUpT7F8eQ?feature=oembed\" frameborder=\"0\" allow=\"accelerometer; autoplay; clipboard-write; encrypted-media; gyroscope; picture-in-picture; web-share\" referrerpolicy=\"strict-origin-when-cross-origin\" allowfullscreen><\/iframe>\n<\/div><\/figure>\n\n\n\n<p><em>adw. dr Pawe\u0142 Razowski &#8211; wyk\u0142ad pt. &#8222;Praktyczne problemy rozgraniczenia dr\u00f3g s\u0105dowych w post\u0119powaniu s\u0105dowoadministracyjnym i w post\u0119powaniu cywilnym&#8221;.<\/em><\/p>\n\n\n\n<figure class=\"wp-block-embed is-type-video is-provider-youtube wp-block-embed-youtube wp-embed-aspect-16-9 wp-has-aspect-ratio\"><div class=\"wp-block-embed__wrapper\">\n<iframe loading=\"lazy\" title=\"IDeA - adw. dr Pawe\u0142 Razowski\" width=\"500\" height=\"281\" src=\"https:\/\/www.youtube.com\/embed\/rfdEyQ_zu_c?feature=oembed\" frameborder=\"0\" allow=\"accelerometer; autoplay; clipboard-write; encrypted-media; gyroscope; picture-in-picture; web-share\" referrerpolicy=\"strict-origin-when-cross-origin\" allowfullscreen><\/iframe>\n<\/div><\/figure>\n","protected":false},"template":"","meta":{"_acf_changed":false,"inline_featured_image":false},"taksonomia":[4],"class_list":["post-4585","nagrania","type-nagrania","status-publish","hentry","taksonomia-szkolenia"],"acf":[],"_links":{"self":[{"href":"https:\/\/adwokatura.krakow.pl\/adwokaci-i-aplikanci\/wp-json\/wp\/v2\/nagrania\/4585","targetHints":{"allow":["GET"]}}],"collection":[{"href":"https:\/\/adwokatura.krakow.pl\/adwokaci-i-aplikanci\/wp-json\/wp\/v2\/nagrania"}],"about":[{"href":"https:\/\/adwokatura.krakow.pl\/adwokaci-i-aplikanci\/wp-json\/wp\/v2\/types\/nagrania"}],"wp:attachment":[{"href":"https:\/\/adwokatura.krakow.pl\/adwokaci-i-aplikanci\/wp-json\/wp\/v2\/media?parent=4585"}],"wp:term":[{"taxonomy":"taksonomia","embeddable":true,"href":"https:\/\/adwokatura.krakow.pl\/adwokaci-i-aplikanci\/wp-json\/wp\/v2\/taksonomia?post=4585"}],"curies":[{"name":"wp","href":"https:\/\/api.w.org\/{rel}","templated":true}]}}