{"id":4588,"date":"2024-10-15T09:49:28","date_gmt":"2024-10-15T07:49:28","guid":{"rendered":"https:\/\/adwokatura.krakow.pl\/adwokaci-i-aplikanci\/?post_type=nagrania&#038;p=4588"},"modified":"2026-01-26T14:11:46","modified_gmt":"2026-01-26T13:11:46","slug":"idea-wyklad-adwokat-dr-hab-janusz-raglewski","status":"publish","type":"nagrania","link":"https:\/\/adwokatura.krakow.pl\/adwokaci-i-aplikanci\/nagrania\/idea-wyklad-adwokat-dr-hab-janusz-raglewski\/","title":{"rendered":"IDeA 2017"},"content":{"rendered":"\n<p><em>adw. Anna Kasolik &#8211; &#8222;Najcz\u0119stsze b\u0142\u0119dy w sporz\u0105dzaniu um\u00f3w w obrocie gospodarczym&#8221;<\/em><\/p>\n\n\n\n<figure class=\"wp-block-embed is-type-video is-provider-youtube wp-block-embed-youtube wp-embed-aspect-16-9 wp-has-aspect-ratio\"><div class=\"wp-block-embed__wrapper\">\n<iframe loading=\"lazy\" title=\"IDeA - adw. Anna Kasolik\" width=\"500\" height=\"281\" src=\"https:\/\/www.youtube.com\/embed\/5CedVmTo5no?feature=oembed\" frameborder=\"0\" allow=\"accelerometer; autoplay; clipboard-write; encrypted-media; gyroscope; picture-in-picture; web-share\" referrerpolicy=\"strict-origin-when-cross-origin\" allowfullscreen><\/iframe>\n<\/div><\/figure>\n\n\n\n<p><em>adw. Gabriela Pawlus &#8211; \u0141apa &#8211; &#8222;Zakaz konkurencji w trakcie trwania stosunku pracy, po ustaniu stosunku pracy, umowa poufno\u015bci&#8221;<\/em><\/p>\n\n\n\n<figure class=\"wp-block-embed is-type-video is-provider-youtube wp-block-embed-youtube wp-embed-aspect-16-9 wp-has-aspect-ratio\"><div class=\"wp-block-embed__wrapper\">\n<iframe loading=\"lazy\" title=\"IDeA - adw. Gabriela Pawlus - \u0141apa\" width=\"500\" height=\"281\" src=\"https:\/\/www.youtube.com\/embed\/pu3zaq6fXMs?feature=oembed\" frameborder=\"0\" allow=\"accelerometer; autoplay; clipboard-write; encrypted-media; gyroscope; picture-in-picture; web-share\" referrerpolicy=\"strict-origin-when-cross-origin\" allowfullscreen><\/iframe>\n<\/div><\/figure>\n\n\n\n<p><em>adw. Aleksandra Cempura &#8211; &#8222;Podzia\u0142 Maj\u0105tku wsp\u00f3lnego ma\u0142\u017conk\u00f3w &#8211; problem orzecznictwa&#8221;<\/em><\/p>\n\n\n\n<figure class=\"wp-block-embed is-type-video is-provider-youtube wp-block-embed-youtube wp-embed-aspect-16-9 wp-has-aspect-ratio\"><div class=\"wp-block-embed__wrapper\">\n<iframe loading=\"lazy\" title=\"IDeA - adw. Aleksandra Cempura\" width=\"500\" height=\"281\" src=\"https:\/\/www.youtube.com\/embed\/EgnWjzdxmAg?feature=oembed\" frameborder=\"0\" allow=\"accelerometer; autoplay; clipboard-write; encrypted-media; gyroscope; picture-in-picture; web-share\" referrerpolicy=\"strict-origin-when-cross-origin\" allowfullscreen><\/iframe>\n<\/div><\/figure>\n\n\n\n<p><em>Maciej Sopy\u0142o oraz Marcin Grudzie\u0144 cz. I &#8211; &#8222;Jak uczy\u0107 prawa nie-prawnik\u00f3w&#8221;<\/em><\/p>\n\n\n\n<figure class=\"wp-block-embed is-type-video is-provider-youtube wp-block-embed-youtube wp-embed-aspect-16-9 wp-has-aspect-ratio\"><div class=\"wp-block-embed__wrapper\">\n<iframe loading=\"lazy\" title=\"IDeA - Maciej Sopy\u0142o oraz Marcin Grudzie\u0144 cz. I\" width=\"500\" height=\"281\" src=\"https:\/\/www.youtube.com\/embed\/z0c_fRTDCRU?feature=oembed\" frameborder=\"0\" allow=\"accelerometer; autoplay; clipboard-write; encrypted-media; gyroscope; picture-in-picture; web-share\" referrerpolicy=\"strict-origin-when-cross-origin\" allowfullscreen><\/iframe>\n<\/div><\/figure>\n\n\n\n<p><em>Maciej Sopy\u0142o oraz Marcin Grudzie\u0144 cz. II &#8211; &#8222;Jak uczy\u0107 prawa nie-prawnik\u00f3w&#8221;<\/em><\/p>\n\n\n\n<figure class=\"wp-block-embed is-type-video is-provider-youtube wp-block-embed-youtube wp-embed-aspect-16-9 wp-has-aspect-ratio\"><div class=\"wp-block-embed__wrapper\">\n<iframe loading=\"lazy\" title=\"IDeA - Maciej Sopy\u0142o oraz Marcin Grudzie\u0144 cz. II\" width=\"500\" height=\"281\" src=\"https:\/\/www.youtube.com\/embed\/yupPG1fSs3s?feature=oembed\" frameborder=\"0\" allow=\"accelerometer; autoplay; clipboard-write; encrypted-media; gyroscope; picture-in-picture; web-share\" referrerpolicy=\"strict-origin-when-cross-origin\" allowfullscreen><\/iframe>\n<\/div><\/figure>\n\n\n\n<p><em>Maciej Sopy\u0142o oraz Marcin Grudzie\u0144 cz. III &#8211; &#8222;Jak uczy\u0107 prawa nie-prawnik\u00f3w&#8221;<\/em><\/p>\n\n\n\n<figure class=\"wp-block-embed is-type-video is-provider-youtube wp-block-embed-youtube wp-embed-aspect-16-9 wp-has-aspect-ratio\"><div class=\"wp-block-embed__wrapper\">\n<iframe loading=\"lazy\" title=\"IDeA - Maciej Sopy\u0142o oraz Marcin Grudzie\u0144 cz. III\" width=\"500\" height=\"281\" src=\"https:\/\/www.youtube.com\/embed\/bTxmQMSSZQs?feature=oembed\" frameborder=\"0\" allow=\"accelerometer; autoplay; clipboard-write; encrypted-media; gyroscope; picture-in-picture; web-share\" referrerpolicy=\"strict-origin-when-cross-origin\" allowfullscreen><\/iframe>\n<\/div><\/figure>\n\n\n\n<p><em>adw. Marcin Pacyna cz. I &#8211; &#8222;Rola Adwokata w post\u0119powaniach podatkowych. Cz\u0119\u015b\u0107 I: Zagadnienia proceduralne (organy podatkowe i s\u0105dy administracyjne)&#8221;<\/em><\/p>\n\n\n\n<figure class=\"wp-block-embed is-type-video is-provider-youtube wp-block-embed-youtube wp-embed-aspect-16-9 wp-has-aspect-ratio\"><div class=\"wp-block-embed__wrapper\">\n<iframe loading=\"lazy\" title=\"IDeA - adw. Marcin Pacyna cz. I\" width=\"500\" height=\"281\" src=\"https:\/\/www.youtube.com\/embed\/RXIHnTOsNoI?feature=oembed\" frameborder=\"0\" allow=\"accelerometer; autoplay; clipboard-write; encrypted-media; gyroscope; picture-in-picture; web-share\" referrerpolicy=\"strict-origin-when-cross-origin\" allowfullscreen><\/iframe>\n<\/div><\/figure>\n\n\n\n<p><em>adw. Marcin Pacyna cz. II &#8211; &#8222;Rola Adwokata w post\u0119powaniach podatkowych. Cz\u0119\u015b\u0107 2. Aktualne problemy merytoryczne (zarys zagadnie\u0144)&#8221;<\/em><\/p>\n\n\n\n<figure class=\"wp-block-embed is-type-video is-provider-youtube wp-block-embed-youtube wp-embed-aspect-16-9 wp-has-aspect-ratio\"><div class=\"wp-block-embed__wrapper\">\n<iframe loading=\"lazy\" title=\"IDeA - adw. Marcin Pacyna cz. II\" width=\"500\" height=\"281\" src=\"https:\/\/www.youtube.com\/embed\/i8gLkUEyqWE?feature=oembed\" frameborder=\"0\" allow=\"accelerometer; autoplay; clipboard-write; encrypted-media; gyroscope; picture-in-picture; web-share\" referrerpolicy=\"strict-origin-when-cross-origin\" allowfullscreen><\/iframe>\n<\/div><\/figure>\n\n\n\n<p><em>adw. Marcin Szyma\u0144ski cz. I &#8211; &#8222;Abuzywne Klauzule waloryzacyjne w umowach kredytu denominowanego i indeksowanego do kursu walut obcych&#8221;<\/em><\/p>\n\n\n\n<figure class=\"wp-block-embed is-type-video is-provider-youtube wp-block-embed-youtube wp-embed-aspect-16-9 wp-has-aspect-ratio\"><div class=\"wp-block-embed__wrapper\">\n<iframe loading=\"lazy\" title=\"IDeA - adw. Marcin Szyma\u0144ski cz1\" width=\"500\" height=\"281\" src=\"https:\/\/www.youtube.com\/embed\/fYsofsvyuF0?feature=oembed\" frameborder=\"0\" allow=\"accelerometer; autoplay; clipboard-write; encrypted-media; gyroscope; picture-in-picture; web-share\" referrerpolicy=\"strict-origin-when-cross-origin\" allowfullscreen><\/iframe>\n<\/div><\/figure>\n\n\n\n<p><em>adw. Marcin Szyma\u0144ski cz. II &#8211; &#8222;Abuzywne Klauzule waloryzacyjne w umowach kredytu denominowanego i indeksowanego do kursu walut obcych&#8221;<\/em><\/p>\n\n\n\n<figure class=\"wp-block-embed is-type-video is-provider-youtube wp-block-embed-youtube wp-embed-aspect-16-9 wp-has-aspect-ratio\"><div class=\"wp-block-embed__wrapper\">\n<iframe loading=\"lazy\" title=\"IDeA -  adw. Marcin Szyma\u0144ski cz.2\" width=\"500\" height=\"281\" src=\"https:\/\/www.youtube.com\/embed\/XHJIHZOF1FY?feature=oembed\" frameborder=\"0\" allow=\"accelerometer; autoplay; clipboard-write; encrypted-media; gyroscope; picture-in-picture; web-share\" referrerpolicy=\"strict-origin-when-cross-origin\" allowfullscreen><\/iframe>\n<\/div><\/figure>\n\n\n\n<p><em>Marek Dworak &#8211; &#8222;Wskazania dla podejmowanych rozstrzygni\u0119\u0107 o zakresie winy w wypadkach drogowych w obr\u0119bie problem\u00f3w interpretacyjnych praw o ruchu drogowym&#8221;<\/em><\/p>\n\n\n\n<figure class=\"wp-block-embed is-type-video is-provider-youtube wp-block-embed-youtube wp-embed-aspect-16-9 wp-has-aspect-ratio\"><div class=\"wp-block-embed__wrapper\">\n<iframe loading=\"lazy\" title=\"IDeA - Marek Dworak\" width=\"500\" height=\"281\" src=\"https:\/\/www.youtube.com\/embed\/KNaEsler474?feature=oembed\" frameborder=\"0\" allow=\"accelerometer; autoplay; clipboard-write; encrypted-media; gyroscope; picture-in-picture; web-share\" referrerpolicy=\"strict-origin-when-cross-origin\" allowfullscreen><\/iframe>\n<\/div><\/figure>\n\n\n\n<p><em>dr Marek Benio &#8211; &#8222;Delegowanie pracownik\u00f3w w ramach swobody \u015bwiadczenia us\u0142ug&#8221;.<\/em><\/p>\n\n\n\n<figure class=\"wp-block-embed is-type-video is-provider-youtube wp-block-embed-youtube wp-embed-aspect-16-9 wp-has-aspect-ratio\"><div class=\"wp-block-embed__wrapper\">\n<iframe loading=\"lazy\" title=\"IDeA - dr Marek Benio\" width=\"500\" height=\"281\" src=\"https:\/\/www.youtube.com\/embed\/g8gHIktDOTM?feature=oembed\" frameborder=\"0\" allow=\"accelerometer; autoplay; clipboard-write; encrypted-media; gyroscope; picture-in-picture; web-share\" referrerpolicy=\"strict-origin-when-cross-origin\" allowfullscreen><\/iframe>\n<\/div><\/figure>\n\n\n\n<p><em>adw. Miros\u0142aw Cejmer &#8211; &#8222;Kodeksowe mechanizmy ochrony udzia\u0142owc\u00f3w mniejszo\u015bciowych na wypadek pokrzywdzenia wsp\u00f3lnymi dzia\u0142aniami zarz\u0105du i udzia\u0142owca wi\u0119kszo\u015bciowego&#8221;.<\/em><\/p>\n\n\n\n<figure class=\"wp-block-embed is-type-video is-provider-youtube wp-block-embed-youtube wp-embed-aspect-16-9 wp-has-aspect-ratio\"><div class=\"wp-block-embed__wrapper\">\n<iframe loading=\"lazy\" title=\"IDeA - adw. Miros\u0142aw Cejmer\" width=\"500\" height=\"281\" src=\"https:\/\/www.youtube.com\/embed\/gqdCeUZp-Zk?feature=oembed\" frameborder=\"0\" allow=\"accelerometer; autoplay; clipboard-write; encrypted-media; gyroscope; picture-in-picture; web-share\" referrerpolicy=\"strict-origin-when-cross-origin\" allowfullscreen><\/iframe>\n<\/div><\/figure>\n\n\n\n<p><em>dr S\u0142awomir Jarmu\u017c cz.1 &#8211; wyk\u0142ad pt. &#8222;Psychologia dla prawnik\u00f3w &#8211; funkcjonowanie umys\u0142u cz\u0142owieka&#8221;.<\/em><\/p>\n\n\n\n<figure class=\"wp-block-embed is-type-video is-provider-youtube wp-block-embed-youtube wp-embed-aspect-16-9 wp-has-aspect-ratio\"><div class=\"wp-block-embed__wrapper\">\n<iframe loading=\"lazy\" title=\"IDeA - dr S\u0142awomir Jarmu\u017c cz.I\" width=\"500\" height=\"281\" src=\"https:\/\/www.youtube.com\/embed\/Y7xx50o1hzM?feature=oembed\" frameborder=\"0\" allow=\"accelerometer; autoplay; clipboard-write; encrypted-media; gyroscope; picture-in-picture; web-share\" referrerpolicy=\"strict-origin-when-cross-origin\" allowfullscreen><\/iframe>\n<\/div><\/figure>\n\n\n\n<p><em>dr S\u0142awomir Jarmu\u017c cz.2 &#8211; wyk\u0142ad pt. &#8222;Psychologia dla prawnik\u00f3w &#8211; cz\u0142owiek w\u015br\u00f3d innych ludzi&#8221;.<\/em><\/p>\n\n\n\n<figure class=\"wp-block-embed is-type-video is-provider-youtube wp-block-embed-youtube wp-embed-aspect-16-9 wp-has-aspect-ratio\"><div class=\"wp-block-embed__wrapper\">\n<iframe loading=\"lazy\" title=\"IDeA - dr S\u0142awomir Jarmu\u017c cz.II\" width=\"500\" height=\"281\" src=\"https:\/\/www.youtube.com\/embed\/ypliBCBCfNg?feature=oembed\" frameborder=\"0\" allow=\"accelerometer; autoplay; clipboard-write; encrypted-media; gyroscope; picture-in-picture; web-share\" referrerpolicy=\"strict-origin-when-cross-origin\" allowfullscreen><\/iframe>\n<\/div><\/figure>\n\n\n\n<p><em>prof. dr hab. Miros\u0142aw Sadowski cz.1 &#8211; wyk\u0142ad pt. &#8222;Kontrakt ma\u0142\u017ce\u0144ski w prawie islamu&#8221;.<\/em><\/p>\n\n\n\n<figure class=\"wp-block-embed is-type-video is-provider-youtube wp-block-embed-youtube wp-embed-aspect-16-9 wp-has-aspect-ratio\"><div class=\"wp-block-embed__wrapper\">\n<iframe loading=\"lazy\" title=\"IDeA - prof. dr hab. Miros\u0142aw Sadowski cz. I\" width=\"500\" height=\"281\" src=\"https:\/\/www.youtube.com\/embed\/XrDghh79nYk?feature=oembed\" frameborder=\"0\" allow=\"accelerometer; autoplay; clipboard-write; encrypted-media; gyroscope; picture-in-picture; web-share\" referrerpolicy=\"strict-origin-when-cross-origin\" allowfullscreen><\/iframe>\n<\/div><\/figure>\n\n\n\n<p>prof. dr hab. Miros\u0142aw Sadowski cz.2 &#8211; <em>wyk\u0142ad pt. &#8222;Kontrakt ma\u0142\u017ce\u0144ski w prawie islamu&#8221;.<\/em><\/p>\n\n\n\n<figure class=\"wp-block-embed is-type-video is-provider-youtube wp-block-embed-youtube wp-embed-aspect-16-9 wp-has-aspect-ratio\"><div class=\"wp-block-embed__wrapper\">\n<iframe loading=\"lazy\" title=\"IDeA - prof. dr hab. Miros\u0142aw Sadowski cz. II\" width=\"500\" height=\"281\" src=\"https:\/\/www.youtube.com\/embed\/XhhQX6FD5Vo?feature=oembed\" frameborder=\"0\" allow=\"accelerometer; autoplay; clipboard-write; encrypted-media; gyroscope; picture-in-picture; web-share\" referrerpolicy=\"strict-origin-when-cross-origin\" allowfullscreen><\/iframe>\n<\/div><\/figure>\n\n\n\n<p><em>adw. dr Aleksandra Budniak-Rogala cz.1 &#8211; wyk\u0142ad pt. &#8222;Zapis na s\u0105d polubowny (Kazusy)&#8221;.<\/em><\/p>\n\n\n\n<figure class=\"wp-block-embed is-type-video is-provider-youtube wp-block-embed-youtube wp-embed-aspect-16-9 wp-has-aspect-ratio\"><div class=\"wp-block-embed__wrapper\">\n<iframe loading=\"lazy\" title=\"IDeA - adw. dr Aleksandra Budniak-Rogala cz. I\" width=\"500\" height=\"281\" src=\"https:\/\/www.youtube.com\/embed\/tSQVJ0Kmg1Q?feature=oembed\" frameborder=\"0\" allow=\"accelerometer; autoplay; clipboard-write; encrypted-media; gyroscope; picture-in-picture; web-share\" referrerpolicy=\"strict-origin-when-cross-origin\" allowfullscreen><\/iframe>\n<\/div><\/figure>\n\n\n\n<p>adw. dr Aleksandra Budniak-Rogala cz.2 &#8211; <em>wyk\u0142ad pt. &#8222;Zapis na s\u0105d polubowny (Kazusy)&#8221;.<\/em><\/p>\n\n\n\n<figure class=\"wp-block-embed is-type-video is-provider-youtube wp-block-embed-youtube wp-embed-aspect-16-9 wp-has-aspect-ratio\"><div class=\"wp-block-embed__wrapper\">\n<iframe loading=\"lazy\" title=\"IDeA - adw. dr Aleksandra Budniak-Rogala cz. II\" width=\"500\" height=\"281\" src=\"https:\/\/www.youtube.com\/embed\/RuJOG0dE9xs?feature=oembed\" frameborder=\"0\" allow=\"accelerometer; autoplay; clipboard-write; encrypted-media; gyroscope; picture-in-picture; web-share\" referrerpolicy=\"strict-origin-when-cross-origin\" allowfullscreen><\/iframe>\n<\/div><\/figure>\n\n\n\n<p><em>adw. Anna Kasolik oraz adw. Aleksandra Cempura &#8211; wyk\u0142ad pt. &#8222;Klauzula kary umownej oraz umownego prawa odst\u0105pienia w praktyce sporz\u0105dzania um\u00f3w oraz w praktyce s\u0105dowej&#8221;.<\/em><\/p>\n\n\n\n<figure class=\"wp-block-embed is-type-video is-provider-youtube wp-block-embed-youtube wp-embed-aspect-16-9 wp-has-aspect-ratio\"><div class=\"wp-block-embed__wrapper\">\n<iframe loading=\"lazy\" title=\"IDeA - adw. Anna Kasolik oraz adw. Aleksandra Cempura\" width=\"500\" height=\"281\" src=\"https:\/\/www.youtube.com\/embed\/IKrl0EMreV4?feature=oembed\" frameborder=\"0\" allow=\"accelerometer; autoplay; clipboard-write; encrypted-media; gyroscope; picture-in-picture; web-share\" referrerpolicy=\"strict-origin-when-cross-origin\" allowfullscreen><\/iframe>\n<\/div><\/figure>\n\n\n\n<p><em>adw. prof. dr hab. Jaros\u0142aw Majewski cz.1 &#8211; wyk\u0142ad pt. &#8222;Aktualny model warunkowego zawieszenia wykonywania kary pozbawienia wolno\u015bci&#8221;.<\/em><\/p>\n\n\n\n<figure class=\"wp-block-embed is-type-video is-provider-youtube wp-block-embed-youtube wp-embed-aspect-16-9 wp-has-aspect-ratio\"><div class=\"wp-block-embed__wrapper\">\n<iframe loading=\"lazy\" title=\"IDeA - adw. prof. dr hab. Jaros\u0142aw Majewski cz. I\" width=\"500\" height=\"281\" src=\"https:\/\/www.youtube.com\/embed\/IYG3gTngTr4?feature=oembed\" frameborder=\"0\" allow=\"accelerometer; autoplay; clipboard-write; encrypted-media; gyroscope; picture-in-picture; web-share\" referrerpolicy=\"strict-origin-when-cross-origin\" allowfullscreen><\/iframe>\n<\/div><\/figure>\n\n\n\n<p>adw. prof. dr hab. Jaros\u0142aw Majewski cz.2 &#8211; <em>wyk\u0142ad pt. &#8222;Aktualny model warunkowego zawieszenia wykonywania kary pozbawienia wolno\u015bci&#8221;.<\/em><\/p>\n\n\n\n<figure class=\"wp-block-embed is-type-video is-provider-youtube wp-block-embed-youtube wp-embed-aspect-16-9 wp-has-aspect-ratio\"><div class=\"wp-block-embed__wrapper\">\n<iframe loading=\"lazy\" title=\"IDeA - adw. prof. dr hab. Jaros\u0142aw Majewski cz. II\" width=\"500\" height=\"281\" src=\"https:\/\/www.youtube.com\/embed\/IxFVcpbWsko?feature=oembed\" frameborder=\"0\" allow=\"accelerometer; autoplay; clipboard-write; encrypted-media; gyroscope; picture-in-picture; web-share\" referrerpolicy=\"strict-origin-when-cross-origin\" allowfullscreen><\/iframe>\n<\/div><\/figure>\n\n\n\n<p><em>adw. prof. dr hab. Jaros\u0142aw Majewski &#8211; wyk\u0142ad pt. &#8222;\u015arodek kompensacyjny z art. 46 K.K. w postaci obowi\u0105zku naprawienia szkody&#8221;.<\/em><\/p>\n\n\n\n<figure class=\"wp-block-embed is-type-video is-provider-youtube wp-block-embed-youtube wp-embed-aspect-16-9 wp-has-aspect-ratio\"><div class=\"wp-block-embed__wrapper\">\n<iframe loading=\"lazy\" title=\"IDeA - adw. prof. dr hab. Jaros\u0142aw Majewski\" width=\"500\" height=\"281\" src=\"https:\/\/www.youtube.com\/embed\/vZXPpqEKLpI?feature=oembed\" frameborder=\"0\" allow=\"accelerometer; autoplay; clipboard-write; encrypted-media; gyroscope; picture-in-picture; web-share\" referrerpolicy=\"strict-origin-when-cross-origin\" allowfullscreen><\/iframe>\n<\/div><\/figure>\n\n\n\n<p><em>Szymon Kwiatkowski &#8211; wyk\u0142ad pt. &#8222;Marka prawnika i marketing w kancelarii&#8221;.<\/em><\/p>\n\n\n\n<figure class=\"wp-block-embed is-type-video is-provider-youtube wp-block-embed-youtube wp-embed-aspect-16-9 wp-has-aspect-ratio\"><div class=\"wp-block-embed__wrapper\">\n<iframe loading=\"lazy\" title=\"IDeA - Szymon Kwiatkowski\" width=\"500\" height=\"281\" src=\"https:\/\/www.youtube.com\/embed\/fp1QuK6fFso?feature=oembed\" frameborder=\"0\" allow=\"accelerometer; autoplay; clipboard-write; encrypted-media; gyroscope; picture-in-picture; web-share\" referrerpolicy=\"strict-origin-when-cross-origin\" allowfullscreen><\/iframe>\n<\/div><\/figure>\n","protected":false},"template":"","meta":{"_acf_changed":false,"inline_featured_image":false},"taksonomia":[4],"class_list":["post-4588","nagrania","type-nagrania","status-publish","hentry","taksonomia-szkolenia"],"acf":[],"_links":{"self":[{"href":"https:\/\/adwokatura.krakow.pl\/adwokaci-i-aplikanci\/wp-json\/wp\/v2\/nagrania\/4588","targetHints":{"allow":["GET"]}}],"collection":[{"href":"https:\/\/adwokatura.krakow.pl\/adwokaci-i-aplikanci\/wp-json\/wp\/v2\/nagrania"}],"about":[{"href":"https:\/\/adwokatura.krakow.pl\/adwokaci-i-aplikanci\/wp-json\/wp\/v2\/types\/nagrania"}],"wp:attachment":[{"href":"https:\/\/adwokatura.krakow.pl\/adwokaci-i-aplikanci\/wp-json\/wp\/v2\/media?parent=4588"}],"wp:term":[{"taxonomy":"taksonomia","embeddable":true,"href":"https:\/\/adwokatura.krakow.pl\/adwokaci-i-aplikanci\/wp-json\/wp\/v2\/taksonomia?post=4588"}],"curies":[{"name":"wp","href":"https:\/\/api.w.org\/{rel}","templated":true}]}}