{"id":4589,"date":"2024-10-15T09:51:26","date_gmt":"2024-10-15T07:51:26","guid":{"rendered":"https:\/\/adwokatura.krakow.pl\/adwokaci-i-aplikanci\/?post_type=nagrania&#038;p=4589"},"modified":"2026-01-26T13:38:33","modified_gmt":"2026-01-26T12:38:33","slug":"idea-wyklad-adwokat-dr-tomasz-razowski","status":"publish","type":"nagrania","link":"https:\/\/adwokatura.krakow.pl\/adwokaci-i-aplikanci\/nagrania\/idea-wyklad-adwokat-dr-tomasz-razowski\/","title":{"rendered":"IDeA 2019"},"content":{"rendered":"\n<p><em>adw. prof. UJ. dr hab. Dobros\u0142awa Szumi\u0142o-Kulczycka cz.1<\/em> <em>\u2013  wyk\u0142ad pt. Proces karny po nowelizacji<\/em><\/p>\n\n\n\n<figure class=\"wp-block-embed is-type-video is-provider-youtube wp-block-embed-youtube wp-embed-aspect-16-9 wp-has-aspect-ratio\"><div class=\"wp-block-embed__wrapper\">\n<iframe loading=\"lazy\" title=\"IDeA - adw. prof. UJ. dr hab. Dobros\u0142awa Szumi\u0142o-Kulczycka cz.1\" width=\"500\" height=\"281\" src=\"https:\/\/www.youtube.com\/embed\/YCPd-Pd2k1g?feature=oembed\" frameborder=\"0\" allow=\"accelerometer; autoplay; clipboard-write; encrypted-media; gyroscope; picture-in-picture; web-share\" referrerpolicy=\"strict-origin-when-cross-origin\" allowfullscreen><\/iframe>\n<\/div><\/figure>\n\n\n\n<p><em>adw. prof. UJ. dr hab. Dobros\u0142awa Szumi\u0142o-Kulczycka cz.<\/em> 2 <em>\u2013 <em>wyk\u0142ad pt.<\/em> Proces karny po nowelizacji<\/em><\/p>\n\n\n\n<figure class=\"wp-block-embed is-type-video is-provider-youtube wp-block-embed-youtube wp-embed-aspect-16-9 wp-has-aspect-ratio\"><div class=\"wp-block-embed__wrapper\">\n<iframe loading=\"lazy\" title=\"IDeA - adw. prof. UJ. dr hab. Dobros\u0142awa Szumi\u0142o-Kulczycka cz. 2\" width=\"500\" height=\"281\" src=\"https:\/\/www.youtube.com\/embed\/crssAjHwhxg?feature=oembed\" frameborder=\"0\" allow=\"accelerometer; autoplay; clipboard-write; encrypted-media; gyroscope; picture-in-picture; web-share\" referrerpolicy=\"strict-origin-when-cross-origin\" allowfullscreen><\/iframe>\n<\/div><\/figure>\n\n\n\n<p><em>adw. Alicja Sobota &#8211;<\/em> <em>wyk\u0142ad pt.<\/em> <em>Wp\u0142yw przepis\u00f3w ustawy z dnia 1 marca 2018R. o przeciwdzia\u0142aniu praniu pieni\u0119dzy oraz finansowaniu terroryzmu (ustawa &#8222;AML&#8221;) na praktyk\u0119 wykonywania zawodu adwokata i radcy prawnego<\/em><\/p>\n\n\n\n<figure class=\"wp-block-embed is-type-video is-provider-youtube wp-block-embed-youtube wp-embed-aspect-16-9 wp-has-aspect-ratio\"><div class=\"wp-block-embed__wrapper\">\n<iframe loading=\"lazy\" title=\"IDeA - adw. Alicja Sobota\" width=\"500\" height=\"281\" src=\"https:\/\/www.youtube.com\/embed\/21CyR4qHpYc?feature=oembed\" frameborder=\"0\" allow=\"accelerometer; autoplay; clipboard-write; encrypted-media; gyroscope; picture-in-picture; web-share\" referrerpolicy=\"strict-origin-when-cross-origin\" allowfullscreen><\/iframe>\n<\/div><\/figure>\n\n\n\n<p><em>adw. Agata Rewerska &#8211; wyk\u0142ad pt. &#8211; Koncentracja materia\u0142y dowodowego<\/em><\/p>\n\n\n\n<figure class=\"wp-block-embed is-type-video is-provider-youtube wp-block-embed-youtube wp-embed-aspect-16-9 wp-has-aspect-ratio\"><div class=\"wp-block-embed__wrapper\">\n<iframe loading=\"lazy\" title=\"IDeA - adw. Agata Rewerska\" width=\"500\" height=\"281\" src=\"https:\/\/www.youtube.com\/embed\/qnjDJ47rpWM?feature=oembed\" frameborder=\"0\" allow=\"accelerometer; autoplay; clipboard-write; encrypted-media; gyroscope; picture-in-picture; web-share\" referrerpolicy=\"strict-origin-when-cross-origin\" allowfullscreen><\/iframe>\n<\/div><\/figure>\n\n\n\n<p><em>Magdalena Fornal &#8211; wyk\u0142ad pt. &#8211; &#8222;\u015awiadome i efektywne u\u017cycie narz\u0119dzi coachingowych w pracy zawodowej adwokata&#8221;<\/em><\/p>\n\n\n\n<figure class=\"wp-block-embed is-type-video is-provider-youtube wp-block-embed-youtube wp-embed-aspect-16-9 wp-has-aspect-ratio\"><div class=\"wp-block-embed__wrapper\">\n<iframe loading=\"lazy\" title=\"IDeA - Magdalena Fornal\" width=\"500\" height=\"281\" src=\"https:\/\/www.youtube.com\/embed\/DssH7R4Owug?feature=oembed\" frameborder=\"0\" allow=\"accelerometer; autoplay; clipboard-write; encrypted-media; gyroscope; picture-in-picture; web-share\" referrerpolicy=\"strict-origin-when-cross-origin\" allowfullscreen><\/iframe>\n<\/div><\/figure>\n\n\n\n<p><em>adw. Aleksander Maziarz &#8211; wyk\u0142ad pt. &#8211; &#8222;Nadu\u017cycie pozycji dominuj\u0105cej w \u015bwietle Orzecznictwa S\u0105d\u00f3w Krajowych i Unijnych<\/em><\/p>\n\n\n\n<figure class=\"wp-block-embed is-type-video is-provider-youtube wp-block-embed-youtube wp-embed-aspect-16-9 wp-has-aspect-ratio\"><div class=\"wp-block-embed__wrapper\">\n<iframe loading=\"lazy\" title=\"IDeA - adw. Aleksander Maziarz\" width=\"500\" height=\"281\" src=\"https:\/\/www.youtube.com\/embed\/QgxM6OKCY7c?feature=oembed\" frameborder=\"0\" allow=\"accelerometer; autoplay; clipboard-write; encrypted-media; gyroscope; picture-in-picture; web-share\" referrerpolicy=\"strict-origin-when-cross-origin\" allowfullscreen><\/iframe>\n<\/div><\/figure>\n\n\n\n<p><em>Karol Pier\u00f3g cz.1 &#8211; wyk\u0142ad pt. &#8211; &#8222;Odwo\u0142anie do Krajowej Izby Odwo\u0142awczej &#8211; podstawy&#8221;.<\/em><\/p>\n\n\n\n<figure class=\"wp-block-embed is-type-video is-provider-youtube wp-block-embed-youtube wp-embed-aspect-16-9 wp-has-aspect-ratio\"><div class=\"wp-block-embed__wrapper\">\n<iframe loading=\"lazy\" title=\"IDeA - Karol Pier\u00f3g cz.1\" width=\"500\" height=\"281\" src=\"https:\/\/www.youtube.com\/embed\/4RlKZWAYOfY?feature=oembed\" frameborder=\"0\" allow=\"accelerometer; autoplay; clipboard-write; encrypted-media; gyroscope; picture-in-picture; web-share\" referrerpolicy=\"strict-origin-when-cross-origin\" allowfullscreen><\/iframe>\n<\/div><\/figure>\n\n\n\n<p><em>Karol Pier\u00f3g cz.2 &#8211; wyk\u0142ad pt. &#8211; &#8222;Odwo\u0142anie do Krajowej Izby Odwo\u0142awczej &#8211; podstawy&#8221;.<\/em><\/p>\n\n\n\n<figure class=\"wp-block-embed is-type-video is-provider-youtube wp-block-embed-youtube wp-embed-aspect-16-9 wp-has-aspect-ratio\"><div class=\"wp-block-embed__wrapper\">\n<iframe loading=\"lazy\" title=\"IDeA - Karol Pier\u00f3g cz. 2\" width=\"500\" height=\"281\" src=\"https:\/\/www.youtube.com\/embed\/9pyMRdd5s-E?feature=oembed\" frameborder=\"0\" allow=\"accelerometer; autoplay; clipboard-write; encrypted-media; gyroscope; picture-in-picture; web-share\" referrerpolicy=\"strict-origin-when-cross-origin\" allowfullscreen><\/iframe>\n<\/div><\/figure>\n\n\n\n<p><em>adw. Piotr Rachwa\u0142 cz.1 &#8211; wyk\u0142ad pt. &#8211; &#8222;Wielka nowela KPC &#8211; projekt ustawy z dnia 13 wrze\u015bnia 2018r.<\/em><\/p>\n\n\n\n<figure class=\"wp-block-embed is-type-video is-provider-youtube wp-block-embed-youtube wp-embed-aspect-16-9 wp-has-aspect-ratio\"><div class=\"wp-block-embed__wrapper\">\n<iframe loading=\"lazy\" title=\"IDeA - adw. Piotr Rachwa\u0142 cz.1\" width=\"500\" height=\"281\" src=\"https:\/\/www.youtube.com\/embed\/RFJVB_-sovI?feature=oembed\" frameborder=\"0\" allow=\"accelerometer; autoplay; clipboard-write; encrypted-media; gyroscope; picture-in-picture; web-share\" referrerpolicy=\"strict-origin-when-cross-origin\" allowfullscreen><\/iframe>\n<\/div><\/figure>\n\n\n\n<p><em>adw. Piotr Rachwa\u0142 cz.2 &#8211; wyk\u0142ad pt. &#8211; &#8221; Wielka nowela KPC &#8211; projekt ustawy z dnia 13 wrze\u015bnia 2018r.<\/em><\/p>\n\n\n\n<figure class=\"wp-block-embed is-type-video is-provider-youtube wp-block-embed-youtube wp-embed-aspect-16-9 wp-has-aspect-ratio\"><div class=\"wp-block-embed__wrapper\">\n<iframe loading=\"lazy\" title=\"IDeA - adw. Piotr Rachwa\u0142 cz.2\" width=\"500\" height=\"281\" src=\"https:\/\/www.youtube.com\/embed\/ChYTuLfZbZc?list=PLssYG2M-FhqdoaYW1yr1mYtfYmPi1r3UC\" frameborder=\"0\" allow=\"accelerometer; autoplay; clipboard-write; encrypted-media; gyroscope; picture-in-picture; web-share\" referrerpolicy=\"strict-origin-when-cross-origin\" allowfullscreen><\/iframe>\n<\/div><\/figure>\n\n\n\n<p><em>Maciej J\u0119drusiak &#8211; wyk\u0142ad pt. &#8211; &#8222;O roli i randze interpunkcji w tek\u015bcie&#8221;<\/em><\/p>\n\n\n\n<figure class=\"wp-block-embed is-type-video is-provider-youtube wp-block-embed-youtube wp-embed-aspect-16-9 wp-has-aspect-ratio\"><div class=\"wp-block-embed__wrapper\">\n<iframe loading=\"lazy\" title=\"IDeA -  Maciej J\u0119drusiak\" width=\"500\" height=\"281\" src=\"https:\/\/www.youtube.com\/embed\/J5CqAJOV4DM?feature=oembed\" frameborder=\"0\" allow=\"accelerometer; autoplay; clipboard-write; encrypted-media; gyroscope; picture-in-picture; web-share\" referrerpolicy=\"strict-origin-when-cross-origin\" allowfullscreen><\/iframe>\n<\/div><\/figure>\n\n\n\n<p><em>Anna Strzelecka &#8211; wyk\u0142ad pt. &#8211; &#8222;Rozwijanie technik komunikacji pisemnej w kontaktach biznesowych<\/em>&#8222;.<\/p>\n\n\n\n<figure class=\"wp-block-embed is-type-video is-provider-youtube wp-block-embed-youtube wp-embed-aspect-16-9 wp-has-aspect-ratio\"><div class=\"wp-block-embed__wrapper\">\n<iframe loading=\"lazy\" title=\"IDEA - Anna Strzelecka\" width=\"500\" height=\"281\" src=\"https:\/\/www.youtube.com\/embed\/gBN0PS4NjGQ?feature=oembed\" frameborder=\"0\" allow=\"accelerometer; autoplay; clipboard-write; encrypted-media; gyroscope; picture-in-picture; web-share\" referrerpolicy=\"strict-origin-when-cross-origin\" allowfullscreen><\/iframe>\n<\/div><\/figure>\n","protected":false},"template":"","meta":{"_acf_changed":false,"inline_featured_image":false},"taksonomia":[4],"class_list":["post-4589","nagrania","type-nagrania","status-publish","hentry","taksonomia-szkolenia"],"acf":[],"_links":{"self":[{"href":"https:\/\/adwokatura.krakow.pl\/adwokaci-i-aplikanci\/wp-json\/wp\/v2\/nagrania\/4589","targetHints":{"allow":["GET"]}}],"collection":[{"href":"https:\/\/adwokatura.krakow.pl\/adwokaci-i-aplikanci\/wp-json\/wp\/v2\/nagrania"}],"about":[{"href":"https:\/\/adwokatura.krakow.pl\/adwokaci-i-aplikanci\/wp-json\/wp\/v2\/types\/nagrania"}],"wp:attachment":[{"href":"https:\/\/adwokatura.krakow.pl\/adwokaci-i-aplikanci\/wp-json\/wp\/v2\/media?parent=4589"}],"wp:term":[{"taxonomy":"taksonomia","embeddable":true,"href":"https:\/\/adwokatura.krakow.pl\/adwokaci-i-aplikanci\/wp-json\/wp\/v2\/taksonomia?post=4589"}],"curies":[{"name":"wp","href":"https:\/\/api.w.org\/{rel}","templated":true}]}}