{"id":31,"date":"2023-11-27T17:42:57","date_gmt":"2023-11-27T16:42:57","guid":{"rendered":"http:\/\/adwokatura.krakow.pl\/adwokaci-i-aplikanci\/?page_id=31"},"modified":"2026-01-07T09:36:16","modified_gmt":"2026-01-07T08:36:16","slug":"wpis-na-liste-kia","status":"publish","type":"page","link":"https:\/\/adwokatura.krakow.pl\/adwokaci-i-aplikanci\/dla-adwokatow\/wpis-na-liste-kia\/","title":{"rendered":"Wpis na list\u0119"},"content":{"rendered":"\n<div class=\"wp-block-buttons is-layout-flex wp-block-buttons-is-layout-flex\">\n<div class=\"wp-block-button is-style-przycisk-style-one\"><a class=\"button wp-element-button\" href=\"http:\/\/adwokatura.krakow.pl\/adwokaci-i-aplikanci\/dla-adwokatow\/wpis-na-liste\/#wykaz-dokumentow\">Wykaz dokument\u00f3w<\/a><\/div>\n\n\n\n<div class=\"wp-block-button is-style-przycisk-style-one\"><a class=\"button wp-element-button\" href=\"http:\/\/adwokatura.krakow.pl\/adwokaci-i-aplikanci\/dla-adwokatow\/wpis-na-liste\/#dokumenty-do-pobrania\">Dokumenty do pobrania<\/a><\/div>\n<\/div>\n\n\n\n<h4 class=\"wp-block-heading\" id=\"wykaz-dokument\u00f3w\">Wykaz dokument\u00f3w dla staraj\u0105cych si\u0119 o wpis na list\u0119 adwokat\u00f3w KIA<\/h4>\n\n\n\n<p>*Wniosek o wpis na list\u0119 adwokat\u00f3w ze wskazaniem siedziby wykonywania zawodu<\/p>\n\n\n\n<p>*Kwestionariusz osobowy (2 x).<\/p>\n\n\n\n<p>*\u017byciorys (2 x).<\/p>\n\n\n\n<p>*Zdj\u0119cia (2 x).<\/p>\n\n\n\n<p>*Odpis dyplomu uko\u0144czenia wy\u017cszych studi\u00f3w prawniczych w RP lub notarialnie po\u015bwiadczony za zgodno\u015b\u0107 z orygina\u0142em<\/p>\n\n\n\n<p>*Dyplom z\u0142o\u017cenia egzaminu s\u0119dziowskiego, prokuratorskiego, radcowskiego lub notarialnego \u2013 notarialnie po\u015bwiadczony za zgodno\u015b\u0107 z orygina\u0142em<\/p>\n\n\n\n<p>*Informacja o niekaralno\u015bci z Krajowego Rejestru Karnego opatrzona dat\u0105 nie wcze\u015bniejsz\u0105 ni\u017c miesi\u0105c przed z\u0142o\u017ceniem wniosku,<\/p>\n\n\n\n<p>*Umowy o prac\u0119 wraz z dokumentami okre\u015blaj\u0105cymi zakres obowi\u0105zk\u00f3w lub za\u015bwiadczeniami od pracodawcy okre\u015blaj\u0105cymi zakres obowi\u0105zk\u00f3w, lub umowy cywilnoprawne wraz z o\u015bwiadczeniem o z\u0142o\u017ceniu deklaracji do w\u0142a\u015bciwego urz\u0119du skarbowego oraz zap\u0142aceniu podatku wynikaj\u0105cego z tytu\u0142u tych um\u00f3w \u2013 w przypadku os\u00f3b, o kt\u00f3rych mowa w art. 66 ust. 1 pkt 4 i 5 (ustawa Prawo o adwokaturze tekst jednolity Dz. U. z 2024 r. poz. 1564) \u2013 z p\u00f3\u017an. zm.<\/p>\n\n\n\n<p>*Dokument za\u015bwiadczaj\u0105cy uzyskanie stopnia naukowego doktora nauk prawnych \u2013 w przypadku os\u00f3b, o kt\u00f3rych mowa w art. 66 ust. 1 pkt 5 ustawy P. o. a<\/p>\n\n\n\n<p>*Za\u015bwiadczenia adwokata lub radcy prawnego, z kt\u00f3rego wynika\u0107 b\u0119dzie, \u017ce osoba ubiegaj\u0105ca si\u0119 o wpis wykonywa\u0142a wymagaj\u0105ce wiedzy prawniczej czynno\u015bci bezpo\u015brednio zwi\u0105zane ze \u015bwiadczeniem pomocy prawnej przez adwokata lub radc\u0119 prawnego \u2013 w przypadku os\u00f3b, o kt\u00f3rych mowa w art. 66 ust. 1 pkt 4 lit. b i pkt 5 lit. b ustawy P. o. a<\/p>\n\n\n\n<p>*Dokumenty za\u015bwiadczaj\u0105ce co najmniej 3-letni okres zatrudnienia w urz\u0119dach organ\u00f3w w\u0142adzy publicznej lub w pa\u0144stwowych jednostkach organizacyjnych i wykonywania wymagaj\u0105cych wiedzy prawniczej czynno\u015bci bezpo\u015brednio zwi\u0105zanych z tworzeniem projekt\u00f3w ustaw, rozporz\u0105dze\u0144 lub akt\u00f3w prawa miejscowego w przypadku os\u00f3b, o kt\u00f3rych mowa w art. 66 ust. 1 pkt 4 lit. c i pkt 5 lit. c Prawa o adwokaturze.<\/p>\n\n\n\n<p>*W miar\u0119 mo\u017cliwo\u015bci nazwiska i adresy dw\u00f3ch os\u00f3b, w tym jednego adwokata, mog\u0105cych udzieli\u0107 opinii co do r\u0119kojmi prawid\u0142owego wykonywania zawodu adwokata<\/p>\n\n\n\n<p>*O\u015bwiadczenie o nie staraniu si\u0119 o wpis na list\u0119 adwokat\u00f3w poza Izb\u0105 Krakowsk\u0105.<\/p>\n\n\n\n<p>*O\u015bwiadczenie o korzystaniu z pe\u0142ni praw publicznych oraz posiadaniu pe\u0142nej zdolno\u015bci do czynno\u015bci prawnych.<\/p>\n\n\n\n<p>*O\u015bwiadczenie lustracyjne, o kt\u00f3rym mowa w art. 7 ust. 1 ustawy z dnia 18 pa\u017adziernika 2006 r. o ujawnianiu informacji o dokumentach organ\u00f3w bezpiecze\u0144stwa pa\u0144stwa z lat 1944-1990 oraz tre\u015bci tych dokument\u00f3w (Dz. z 2007 r. Nr 63, poz. 425 \u2013 z p\u00f3\u017an. zm.), albo informacja, o kt\u00f3rej mowa w art. 7 ust. 3a tej ustawy, w przypadku os\u00f3b urodzonych przed dniem 1 sierpnia 1972 r.<\/p>\n\n\n\n<p>*Dow\u00f3d wp\u0142aty na konto ORA kwoty 4.806 z\u0142 zwi\u0105zanej z dokonywaniem wpisu (NRB: 79 1050 1445 1000 0022 9212 5404).<\/p>\n\n\n\n<p><strong>WA\u017bNE:<\/strong><\/p>\n\n\n\n<p>Op\u0142ata w wysoko\u015bci minimalnego wynagrodzenia obowi\u0105zuj\u0105cego w danym roku nie jest&nbsp; pobierana&nbsp; wy\u0142\u0105cznie od aplikant\u00f3w adwokackich Krakowskiej Izby Adwokackiej, kt\u00f3rzy uko\u0144czyli aplikacj\u0119 adwokack\u0105 przy KIA i z pozytywnym wynikiem z\u0142o\u017cyli egzamin adwokacki.<\/p>\n\n\n\n<p><strong>***Wykaz dokument\u00f3w dotyczy os\u00f3b staraj\u0105cych si\u0119 o wpis poza aplikacyjny.<\/strong><\/p>\n\n\n\n<h4 class=\"wp-block-heading\" id=\"dokumenty-do-pobrania\">WPIS NA LIST\u0118 ADWOKAT\u00d3W KIA &#8211; DOKUMENTY DO POBRANIA<\/h4>\n\n\n<div class=\"zalaczniki\">\n    \n    <div class=\"zalaczniki__wrap\">\n                        <div class=\"zalaczniki__single\">\n                <div class=\"zalaczniki__first\">\n                    <p class=\"zalaczniki__title\">\n                                                    Wpis po aplikacji adwokackiej\/egzaminie adwokackim                                            <\/p>\n                    <p class=\"zalaczniki__file-name\">\n                                                    zal.-A01.-WPIS-NA-LISTE-ADWOKATOW-PO-APLIKACJI-EGZAMINIE.docx                                            <\/p>\n                <\/div>\n                <div class=\"zalaczniki__middle\">\n                                        <a href=\"https:\/\/adwokatura.krakow.pl\/adwokaci-i-aplikanci\/wp-content\/uploads\/sites\/2\/2024\/03\/zal.-A01.-WPIS-NA-LISTE-ADWOKATOW-PO-APLIKACJI-EGZAMINIE.docx\">Zobacz plik<\/a>\n                                    <\/div>\n                <div class=\"zalaczniki__last\">\n                                        <a download href=\"https:\/\/adwokatura.krakow.pl\/adwokaci-i-aplikanci\/wp-content\/uploads\/sites\/2\/2024\/03\/zal.-A01.-WPIS-NA-LISTE-ADWOKATOW-PO-APLIKACJI-EGZAMINIE.docx\">\n                            <img decoding=\"async\" src=\"https:\/\/adwokatura.krakow.pl\/adwokaci-i-aplikanci\/wp-content\/themes\/kia\/dist\/images\/download.svg\" alt=\"download\">\n                        <\/a>\n                                    <\/div>\n               \n            <\/div>\n                    <div class=\"zalaczniki__single\">\n                <div class=\"zalaczniki__first\">\n                    <p class=\"zalaczniki__title\">\n                                                    Wpis bez aplikacji adwokackiej                                             <\/p>\n                    <p class=\"zalaczniki__file-name\">\n                                                    zal.-A02.-WPIS-NA-LISTE-ADWOKATOW-BEZ-APLIKACJI-2.docx                                            <\/p>\n                <\/div>\n                <div class=\"zalaczniki__middle\">\n                                        <a href=\"https:\/\/adwokatura.krakow.pl\/adwokaci-i-aplikanci\/wp-content\/uploads\/sites\/2\/2025\/06\/zal.-A02.-WPIS-NA-LISTE-ADWOKATOW-BEZ-APLIKACJI-2.docx\">Zobacz plik<\/a>\n                                    <\/div>\n                <div class=\"zalaczniki__last\">\n                                        <a download href=\"https:\/\/adwokatura.krakow.pl\/adwokaci-i-aplikanci\/wp-content\/uploads\/sites\/2\/2025\/06\/zal.-A02.-WPIS-NA-LISTE-ADWOKATOW-BEZ-APLIKACJI-2.docx\">\n                            <img decoding=\"async\" src=\"https:\/\/adwokatura.krakow.pl\/adwokaci-i-aplikanci\/wp-content\/themes\/kia\/dist\/images\/download.svg\" alt=\"download\">\n                        <\/a>\n                                    <\/div>\n               \n            <\/div>\n                    <div class=\"zalaczniki__single\">\n                <div class=\"zalaczniki__first\">\n                    <p class=\"zalaczniki__title\">\n                                                    Wpis na list\u0119 prawnik\u00f3w zagranicznych \/ formularz                                            <\/p>\n                    <p class=\"zalaczniki__file-name\">\n                                                    zal.-A03.-WPIS-NA-LISTE-PRAWNIKA-ZAGRANICZNEGO.doc                                            <\/p>\n                <\/div>\n                <div class=\"zalaczniki__middle\">\n                                        <a href=\"https:\/\/adwokatura.krakow.pl\/adwokaci-i-aplikanci\/wp-content\/uploads\/sites\/2\/2024\/03\/zal.-A03.-WPIS-NA-LISTE-PRAWNIKA-ZAGRANICZNEGO.doc\">Zobacz plik<\/a>\n                                    <\/div>\n                <div class=\"zalaczniki__last\">\n                                        <a download href=\"https:\/\/adwokatura.krakow.pl\/adwokaci-i-aplikanci\/wp-content\/uploads\/sites\/2\/2024\/03\/zal.-A03.-WPIS-NA-LISTE-PRAWNIKA-ZAGRANICZNEGO.doc\">\n                            <img decoding=\"async\" src=\"https:\/\/adwokatura.krakow.pl\/adwokaci-i-aplikanci\/wp-content\/themes\/kia\/dist\/images\/download.svg\" alt=\"download\">\n                        <\/a>\n                                    <\/div>\n               \n            <\/div>\n                    <div class=\"zalaczniki__single\">\n                <div class=\"zalaczniki__first\">\n                    <p class=\"zalaczniki__title\">\n                                                    Wpis na list\u0119 prawnik\u00f3w zagranicznych \/ wymagania                                            <\/p>\n                    <p class=\"zalaczniki__file-name\">\n                                                    zal.-A04.-WPIS-NA-LISTE-PRAWNIKOW-ZAGRANICZNYCH-ORA-KRAKOW-WYMAGANE-DOKUMENTY-.docx                                            <\/p>\n                <\/div>\n                <div class=\"zalaczniki__middle\">\n                                        <a href=\"https:\/\/adwokatura.krakow.pl\/adwokaci-i-aplikanci\/wp-content\/uploads\/sites\/2\/2024\/03\/zal.-A04.-WPIS-NA-LISTE-PRAWNIKOW-ZAGRANICZNYCH-ORA-KRAKOW-WYMAGANE-DOKUMENTY-.docx\">Zobacz plik<\/a>\n                                    <\/div>\n                <div class=\"zalaczniki__last\">\n                                        <a download href=\"https:\/\/adwokatura.krakow.pl\/adwokaci-i-aplikanci\/wp-content\/uploads\/sites\/2\/2024\/03\/zal.-A04.-WPIS-NA-LISTE-PRAWNIKOW-ZAGRANICZNYCH-ORA-KRAKOW-WYMAGANE-DOKUMENTY-.docx\">\n                            <img decoding=\"async\" src=\"https:\/\/adwokatura.krakow.pl\/adwokaci-i-aplikanci\/wp-content\/themes\/kia\/dist\/images\/download.svg\" alt=\"download\">\n                        <\/a>\n                                    <\/div>\n               \n            <\/div>\n                    <div class=\"zalaczniki__single\">\n                <div class=\"zalaczniki__first\">\n                    <p class=\"zalaczniki__title\">\n                                                    Kwestionariusz osobowy                                            <\/p>\n                    <p class=\"zalaczniki__file-name\">\n                                                    zal.-A05.-KWESTIONARIUSZ-OSOBOWY.doc                                            <\/p>\n                <\/div>\n                <div class=\"zalaczniki__middle\">\n                                        <a href=\"https:\/\/adwokatura.krakow.pl\/adwokaci-i-aplikanci\/wp-content\/uploads\/sites\/2\/2024\/03\/zal.-A05.-KWESTIONARIUSZ-OSOBOWY.doc\">Zobacz plik<\/a>\n                                    <\/div>\n                <div class=\"zalaczniki__last\">\n                                        <a download href=\"https:\/\/adwokatura.krakow.pl\/adwokaci-i-aplikanci\/wp-content\/uploads\/sites\/2\/2024\/03\/zal.-A05.-KWESTIONARIUSZ-OSOBOWY.doc\">\n                            <img decoding=\"async\" src=\"https:\/\/adwokatura.krakow.pl\/adwokaci-i-aplikanci\/wp-content\/themes\/kia\/dist\/images\/download.svg\" alt=\"download\">\n                        <\/a>\n                                    <\/div>\n               \n            <\/div>\n                    <div class=\"zalaczniki__single\">\n                <div class=\"zalaczniki__first\">\n                    <p class=\"zalaczniki__title\">\n                                                    O\u015bwiadczenie karno-dyscyplinarne                                            <\/p>\n                    <p class=\"zalaczniki__file-name\">\n                                                    zal.-A14.-oswiadczenie-karno-dyscyplinarne-.docx                                            <\/p>\n                <\/div>\n                <div class=\"zalaczniki__middle\">\n                                        <a href=\"https:\/\/adwokatura.krakow.pl\/adwokaci-i-aplikanci\/wp-content\/uploads\/sites\/2\/2024\/03\/zal.-A14.-oswiadczenie-karno-dyscyplinarne-.docx\">Zobacz plik<\/a>\n                                    <\/div>\n                <div class=\"zalaczniki__last\">\n                                        <a download href=\"https:\/\/adwokatura.krakow.pl\/adwokaci-i-aplikanci\/wp-content\/uploads\/sites\/2\/2024\/03\/zal.-A14.-oswiadczenie-karno-dyscyplinarne-.docx\">\n                            <img decoding=\"async\" src=\"https:\/\/adwokatura.krakow.pl\/adwokaci-i-aplikanci\/wp-content\/themes\/kia\/dist\/images\/download.svg\" alt=\"download\">\n                        <\/a>\n                                    <\/div>\n               \n            <\/div>\n                <\/div>\n<\/div>\n\n\n<h4 class=\"wp-block-heading\">POZOSTA\u0141E<\/h4>\n\n\n<div class=\"zalaczniki\">\n    \n    <div class=\"zalaczniki__wrap\">\n                        <div class=\"zalaczniki__single\">\n                <div class=\"zalaczniki__first\">\n                    <p class=\"zalaczniki__title\">\n                                                    Wniosek o utworzenie, modyfikacj\u0119 lub usuni\u0119cie skrzynki pocztowej w systemie poczty elektronicznej Krakowskiej Izby Adwokackiej                                            <\/p>\n                    <p class=\"zalaczniki__file-name\">\n                                                    wniosek-poczta-elektroniczna.pdf                                            <\/p>\n                <\/div>\n                <div class=\"zalaczniki__middle\">\n                                        <a href=\"https:\/\/adwokatura.krakow.pl\/adwokaci-i-aplikanci\/wp-content\/uploads\/sites\/2\/2023\/12\/wniosek-poczta-elektroniczna.pdf\">Zobacz plik<\/a>\n                                    <\/div>\n                <div class=\"zalaczniki__last\">\n                                        <a download href=\"https:\/\/adwokatura.krakow.pl\/adwokaci-i-aplikanci\/wp-content\/uploads\/sites\/2\/2023\/12\/wniosek-poczta-elektroniczna.pdf\">\n                            <img decoding=\"async\" src=\"https:\/\/adwokatura.krakow.pl\/adwokaci-i-aplikanci\/wp-content\/themes\/kia\/dist\/images\/download.svg\" alt=\"download\">\n                        <\/a>\n                                    <\/div>\n               \n            <\/div>\n                    <div class=\"zalaczniki__single\">\n                <div class=\"zalaczniki__first\">\n                    <p class=\"zalaczniki__title\">\n                                                    Umowa powierzenia przetwarzania danych osobowych                                            <\/p>\n                    <p class=\"zalaczniki__file-name\">\n                                                    umowa-powierzenia-21.pdf                                            <\/p>\n                <\/div>\n                <div class=\"zalaczniki__middle\">\n                                        <a href=\"https:\/\/adwokatura.krakow.pl\/adwokaci-i-aplikanci\/wp-content\/uploads\/sites\/2\/2023\/12\/umowa-powierzenia-21.pdf\">Zobacz plik<\/a>\n                                    <\/div>\n                <div class=\"zalaczniki__last\">\n                                        <a download href=\"https:\/\/adwokatura.krakow.pl\/adwokaci-i-aplikanci\/wp-content\/uploads\/sites\/2\/2023\/12\/umowa-powierzenia-21.pdf\">\n                            <img decoding=\"async\" src=\"https:\/\/adwokatura.krakow.pl\/adwokaci-i-aplikanci\/wp-content\/themes\/kia\/dist\/images\/download.svg\" alt=\"download\">\n                        <\/a>\n                                    <\/div>\n               \n            <\/div>\n                    <div class=\"zalaczniki__single\">\n                <div class=\"zalaczniki__first\">\n                    <p class=\"zalaczniki__title\">\n                                                    Regulamin korzystania ze znaku \u201eAdwokatura Polska\u201d                                            <\/p>\n                    <p class=\"zalaczniki__file-name\">\n                                                    regulamin-korzystania-ze-znaku-adwokatura-polska.pdf                                            <\/p>\n                <\/div>\n                <div class=\"zalaczniki__middle\">\n                                        <a href=\"https:\/\/adwokatura.krakow.pl\/adwokaci-i-aplikanci\/wp-content\/uploads\/sites\/2\/2023\/12\/regulamin-korzystania-ze-znaku-adwokatura-polska.pdf\">Zobacz plik<\/a>\n                                    <\/div>\n                <div class=\"zalaczniki__last\">\n                                        <a download href=\"https:\/\/adwokatura.krakow.pl\/adwokaci-i-aplikanci\/wp-content\/uploads\/sites\/2\/2023\/12\/regulamin-korzystania-ze-znaku-adwokatura-polska.pdf\">\n                            <img decoding=\"async\" src=\"https:\/\/adwokatura.krakow.pl\/adwokaci-i-aplikanci\/wp-content\/themes\/kia\/dist\/images\/download.svg\" alt=\"download\">\n                        <\/a>\n                                    <\/div>\n               \n            <\/div>\n                    <div class=\"zalaczniki__single\">\n                <div class=\"zalaczniki__first\">\n                    <p class=\"zalaczniki__title\">\n                                                    Regulamin wykonywania zawodu adwokata                                            <\/p>\n                    <p class=\"zalaczniki__file-name\">\n                                                    file-regulamin-wykonywania-zawodu-adwokata-1-grudnia-2023.pdf                                            <\/p>\n                <\/div>\n                <div class=\"zalaczniki__middle\">\n                                        <a href=\"https:\/\/adwokatura.krakow.pl\/adwokaci-i-aplikanci\/wp-content\/uploads\/sites\/2\/2024\/04\/file-regulamin-wykonywania-zawodu-adwokata-1-grudnia-2023.pdf\">Zobacz plik<\/a>\n                                    <\/div>\n                <div class=\"zalaczniki__last\">\n                                        <a download href=\"https:\/\/adwokatura.krakow.pl\/adwokaci-i-aplikanci\/wp-content\/uploads\/sites\/2\/2024\/04\/file-regulamin-wykonywania-zawodu-adwokata-1-grudnia-2023.pdf\">\n                            <img decoding=\"async\" src=\"https:\/\/adwokatura.krakow.pl\/adwokaci-i-aplikanci\/wp-content\/themes\/kia\/dist\/images\/download.svg\" alt=\"download\">\n                        <\/a>\n                                    <\/div>\n               \n            <\/div>\n                    <div class=\"zalaczniki__single\">\n                <div class=\"zalaczniki__first\">\n                    <p class=\"zalaczniki__title\">\n                                                    Regulamin wykonywania zawodu adwokata w kancelarii indywidualnej                                             <\/p>\n                    <p class=\"zalaczniki__file-name\">\n                                                    uchwala-prezydium-nra-regulamin-wykonywania-zawodutekst-jednolity-26-maja-2023.pdf                                            <\/p>\n                <\/div>\n                <div class=\"zalaczniki__middle\">\n                                        <a href=\"https:\/\/adwokatura.krakow.pl\/adwokaci-i-aplikanci\/wp-content\/uploads\/sites\/2\/2024\/04\/uchwala-prezydium-nra-regulamin-wykonywania-zawodutekst-jednolity-26-maja-2023.pdf\">Zobacz plik<\/a>\n                                    <\/div>\n                <div class=\"zalaczniki__last\">\n                                        <a download href=\"https:\/\/adwokatura.krakow.pl\/adwokaci-i-aplikanci\/wp-content\/uploads\/sites\/2\/2024\/04\/uchwala-prezydium-nra-regulamin-wykonywania-zawodutekst-jednolity-26-maja-2023.pdf\">\n                            <img decoding=\"async\" src=\"https:\/\/adwokatura.krakow.pl\/adwokaci-i-aplikanci\/wp-content\/themes\/kia\/dist\/images\/download.svg\" alt=\"download\">\n                        <\/a>\n                                    <\/div>\n               \n            <\/div>\n                    <div class=\"zalaczniki__single\">\n                <div class=\"zalaczniki__first\">\n                    <p class=\"zalaczniki__title\">\n                                                    Prawo o adwokaturze                                            <\/p>\n                    <p class=\"zalaczniki__file-name\">\n                                                    lex-dz-u-2022-1184-t-j-prawo-o-adwokaturze.pdf                                            <\/p>\n                <\/div>\n                <div class=\"zalaczniki__middle\">\n                                        <a href=\"https:\/\/adwokatura.krakow.pl\/adwokaci-i-aplikanci\/wp-content\/uploads\/sites\/2\/2023\/12\/lex-dz-u-2022-1184-t-j-prawo-o-adwokaturze.pdf\">Zobacz plik<\/a>\n                                    <\/div>\n                <div class=\"zalaczniki__last\">\n                                        <a download href=\"https:\/\/adwokatura.krakow.pl\/adwokaci-i-aplikanci\/wp-content\/uploads\/sites\/2\/2023\/12\/lex-dz-u-2022-1184-t-j-prawo-o-adwokaturze.pdf\">\n                            <img decoding=\"async\" src=\"https:\/\/adwokatura.krakow.pl\/adwokaci-i-aplikanci\/wp-content\/themes\/kia\/dist\/images\/download.svg\" alt=\"download\">\n                        <\/a>\n                                    <\/div>\n               \n            <\/div>\n                    <div class=\"zalaczniki__single\">\n                <div class=\"zalaczniki__first\">\n                    <p class=\"zalaczniki__title\">\n                                                    Kodeks etyki adwokackiej                                            <\/p>\n                    <p class=\"zalaczniki__file-name\">\n                                                    KODEKS-ETYKI-ADWOKACKIEJ.pdf                                            <\/p>\n                <\/div>\n                <div class=\"zalaczniki__middle\">\n                                        <a href=\"https:\/\/adwokatura.krakow.pl\/adwokaci-i-aplikanci\/wp-content\/uploads\/sites\/2\/2024\/03\/KODEKS-ETYKI-ADWOKACKIEJ.pdf\">Zobacz plik<\/a>\n                                    <\/div>\n                <div class=\"zalaczniki__last\">\n                                        <a download href=\"https:\/\/adwokatura.krakow.pl\/adwokaci-i-aplikanci\/wp-content\/uploads\/sites\/2\/2024\/03\/KODEKS-ETYKI-ADWOKACKIEJ.pdf\">\n                            <img decoding=\"async\" src=\"https:\/\/adwokatura.krakow.pl\/adwokaci-i-aplikanci\/wp-content\/themes\/kia\/dist\/images\/download.svg\" alt=\"download\">\n                        <\/a>\n                                    <\/div>\n               \n            <\/div>\n                <\/div>\n<\/div>","protected":false},"excerpt":{"rendered":"<p>Wykaz dokument\u00f3w dla staraj\u0105cych si\u0119 o wpis na list\u0119 adwokat\u00f3w KIA *Wniosek o wpis na list\u0119 adwokat\u00f3w ze wskazaniem siedziby wykonywania zawodu *Kwestionariusz osobowy (2 x). *\u017byciorys (2 x). *Zdj\u0119cia (2 x). *Odpis dyplomu uko\u0144czenia wy\u017cszych studi\u00f3w prawniczych w RP lub notarialnie po\u015bwiadczony za zgodno\u015b\u0107 z orygina\u0142em *Dyplom z\u0142o\u017cenia egzaminu s\u0119dziowskiego, prokuratorskiego, radcowskiego lub notarialnego [&hellip;]<\/p>\n","protected":false},"author":1,"featured_media":0,"parent":7,"menu_order":0,"comment_status":"closed","ping_status":"closed","template":"","meta":{"_acf_changed":false,"inline_featured_image":false,"footnotes":""},"class_list":["post-31","page","type-page","status-publish","hentry"],"acf":[],"_links":{"self":[{"href":"https:\/\/adwokatura.krakow.pl\/adwokaci-i-aplikanci\/wp-json\/wp\/v2\/pages\/31","targetHints":{"allow":["GET"]}}],"collection":[{"href":"https:\/\/adwokatura.krakow.pl\/adwokaci-i-aplikanci\/wp-json\/wp\/v2\/pages"}],"about":[{"href":"https:\/\/adwokatura.krakow.pl\/adwokaci-i-aplikanci\/wp-json\/wp\/v2\/types\/page"}],"author":[{"embeddable":true,"href":"https:\/\/adwokatura.krakow.pl\/adwokaci-i-aplikanci\/wp-json\/wp\/v2\/users\/1"}],"replies":[{"embeddable":true,"href":"https:\/\/adwokatura.krakow.pl\/adwokaci-i-aplikanci\/wp-json\/wp\/v2\/comments?post=31"}],"version-history":[{"count":45,"href":"https:\/\/adwokatura.krakow.pl\/adwokaci-i-aplikanci\/wp-json\/wp\/v2\/pages\/31\/revisions"}],"predecessor-version":[{"id":6681,"href":"https:\/\/adwokatura.krakow.pl\/adwokaci-i-aplikanci\/wp-json\/wp\/v2\/pages\/31\/revisions\/6681"}],"up":[{"embeddable":true,"href":"https:\/\/adwokatura.krakow.pl\/adwokaci-i-aplikanci\/wp-json\/wp\/v2\/pages\/7"}],"wp:attachment":[{"href":"https:\/\/adwokatura.krakow.pl\/adwokaci-i-aplikanci\/wp-json\/wp\/v2\/media?parent=31"}],"curies":[{"name":"wp","href":"https:\/\/api.w.org\/{rel}","templated":true}]}}