{"id":363,"date":"2023-11-29T15:57:17","date_gmt":"2023-11-29T14:57:17","guid":{"rendered":"http:\/\/adwokatura.krakow.pl\/adwokaci-i-aplikanci\/?page_id=363"},"modified":"2026-04-20T13:50:24","modified_gmt":"2026-04-20T11:50:24","slug":"organy-samorzadowe","status":"publish","type":"page","link":"https:\/\/adwokatura.krakow.pl\/adwokaci-i-aplikanci\/o-nas\/organy-samorzadowe\/","title":{"rendered":"Organy samorz\u0105dowe"},"content":{"rendered":"\n<h4 class=\"wp-block-heading\">KADENCJA OKR\u0118GOWEJ RADY ADWOKACKIEJ 2024-2028<\/h4>\n\n\n<div class=\"sklad-referatu\">\n    <div class=\"sklad-referatu__heading\">\n                    <h4 class=\"sklad-referatu__title\">\n                Referat Osobowy Okr\u0119gowej Rady Adwokackiej w Krakowie            <\/h4>\n                \n    <\/div>\n    <div class=\"sklad-referatu__row-wrap\">\n                                    <div class=\"sklad-referatu__row\">\n                    <div class=\"sklad-referatu__cell bold\">\n                                                    adw. Andrzej Karczewski                                             <\/div>\n                    <div class=\"sklad-referatu__cell \">\n                                                    Przewodnicz\u0105cy Referatu                                            <\/div>\n                <\/div>\n                            <div class=\"sklad-referatu__row\">\n                    <div class=\"sklad-referatu__cell bold\">\n                                                    adw. Piotr Ochwat                                             <\/div>\n                    <div class=\"sklad-referatu__cell \">\n                                                    Zast\u0119pca Przewodnicz\u0105cego Referatu                                            <\/div>\n                <\/div>\n                            <div class=\"sklad-referatu__row\">\n                    <div class=\"sklad-referatu__cell bold\">\n                                                    adw. Marcin Kosiorkiewicz                                            <\/div>\n                    <div class=\"sklad-referatu__cell \">\n                                                    Cz\u0142onek Referatu                                            <\/div>\n                <\/div>\n                            <div class=\"sklad-referatu__row\">\n                    <div class=\"sklad-referatu__cell bold\">\n                                                    adw. Krzysztof Kosta\u0144ski                                            <\/div>\n                    <div class=\"sklad-referatu__cell \">\n                                                    Cz\u0142onek Referatu                                            <\/div>\n                <\/div>\n                            <div class=\"sklad-referatu__row\">\n                    <div class=\"sklad-referatu__cell bold\">\n                                                    adw. Dariusz Gradzi                                             <\/div>\n                    <div class=\"sklad-referatu__cell \">\n                                                    Cz\u0142onek Referatu                                            <\/div>\n                <\/div>\n                            <div class=\"sklad-referatu__row\">\n                    <div class=\"sklad-referatu__cell bold\">\n                                                    adw. Pawe\u0142 Eilmes                                            <\/div>\n                    <div class=\"sklad-referatu__cell \">\n                                                    Cz\u0142onek Referatu                                            <\/div>\n                <\/div>\n                            <div class=\"sklad-referatu__row\">\n                    <div class=\"sklad-referatu__cell bold\">\n                                                    adw. Katarzyna Frankiewicz \u2013 Burda                                            <\/div>\n                    <div class=\"sklad-referatu__cell \">\n                                                    Cz\u0142onek Referatu                                            <\/div>\n                <\/div>\n                        <\/div>\n<\/div>\n\n<div class=\"sklad-referatu\">\n    <div class=\"sklad-referatu__heading\">\n                    <h4 class=\"sklad-referatu__title\">\n                Komisja ds. Badania R\u0119kojmi Wykonywania Zawodu Adwokata            <\/h4>\n                \n    <\/div>\n    <div class=\"sklad-referatu__row-wrap\">\n                                    <div class=\"sklad-referatu__row\">\n                    <div class=\"sklad-referatu__cell bold\">\n                                                    adw. Krzysztof Kosta\u0144ski                                             <\/div>\n                    <div class=\"sklad-referatu__cell \">\n                                                    Przewodnicz\u0105cy Zespo\u0142u                                            <\/div>\n                <\/div>\n                            <div class=\"sklad-referatu__row\">\n                    <div class=\"sklad-referatu__cell bold\">\n                                                    adw. Pawe\u0142 Gieras                                            <\/div>\n                    <div class=\"sklad-referatu__cell \">\n                                                    Zast\u0119pca przewodnicz\u0105cego Zespo\u0142u                                            <\/div>\n                <\/div>\n                            <div class=\"sklad-referatu__row\">\n                    <div class=\"sklad-referatu__cell bold\">\n                                                    adw. Wojciech Bergier                                            <\/div>\n                    <div class=\"sklad-referatu__cell \">\n                                                    Cz\u0142onek Zespo\u0142u                                            <\/div>\n                <\/div>\n                            <div class=\"sklad-referatu__row\">\n                    <div class=\"sklad-referatu__cell bold\">\n                                                    adw. Maciej Ha\u0142uszczy\u0144ski                                            <\/div>\n                    <div class=\"sklad-referatu__cell \">\n                                                    Cz\u0142onek Zespo\u0142u                                            <\/div>\n                <\/div>\n                            <div class=\"sklad-referatu__row\">\n                    <div class=\"sklad-referatu__cell bold\">\n                                                    adw. Stanis\u0142aw K\u0142ys                                            <\/div>\n                    <div class=\"sklad-referatu__cell \">\n                                                    Cz\u0142onek Zespo\u0142u                                            <\/div>\n                <\/div>\n                            <div class=\"sklad-referatu__row\">\n                    <div class=\"sklad-referatu__cell bold\">\n                                                    adw. Andrzej Karczewski                                            <\/div>\n                    <div class=\"sklad-referatu__cell \">\n                                                    Cz\u0142onek Zespo\u0142u                                            <\/div>\n                <\/div>\n                            <div class=\"sklad-referatu__row\">\n                    <div class=\"sklad-referatu__cell bold\">\n                                                    adw. Stanis\u0142aw Jerzy Ja\u017awiecki                                            <\/div>\n                    <div class=\"sklad-referatu__cell \">\n                                                    Cz\u0142onek Zespo\u0142u                                            <\/div>\n                <\/div>\n                            <div class=\"sklad-referatu__row\">\n                    <div class=\"sklad-referatu__cell bold\">\n                                                    adw. Pawe\u0142 Eilmes                                             <\/div>\n                    <div class=\"sklad-referatu__cell \">\n                                                    Cz\u0142onek Zespo\u0142u                                            <\/div>\n                <\/div>\n                            <div class=\"sklad-referatu__row\">\n                    <div class=\"sklad-referatu__cell bold\">\n                                                    adw. Marcin Kosiorkiewicz                                            <\/div>\n                    <div class=\"sklad-referatu__cell \">\n                                                    Cz\u0142onek Zespo\u0142u                                            <\/div>\n                <\/div>\n                            <div class=\"sklad-referatu__row\">\n                    <div class=\"sklad-referatu__cell bold\">\n                                                    adw. Piotr Ochwat                                            <\/div>\n                    <div class=\"sklad-referatu__cell \">\n                                                    Cz\u0142onek Zespo\u0142u                                            <\/div>\n                <\/div>\n                        <\/div>\n<\/div>\n\n<div class=\"sklad-referatu\">\n    <div class=\"sklad-referatu__heading\">\n                    <h4 class=\"sklad-referatu__title\">\n                Zesp\u00f3\u0142 ds. z urz\u0119du, kurateli, NPP Krakowskiej Izby Adwokackiej            <\/h4>\n                \n    <\/div>\n    <div class=\"sklad-referatu__row-wrap\">\n                                    <div class=\"sklad-referatu__row\">\n                    <div class=\"sklad-referatu__cell bold\">\n                                                    adw. Marcin Kosiorkiewicz                                             <\/div>\n                    <div class=\"sklad-referatu__cell \">\n                                                    Przewodnicz\u0105cy Zespo\u0142u                                            <\/div>\n                <\/div>\n                            <div class=\"sklad-referatu__row\">\n                    <div class=\"sklad-referatu__cell bold\">\n                                                    adw. Filip Tohl                                            <\/div>\n                    <div class=\"sklad-referatu__cell \">\n                                                    Zast\u0119pca przeownicz\u0105cego Zespo\u0142u                                            <\/div>\n                <\/div>\n                            <div class=\"sklad-referatu__row\">\n                    <div class=\"sklad-referatu__cell bold\">\n                                                    adw. Aleksandra Cempura                                            <\/div>\n                    <div class=\"sklad-referatu__cell \">\n                                                    Cz\u0142onek Zespo\u0142u                                            <\/div>\n                <\/div>\n                        <\/div>\n<\/div>\n\n<div class=\"sklad-referatu\">\n    <div class=\"sklad-referatu__heading\">\n                    <h4 class=\"sklad-referatu__title\">\n                Referat Skarg i Wniosk\u00f3w Okr\u0119gowej Rady Adwokackiej w Krakowie            <\/h4>\n                \n    <\/div>\n    <div class=\"sklad-referatu__row-wrap\">\n                                    <div class=\"sklad-referatu__row\">\n                    <div class=\"sklad-referatu__cell bold\">\n                                                    adw. Aleksandra Cempura                                             <\/div>\n                    <div class=\"sklad-referatu__cell \">\n                                                    Przewodnicz\u0105cy Referatu                                            <\/div>\n                <\/div>\n                            <div class=\"sklad-referatu__row\">\n                    <div class=\"sklad-referatu__cell bold\">\n                                                    adw. Marcin Kosiorkiewicz                                            <\/div>\n                    <div class=\"sklad-referatu__cell \">\n                                                    Zast\u0119pca Przewodnicz\u0105cego Referatu                                            <\/div>\n                <\/div>\n                            <div class=\"sklad-referatu__row\">\n                    <div class=\"sklad-referatu__cell bold\">\n                                                    adw. Monika Kami\u0144ska                                            <\/div>\n                    <div class=\"sklad-referatu__cell \">\n                                                    Cz\u0142onek Referatu                                            <\/div>\n                <\/div>\n                            <div class=\"sklad-referatu__row\">\n                    <div class=\"sklad-referatu__cell bold\">\n                                                    adw. Tomasz Tarnawski                                            <\/div>\n                    <div class=\"sklad-referatu__cell \">\n                                                    Cz\u0142onek Referatu                                            <\/div>\n                <\/div>\n                            <div class=\"sklad-referatu__row\">\n                    <div class=\"sklad-referatu__cell bold\">\n                                                    adw. Magdalena Barta                                            <\/div>\n                    <div class=\"sklad-referatu__cell \">\n                                                    Cz\u0142onek Referatu                                            <\/div>\n                <\/div>\n                            <div class=\"sklad-referatu__row\">\n                    <div class=\"sklad-referatu__cell bold\">\n                                                    adw. Mateusz Weredy\u0144ski                                            <\/div>\n                    <div class=\"sklad-referatu__cell \">\n                                                    Cz\u0142onek Referatu                                            <\/div>\n                <\/div>\n                            <div class=\"sklad-referatu__row\">\n                    <div class=\"sklad-referatu__cell bold\">\n                                                    adw. Pawe\u0142 Eilmes                                            <\/div>\n                    <div class=\"sklad-referatu__cell \">\n                                                    Cz\u0142onek Referatu                                            <\/div>\n                <\/div>\n                        <\/div>\n<\/div>\n\n<div class=\"sklad-referatu\">\n    <div class=\"sklad-referatu__heading\">\n                    <h4 class=\"sklad-referatu__title\">\n                Komisja Doskonalenia Zawodowego Adwokat\u00f3w Okr\u0119gowej Rady w Krakowie            <\/h4>\n                \n    <\/div>\n    <div class=\"sklad-referatu__row-wrap\">\n                                    <div class=\"sklad-referatu__row\">\n                    <div class=\"sklad-referatu__cell bold\">\n                                                    adw. Maciej Ha\u0142uszczy\u0144ski                                            <\/div>\n                    <div class=\"sklad-referatu__cell \">\n                                                    Przewodnicz\u0105cy Komisji                                            <\/div>\n                <\/div>\n                            <div class=\"sklad-referatu__row\">\n                    <div class=\"sklad-referatu__cell bold\">\n                                                    adw. dr hab. Janusz Raglewski prof. UJ                                             <\/div>\n                    <div class=\"sklad-referatu__cell \">\n                                                    Zast\u0119pca przewodnicz\u0105cego Komisji                                            <\/div>\n                <\/div>\n                            <div class=\"sklad-referatu__row\">\n                    <div class=\"sklad-referatu__cell bold\">\n                                                    adw. Wojciech Bergier                                            <\/div>\n                    <div class=\"sklad-referatu__cell \">\n                                                    Cz\u0142onek Komisji                                            <\/div>\n                <\/div>\n                            <div class=\"sklad-referatu__row\">\n                    <div class=\"sklad-referatu__cell bold\">\n                                                    adw. Karolina Gorczyca \u2013 Barszczewska                                            <\/div>\n                    <div class=\"sklad-referatu__cell \">\n                                                    Cz\u0142onek Komisji                                            <\/div>\n                <\/div>\n                            <div class=\"sklad-referatu__row\">\n                    <div class=\"sklad-referatu__cell bold\">\n                                                    adw. Mateusz Weredy\u0144ski                                             <\/div>\n                    <div class=\"sklad-referatu__cell \">\n                                                    Cz\u0142onek Komisji                                            <\/div>\n                <\/div>\n                            <div class=\"sklad-referatu__row\">\n                    <div class=\"sklad-referatu__cell bold\">\n                                                    adw. Szymon Korab                                            <\/div>\n                    <div class=\"sklad-referatu__cell \">\n                                                    Cz\u0142onek Komisji                                            <\/div>\n                <\/div>\n                            <div class=\"sklad-referatu__row\">\n                    <div class=\"sklad-referatu__cell bold\">\n                                                    adw. Piotr Rachwa\u0142                                            <\/div>\n                    <div class=\"sklad-referatu__cell \">\n                                                    Cz\u0142onek Komisji                                            <\/div>\n                <\/div>\n                            <div class=\"sklad-referatu__row\">\n                    <div class=\"sklad-referatu__cell bold\">\n                                                    adw. Marcin Barczyk                                            <\/div>\n                    <div class=\"sklad-referatu__cell \">\n                                                    Cz\u0142onek Komisji                                            <\/div>\n                <\/div>\n                            <div class=\"sklad-referatu__row\">\n                    <div class=\"sklad-referatu__cell bold\">\n                                                    adw. dr Kacper Ro\u017cek                                            <\/div>\n                    <div class=\"sklad-referatu__cell \">\n                                                    Cz\u0142onek Komisji                                            <\/div>\n                <\/div>\n                        <\/div>\n<\/div>\n\n<div class=\"sklad-referatu\">\n    <div class=\"sklad-referatu__heading\">\n                    <h4 class=\"sklad-referatu__title\">\n                Komisja Szkolenia Aplikant\u00f3w Adwokackich Okr\u0119gowej Rady Adwokackiej w Krakowie            <\/h4>\n                \n    <\/div>\n    <div class=\"sklad-referatu__row-wrap\">\n                                    <div class=\"sklad-referatu__row\">\n                    <div class=\"sklad-referatu__cell bold\">\n                                                    adw. Pawe\u0142 Gieras                                            <\/div>\n                    <div class=\"sklad-referatu__cell \">\n                                                    Przewodnicz\u0105cy Komisji                                            <\/div>\n                <\/div>\n                            <div class=\"sklad-referatu__row\">\n                    <div class=\"sklad-referatu__cell bold\">\n                                                    adw. Maciej Ha\u0142uszczy\u0144ski                                             <\/div>\n                    <div class=\"sklad-referatu__cell \">\n                                                    Zast\u0119pca Przewodnicz\u0105cego Komisji                                            <\/div>\n                <\/div>\n                            <div class=\"sklad-referatu__row\">\n                    <div class=\"sklad-referatu__cell bold\">\n                                                    adw. Karolina Gorczyca \u2013 Barszczewska                                             <\/div>\n                    <div class=\"sklad-referatu__cell \">\n                                                    Cz\u0142onek Komisji                                            <\/div>\n                <\/div>\n                            <div class=\"sklad-referatu__row\">\n                    <div class=\"sklad-referatu__cell bold\">\n                                                    adw. Ma\u0142gorzata Bac \u2013 Matuszewska                                            <\/div>\n                    <div class=\"sklad-referatu__cell \">\n                                                    Cz\u0142onek Komisji                                            <\/div>\n                <\/div>\n                            <div class=\"sklad-referatu__row\">\n                    <div class=\"sklad-referatu__cell bold\">\n                                                    adw. Piotr Rachwa\u0142                                            <\/div>\n                    <div class=\"sklad-referatu__cell \">\n                                                    Cz\u0142onek Komisji                                            <\/div>\n                <\/div>\n                        <\/div>\n<\/div>\n\n<div class=\"sklad-referatu\">\n    <div class=\"sklad-referatu__heading\">\n                    <h4 class=\"sklad-referatu__title\">\n                Komisja Bud\u017cetu i Finans\u00f3w            <\/h4>\n                \n    <\/div>\n    <div class=\"sklad-referatu__row-wrap\">\n                                    <div class=\"sklad-referatu__row\">\n                    <div class=\"sklad-referatu__cell bold\">\n                                                    adw. Krzysztof Kosta\u0144ski                                            <\/div>\n                    <div class=\"sklad-referatu__cell \">\n                                                    Przewodnicz\u0105cy Komisji                                            <\/div>\n                <\/div>\n                            <div class=\"sklad-referatu__row\">\n                    <div class=\"sklad-referatu__cell bold\">\n                                                    adw. Andrzej Karczewski                                             <\/div>\n                    <div class=\"sklad-referatu__cell \">\n                                                    Zast\u0119pca Przewodnicz\u0105cego Komisji                                            <\/div>\n                <\/div>\n                            <div class=\"sklad-referatu__row\">\n                    <div class=\"sklad-referatu__cell bold\">\n                                                    adw. Pawe\u0142 Eilmes                                            <\/div>\n                    <div class=\"sklad-referatu__cell \">\n                                                    Cz\u0142onek Komisji                                            <\/div>\n                <\/div>\n                            <div class=\"sklad-referatu__row\">\n                    <div class=\"sklad-referatu__cell bold\">\n                                                    adw. Aleksander Gut                                            <\/div>\n                    <div class=\"sklad-referatu__cell \">\n                                                    Cz\u0142onek Komisji                                            <\/div>\n                <\/div>\n                            <div class=\"sklad-referatu__row\">\n                    <div class=\"sklad-referatu__cell bold\">\n                                                    adw. Marcin Kosiorkiewicz                                            <\/div>\n                    <div class=\"sklad-referatu__cell \">\n                                                    Cz\u0142onek Komisji                                            <\/div>\n                <\/div>\n                            <div class=\"sklad-referatu__row\">\n                    <div class=\"sklad-referatu__cell bold\">\n                                                    adw. Joanna Zbierzchowska \u2013 Ocha\u0142ek                                            <\/div>\n                    <div class=\"sklad-referatu__cell \">\n                                                    Cz\u0142onek Komisji                                            <\/div>\n                <\/div>\n                            <div class=\"sklad-referatu__row\">\n                    <div class=\"sklad-referatu__cell bold\">\n                                                    adw. Antoni Piegza                                            <\/div>\n                    <div class=\"sklad-referatu__cell \">\n                                                    Cz\u0142onek Komisji                                            <\/div>\n                <\/div>\n                        <\/div>\n<\/div>\n\n<div class=\"sklad-referatu\">\n    <div class=\"sklad-referatu__heading\">\n                    <h4 class=\"sklad-referatu__title\">\n                Komisja Integracji \u015arodowiskowej, Kultury, Turystyki i Sportu            <\/h4>\n                \n    <\/div>\n    <div class=\"sklad-referatu__row-wrap\">\n                                    <div class=\"sklad-referatu__row\">\n                    <div class=\"sklad-referatu__cell bold\">\n                                                    adw. Filip Fedorowicz                                            <\/div>\n                    <div class=\"sklad-referatu__cell \">\n                                                    Przewodnicz\u0105cy Komisji                                            <\/div>\n                <\/div>\n                            <div class=\"sklad-referatu__row\">\n                    <div class=\"sklad-referatu__cell bold\">\n                                                    adw. Andrzej Karczewski                                            <\/div>\n                    <div class=\"sklad-referatu__cell \">\n                                                    Cz\u0142onek Komisji                                            <\/div>\n                <\/div>\n                            <div class=\"sklad-referatu__row\">\n                    <div class=\"sklad-referatu__cell bold\">\n                                                    adw. Angelika Arter                                            <\/div>\n                    <div class=\"sklad-referatu__cell \">\n                                                    Cz\u0142onek Komisji                                            <\/div>\n                <\/div>\n                            <div class=\"sklad-referatu__row\">\n                    <div class=\"sklad-referatu__cell bold\">\n                                                    adw. Dawid Wo\u017aniak                                            <\/div>\n                    <div class=\"sklad-referatu__cell \">\n                                                    Cz\u0142onek Komisji                                            <\/div>\n                <\/div>\n                            <div class=\"sklad-referatu__row\">\n                    <div class=\"sklad-referatu__cell bold\">\n                                                    adw. Piotr Karol Ochwat                                            <\/div>\n                    <div class=\"sklad-referatu__cell \">\n                                                    Cz\u0142onek Komisji                                            <\/div>\n                <\/div>\n                            <div class=\"sklad-referatu__row\">\n                    <div class=\"sklad-referatu__cell bold\">\n                                                    adw. Stanis\u0142aw K\u0142ys                                            <\/div>\n                    <div class=\"sklad-referatu__cell \">\n                                                    Cz\u0142onek Komisji                                            <\/div>\n                <\/div>\n                            <div class=\"sklad-referatu__row\">\n                    <div class=\"sklad-referatu__cell bold\">\n                                                    adw. Dariusz Gradzi                                             <\/div>\n                    <div class=\"sklad-referatu__cell \">\n                                                    Cz\u0142onek Komisji                                            <\/div>\n                <\/div>\n                            <div class=\"sklad-referatu__row\">\n                    <div class=\"sklad-referatu__cell bold\">\n                                                    adw. Mateusz Weredy\u0144ski                                            <\/div>\n                    <div class=\"sklad-referatu__cell \">\n                                                    Cz\u0142onek Komisji                                            <\/div>\n                <\/div>\n                            <div class=\"sklad-referatu__row\">\n                    <div class=\"sklad-referatu__cell bold\">\n                                                    adw. Adriana Szcz\u0119\u015bniak &#8211; Majcher                                            <\/div>\n                    <div class=\"sklad-referatu__cell \">\n                                                    Cz\u0142onek Komisji                                            <\/div>\n                <\/div>\n                        <\/div>\n<\/div>\n\n<div class=\"sklad-referatu\">\n    <div class=\"sklad-referatu__heading\">\n                    <h4 class=\"sklad-referatu__title\">\n                Rzecznik ds. informacji i kontaktu z mediami            <\/h4>\n                \n    <\/div>\n    <div class=\"sklad-referatu__row-wrap\">\n                                    <div class=\"sklad-referatu__row\">\n                    <div class=\"sklad-referatu__cell bold\">\n                                                    adw. Wojciech Bergier                                            <\/div>\n                    <div class=\"sklad-referatu__cell \">\n                                            <\/div>\n                <\/div>\n                        <\/div>\n<\/div>\n\n<div class=\"sklad-referatu\">\n    <div class=\"sklad-referatu__heading\">\n                    <h4 class=\"sklad-referatu__title\">\n                Koordynatorzy ds. Wizerunku            <\/h4>\n                \n    <\/div>\n    <div class=\"sklad-referatu__row-wrap\">\n                                    <div class=\"sklad-referatu__row\">\n                    <div class=\"sklad-referatu__cell bold\">\n                                                    adw. Dariusz Gradzi                                             <\/div>\n                    <div class=\"sklad-referatu__cell \">\n                                            <\/div>\n                <\/div>\n                            <div class=\"sklad-referatu__row\">\n                    <div class=\"sklad-referatu__cell bold\">\n                                                    adw. Karolina Gorczyca &#8211; Barszczewska                                            <\/div>\n                    <div class=\"sklad-referatu__cell \">\n                                            <\/div>\n                <\/div>\n                        <\/div>\n<\/div>\n\n<div class=\"sklad-referatu\">\n    <div class=\"sklad-referatu__heading\">\n                    <h4 class=\"sklad-referatu__title\">\n                Koordynator ds. Startu Zawodowego Adwokat\u00f3w            <\/h4>\n                \n    <\/div>\n    <div class=\"sklad-referatu__row-wrap\">\n                                    <div class=\"sklad-referatu__row\">\n                    <div class=\"sklad-referatu__cell bold\">\n                                                    adw. Maria Skotnicka                                            <\/div>\n                    <div class=\"sklad-referatu__cell \">\n                                            <\/div>\n                <\/div>\n                        <\/div>\n<\/div>\n\n<div class=\"sklad-referatu\">\n    <div class=\"sklad-referatu__heading\">\n                    <h4 class=\"sklad-referatu__title\">\n                Rzecznicy Dyscyplinarni            <\/h4>\n                \n    <\/div>\n    <div class=\"sklad-referatu__row-wrap\">\n                                    <div class=\"sklad-referatu__row\">\n                    <div class=\"sklad-referatu__cell bold\">\n                                                    adw. dr Micha\u0142 Sowa                                             <\/div>\n                    <div class=\"sklad-referatu__cell \">\n                                                    Rzecznik Dyscyplinarny KIA                                             <\/div>\n                <\/div>\n                            <div class=\"sklad-referatu__row\">\n                    <div class=\"sklad-referatu__cell bold\">\n                                                    adw. dr Patrycja Balcer-Czarnecka                                             <\/div>\n                    <div class=\"sklad-referatu__cell \">\n                                                    Zast\u0119pca Rzecznika Dyscyplinarnego                                             <\/div>\n                <\/div>\n                            <div class=\"sklad-referatu__row\">\n                    <div class=\"sklad-referatu__cell bold\">\n                                                    adw. Marcin Ga\u0142uszka                                            <\/div>\n                    <div class=\"sklad-referatu__cell \">\n                                                    Zast\u0119pca Rzecznika Dyscyplinarnego                                             <\/div>\n                <\/div>\n                            <div class=\"sklad-referatu__row\">\n                    <div class=\"sklad-referatu__cell bold\">\n                                                    adw. Monika Gurbiel                                            <\/div>\n                    <div class=\"sklad-referatu__cell \">\n                                                    Zast\u0119pca Rzecznika Dyscyplinarnego                                             <\/div>\n                <\/div>\n                            <div class=\"sklad-referatu__row\">\n                    <div class=\"sklad-referatu__cell bold\">\n                                                    adw. Marzena Ju\u015bkiewicz                                            <\/div>\n                    <div class=\"sklad-referatu__cell \">\n                                                    Zast\u0119pca Rzecznika Dyscyplinarnego                                             <\/div>\n                <\/div>\n                            <div class=\"sklad-referatu__row\">\n                    <div class=\"sklad-referatu__cell bold\">\n                                                    adw. Fryderyka Kulesza                                             <\/div>\n                    <div class=\"sklad-referatu__cell \">\n                                                    Zast\u0119pca Rzecznika Dyscyplinarnego                                             <\/div>\n                <\/div>\n                            <div class=\"sklad-referatu__row\">\n                    <div class=\"sklad-referatu__cell bold\">\n                                                    adw. Marek Kowalczyk                                             <\/div>\n                    <div class=\"sklad-referatu__cell \">\n                                                    Zast\u0119pca Rzecznika Dyscyplinarnego                                             <\/div>\n                <\/div>\n                            <div class=\"sklad-referatu__row\">\n                    <div class=\"sklad-referatu__cell bold\">\n                                                    adw. Bogdan Mat\u0142ok                                             <\/div>\n                    <div class=\"sklad-referatu__cell \">\n                                                    Zast\u0119pca Rzecznika Dyscyplinarnego                                             <\/div>\n                <\/div>\n                            <div class=\"sklad-referatu__row\">\n                    <div class=\"sklad-referatu__cell bold\">\n                                                    adw. Maciej Michalak                                             <\/div>\n                    <div class=\"sklad-referatu__cell \">\n                                                    Zast\u0119pca Rzecznika Dyscyplinarnego                                             <\/div>\n                <\/div>\n                            <div class=\"sklad-referatu__row\">\n                    <div class=\"sklad-referatu__cell bold\">\n                                                    adw. Tomasz Pabian                                             <\/div>\n                    <div class=\"sklad-referatu__cell \">\n                                                    Zast\u0119pca Rzecznika Dyscyplinarnego                                             <\/div>\n                <\/div>\n                            <div class=\"sklad-referatu__row\">\n                    <div class=\"sklad-referatu__cell bold\">\n                                                    adw. Miros\u0142aw Pa\u0142ucki                                             <\/div>\n                    <div class=\"sklad-referatu__cell \">\n                                                    Zast\u0119pca Rzecznika Dyscyplinarnego                                             <\/div>\n                <\/div>\n                            <div class=\"sklad-referatu__row\">\n                    <div class=\"sklad-referatu__cell bold\">\n                                                    adw. Magdalena Rygo\u0142-Ko\u015bciarz                                            <\/div>\n                    <div class=\"sklad-referatu__cell \">\n                                                    Zast\u0119pca Rzecznika Dyscyplinarnego                                             <\/div>\n                <\/div>\n                            <div class=\"sklad-referatu__row\">\n                    <div class=\"sklad-referatu__cell bold\">\n                                                    adw.. Rafa\u0142 Sta\u0144czewski                                             <\/div>\n                    <div class=\"sklad-referatu__cell \">\n                                                    Zast\u0119pca Rzecznika Dyscyplinarnego                                             <\/div>\n                <\/div>\n                            <div class=\"sklad-referatu__row\">\n                    <div class=\"sklad-referatu__cell bold\">\n                                                    adw.. Nadia Tomkiewicz                                             <\/div>\n                    <div class=\"sklad-referatu__cell \">\n                                                    Zast\u0119pca Rzecznika Dyscyplinarnego                                             <\/div>\n                <\/div>\n                            <div class=\"sklad-referatu__row\">\n                    <div class=\"sklad-referatu__cell bold\">\n                                                    adw. Marek Ziemianin                                            <\/div>\n                    <div class=\"sklad-referatu__cell \">\n                                                    Zast\u0119pca Rzecznika Dyscyplinarnego                                             <\/div>\n                <\/div>\n                            <div class=\"sklad-referatu__row\">\n                    <div class=\"sklad-referatu__cell bold\">\n                                                    adw. Tomasz Zientarski                                            <\/div>\n                    <div class=\"sklad-referatu__cell \">\n                                                    Zast\u0119pca Rzecznika Dyscyplinarnego                                             <\/div>\n                <\/div>\n                        <\/div>\n<\/div>\n\n<div class=\"sklad-referatu\">\n    <div class=\"sklad-referatu__heading\">\n                    <h4 class=\"sklad-referatu__title\">\n                Komisja Inicjatyw \u201eNowoczesna Adwokatura\u201d             <\/h4>\n                \n    <\/div>\n    <div class=\"sklad-referatu__row-wrap\">\n                                    <div class=\"sklad-referatu__row\">\n                    <div class=\"sklad-referatu__cell bold\">\n                                                    adw. Dariusz Gradzi                                            <\/div>\n                    <div class=\"sklad-referatu__cell \">\n                                                    Przewodnicz\u0105cy Komisji                                            <\/div>\n                <\/div>\n                            <div class=\"sklad-referatu__row\">\n                    <div class=\"sklad-referatu__cell bold\">\n                                                    adw. Aleksander Gut                                            <\/div>\n                    <div class=\"sklad-referatu__cell \">\n                                                    Cz\u0142onek Komisji                                            <\/div>\n                <\/div>\n                            <div class=\"sklad-referatu__row\">\n                    <div class=\"sklad-referatu__cell bold\">\n                                                    adw. Pawe\u0142 Gieras                                            <\/div>\n                    <div class=\"sklad-referatu__cell \">\n                                                    Cz\u0142onek Komisji                                            <\/div>\n                <\/div>\n                            <div class=\"sklad-referatu__row\">\n                    <div class=\"sklad-referatu__cell bold\">\n                                                    adw. Katarzyna Witkowska \u2013 Malinowska                                            <\/div>\n                    <div class=\"sklad-referatu__cell \">\n                                                    Cz\u0142onek Komisji                                            <\/div>\n                <\/div>\n                            <div class=\"sklad-referatu__row\">\n                    <div class=\"sklad-referatu__cell bold\">\n                                                    adw. dr Tomasz Cyrol                                            <\/div>\n                    <div class=\"sklad-referatu__cell \">\n                                                    Cz\u0142onek Komisji                                            <\/div>\n                <\/div>\n                            <div class=\"sklad-referatu__row\">\n                    <div class=\"sklad-referatu__cell bold\">\n                                                    adw. Maria Skotnicka                                            <\/div>\n                    <div class=\"sklad-referatu__cell \">\n                                                    Cz\u0142onek Komisji                                            <\/div>\n                <\/div>\n                            <div class=\"sklad-referatu__row\">\n                    <div class=\"sklad-referatu__cell bold\">\n                                                    adw. Jakub Jurowicz                                            <\/div>\n                    <div class=\"sklad-referatu__cell \">\n                                                    Cz\u0142onek Komisji                                            <\/div>\n                <\/div>\n                            <div class=\"sklad-referatu__row\">\n                    <div class=\"sklad-referatu__cell bold\">\n                                                    adw. \u0141ukasz \u0141aguna                                            <\/div>\n                    <div class=\"sklad-referatu__cell \">\n                                                    Cz\u0142onek Komisji                                            <\/div>\n                <\/div>\n                            <div class=\"sklad-referatu__row\">\n                    <div class=\"sklad-referatu__cell bold\">\n                                                    adw. Marcin Barczyk                                            <\/div>\n                    <div class=\"sklad-referatu__cell \">\n                                                    Cz\u0142onek Komisji                                            <\/div>\n                <\/div>\n                            <div class=\"sklad-referatu__row\">\n                    <div class=\"sklad-referatu__cell bold\">\n                                                    adw. Szymon Korab                                            <\/div>\n                    <div class=\"sklad-referatu__cell \">\n                                                    Cz\u0142onek Komisji                                            <\/div>\n                <\/div>\n                            <div class=\"sklad-referatu__row\">\n                    <div class=\"sklad-referatu__cell bold\">\n                                                    adw. Jakub Skowronek                                            <\/div>\n                    <div class=\"sklad-referatu__cell \">\n                                                    Cz\u0142onek Komisji                                            <\/div>\n                <\/div>\n                            <div class=\"sklad-referatu__row\">\n                    <div class=\"sklad-referatu__cell bold\">\n                                                    adw. Angelika Arter                                            <\/div>\n                    <div class=\"sklad-referatu__cell \">\n                                                    Cz\u0142onek Komisji                                            <\/div>\n                <\/div>\n                        <\/div>\n<\/div>\n\n<div class=\"sklad-referatu\">\n    <div class=\"sklad-referatu__heading\">\n                    <h4 class=\"sklad-referatu__title\">\n                Komisja ds. wykonywania zawodu adwokata i tajemnicy adwokackiej            <\/h4>\n                \n    <\/div>\n    <div class=\"sklad-referatu__row-wrap\">\n                                    <div class=\"sklad-referatu__row\">\n                    <div class=\"sklad-referatu__cell bold\">\n                                                    adw. W\u0142adys\u0142aw Pociej                                            <\/div>\n                    <div class=\"sklad-referatu__cell \">\n                                                    Przewodnicz\u0105cy Komisji                                             <\/div>\n                <\/div>\n                            <div class=\"sklad-referatu__row\">\n                    <div class=\"sklad-referatu__cell bold\">\n                                                    adw. Marcin Kosiorkiewicz                                            <\/div>\n                    <div class=\"sklad-referatu__cell \">\n                                                    Zast\u0119pca Przewodnicz\u0105cego Komisji                                             <\/div>\n                <\/div>\n                            <div class=\"sklad-referatu__row\">\n                    <div class=\"sklad-referatu__cell bold\">\n                                                    adw. Maciej Ha\u0142uszczy\u0144ski                                            <\/div>\n                    <div class=\"sklad-referatu__cell \">\n                                                    Cz\u0142onek Komisji                                            <\/div>\n                <\/div>\n                            <div class=\"sklad-referatu__row\">\n                    <div class=\"sklad-referatu__cell bold\">\n                                                    adw. Wojciech Bergier                                            <\/div>\n                    <div class=\"sklad-referatu__cell \">\n                                                    Cz\u0142onek Komisji                                            <\/div>\n                <\/div>\n                            <div class=\"sklad-referatu__row\">\n                    <div class=\"sklad-referatu__cell bold\">\n                                                    adw. Katarzyna Frankiewicz \u2013 Burda                                            <\/div>\n                    <div class=\"sklad-referatu__cell \">\n                                                    Cz\u0142onek Komisji                                            <\/div>\n                <\/div>\n                            <div class=\"sklad-referatu__row\">\n                    <div class=\"sklad-referatu__cell bold\">\n                                                    adw. Mateusz Weredy\u0144ski                                            <\/div>\n                    <div class=\"sklad-referatu__cell \">\n                                                    Cz\u0142onek Komisji                                            <\/div>\n                <\/div>\n                            <div class=\"sklad-referatu__row\">\n                    <div class=\"sklad-referatu__cell bold\">\n                                                    adw. Filip Tohl                                            <\/div>\n                    <div class=\"sklad-referatu__cell \">\n                                                    Cz\u0142onek Komisji                                            <\/div>\n                <\/div>\n                        <\/div>\n<\/div>\n\n<div class=\"sklad-referatu\">\n    <div class=\"sklad-referatu__heading\">\n                    <h4 class=\"sklad-referatu__title\">\n                Komisja Prawna i Legislacyjna             <\/h4>\n                \n    <\/div>\n    <div class=\"sklad-referatu__row-wrap\">\n                                    <div class=\"sklad-referatu__row\">\n                    <div class=\"sklad-referatu__cell bold\">\n                                                    adw. dr hab. Janusz Raglewski prof. UJ                                            <\/div>\n                    <div class=\"sklad-referatu__cell \">\n                                                    Przewodnicz\u0105cy Komisji                                            <\/div>\n                <\/div>\n                            <div class=\"sklad-referatu__row\">\n                    <div class=\"sklad-referatu__cell bold\">\n                                                    adw. Wojciech Bergier                                            <\/div>\n                    <div class=\"sklad-referatu__cell \">\n                                                    Zast\u0119pca Przewodnicz\u0105cego Komisji                                            <\/div>\n                <\/div>\n                            <div class=\"sklad-referatu__row\">\n                    <div class=\"sklad-referatu__cell bold\">\n                                                    adw. Marcin Barczyk                                             <\/div>\n                    <div class=\"sklad-referatu__cell \">\n                                                    Sekretarz                                            <\/div>\n                <\/div>\n                            <div class=\"sklad-referatu__row\">\n                    <div class=\"sklad-referatu__cell bold\">\n                                                    adw. Maciej Ha\u0142uszczy\u0144ski                                            <\/div>\n                    <div class=\"sklad-referatu__cell \">\n                                                    Cz\u0142onek Komisji                                            <\/div>\n                <\/div>\n                            <div class=\"sklad-referatu__row\">\n                    <div class=\"sklad-referatu__cell bold\">\n                                                    adw. Jolanta Kajfasz                                            <\/div>\n                    <div class=\"sklad-referatu__cell \">\n                                                    Cz\u0142onek Komisji                                            <\/div>\n                <\/div>\n                            <div class=\"sklad-referatu__row\">\n                    <div class=\"sklad-referatu__cell bold\">\n                                                    adw. Aleksandra Krzyworzeka                                            <\/div>\n                    <div class=\"sklad-referatu__cell \">\n                                                    Cz\u0142onek Komisji                                            <\/div>\n                <\/div>\n                            <div class=\"sklad-referatu__row\">\n                    <div class=\"sklad-referatu__cell bold\">\n                                                    adw. Maria Skotnicka                                            <\/div>\n                    <div class=\"sklad-referatu__cell \">\n                                                    Cz\u0142onek Komisji                                            <\/div>\n                <\/div>\n                            <div class=\"sklad-referatu__row\">\n                    <div class=\"sklad-referatu__cell bold\">\n                                                    adw. Jakub Skowronek                                            <\/div>\n                    <div class=\"sklad-referatu__cell \">\n                                                    Cz\u0142onek Komisji                                            <\/div>\n                <\/div>\n                            <div class=\"sklad-referatu__row\">\n                    <div class=\"sklad-referatu__cell bold\">\n                                                    adw. Pawe\u0142 \u015aliz                                            <\/div>\n                    <div class=\"sklad-referatu__cell \">\n                                                    Cz\u0142onek Komisji                                            <\/div>\n                <\/div>\n                            <div class=\"sklad-referatu__row\">\n                    <div class=\"sklad-referatu__cell bold\">\n                                                    adw. Adam Wojtaszczyk                                            <\/div>\n                    <div class=\"sklad-referatu__cell \">\n                                                    Cz\u0142onek Komisji                                            <\/div>\n                <\/div>\n                            <div class=\"sklad-referatu__row\">\n                    <div class=\"sklad-referatu__cell bold\">\n                                                    adw. Joanna Zbierzchowska-Ocha\u0142ek                                             <\/div>\n                    <div class=\"sklad-referatu__cell \">\n                                                    Cz\u0142onek Komisji                                            <\/div>\n                <\/div>\n                            <div class=\"sklad-referatu__row\">\n                    <div class=\"sklad-referatu__cell bold\">\n                                                    adw. Filip Tohl                                            <\/div>\n                    <div class=\"sklad-referatu__cell \">\n                                                    Cz\u0142onek Komisji                                            <\/div>\n                <\/div>\n                        <\/div>\n<\/div>\n\n<div class=\"sklad-referatu\">\n    <div class=\"sklad-referatu__heading\">\n                    <h4 class=\"sklad-referatu__title\">\n                Komisja ds. Edukacji Prawnej             <\/h4>\n                \n    <\/div>\n    <div class=\"sklad-referatu__row-wrap\">\n                                    <div class=\"sklad-referatu__row\">\n                    <div class=\"sklad-referatu__cell bold\">\n                                                    adw. Aleksander Gut                                             <\/div>\n                    <div class=\"sklad-referatu__cell \">\n                                                    Przewodnicz\u0105ca Komisji                                            <\/div>\n                <\/div>\n                            <div class=\"sklad-referatu__row\">\n                    <div class=\"sklad-referatu__cell bold\">\n                                                    adw. Piotr Rachwa\u0142                                             <\/div>\n                    <div class=\"sklad-referatu__cell \">\n                                                    Zast\u0119pca Przewodnicz\u0105cego Komisji                                            <\/div>\n                <\/div>\n                            <div class=\"sklad-referatu__row\">\n                    <div class=\"sklad-referatu__cell bold\">\n                                                    adw. Aleksandra Cempura                                            <\/div>\n                    <div class=\"sklad-referatu__cell \">\n                                                    Cz\u0142onek Komisji                                            <\/div>\n                <\/div>\n                            <div class=\"sklad-referatu__row\">\n                    <div class=\"sklad-referatu__cell bold\">\n                                                    adw. Aleksandr\u0119 N\u0119dzi-Marek                                            <\/div>\n                    <div class=\"sklad-referatu__cell \">\n                                                    Cz\u0142onek Komisji                                            <\/div>\n                <\/div>\n                        <\/div>\n<\/div>\n\n<div class=\"sklad-referatu\">\n    <div class=\"sklad-referatu__heading\">\n                    <h4 class=\"sklad-referatu__title\">\n                Komisja ds. wsp\u00f3\u0142pracy z zagranic\u0105            <\/h4>\n                \n    <\/div>\n    <div class=\"sklad-referatu__row-wrap\">\n                                    <div class=\"sklad-referatu__row\">\n                    <div class=\"sklad-referatu__cell bold\">\n                                                    adw. Aleksander Gut                                            <\/div>\n                    <div class=\"sklad-referatu__cell \">\n                                                    Przewodnicz\u0105cy Komisji                                            <\/div>\n                <\/div>\n                            <div class=\"sklad-referatu__row\">\n                    <div class=\"sklad-referatu__cell bold\">\n                                                    Joanna Wso\u0142ek                                             <\/div>\n                    <div class=\"sklad-referatu__cell \">\n                                                    Zast\u0119pca przewodnicz\u0105cego Komisji                                            <\/div>\n                <\/div>\n                            <div class=\"sklad-referatu__row\">\n                    <div class=\"sklad-referatu__cell bold\">\n                                                    adw. dr Tomasz Cyrol                                            <\/div>\n                    <div class=\"sklad-referatu__cell \">\n                                                    Cz\u0142onek Komisji                                            <\/div>\n                <\/div>\n                            <div class=\"sklad-referatu__row\">\n                    <div class=\"sklad-referatu__cell bold\">\n                                                    adw. Gabriela Niezgoda                                            <\/div>\n                    <div class=\"sklad-referatu__cell \">\n                                                    Cz\u0142onek Komisji                                            <\/div>\n                <\/div>\n                            <div class=\"sklad-referatu__row\">\n                    <div class=\"sklad-referatu__cell bold\">\n                                                    adw. Aleksandra N\u0119dzi \u2013 Marek                                             <\/div>\n                    <div class=\"sklad-referatu__cell \">\n                                                    Cz\u0142onek Komisji                                            <\/div>\n                <\/div>\n                            <div class=\"sklad-referatu__row\">\n                    <div class=\"sklad-referatu__cell bold\">\n                                                    adw. Izabella Konopacka                                            <\/div>\n                    <div class=\"sklad-referatu__cell \">\n                                                    Cz\u0142onek Komisji                                            <\/div>\n                <\/div>\n                            <div class=\"sklad-referatu__row\">\n                    <div class=\"sklad-referatu__cell bold\">\n                                                    adw. Pawe\u0142 Gieras                                            <\/div>\n                    <div class=\"sklad-referatu__cell \">\n                                                    Cz\u0142onek Komisji                                            <\/div>\n                <\/div>\n                            <div class=\"sklad-referatu__row\">\n                    <div class=\"sklad-referatu__cell bold\">\n                                                    adw. Andrzej Karczewski                                            <\/div>\n                    <div class=\"sklad-referatu__cell \">\n                                                    Cz\u0142onek Komisji                                            <\/div>\n                <\/div>\n                        <\/div>\n<\/div>\n\n<div class=\"sklad-referatu\">\n    <div class=\"sklad-referatu__heading\">\n                    <h4 class=\"sklad-referatu__title\">\n                Sekcja praktyk\u00f3w Prawa Karnego            <\/h4>\n                \n    <\/div>\n    <div class=\"sklad-referatu__row-wrap\">\n                                    <div class=\"sklad-referatu__row\">\n                    <div class=\"sklad-referatu__cell bold\">\n                                                    adw. Jan Znamiec                                            <\/div>\n                    <div class=\"sklad-referatu__cell \">\n                                                    Przewodnicz\u0105cy Komisji                                            <\/div>\n                <\/div>\n                        <\/div>\n<\/div>\n\n<div class=\"sklad-referatu\">\n    <div class=\"sklad-referatu__heading\">\n                    <h4 class=\"sklad-referatu__title\">\n                Zesp\u00f3\u0142 Wizytator\u00f3w Krakowskiej Izby Adwokackiej            <\/h4>\n                \n    <\/div>\n    <div class=\"sklad-referatu__row-wrap\">\n                                    <div class=\"sklad-referatu__row\">\n                    <div class=\"sklad-referatu__cell bold\">\n                                                    adw. Wojciech Bergier                                            <\/div>\n                    <div class=\"sklad-referatu__cell \">\n                                                    Przewodnicz\u0105cy Zespo\u0142u                                            <\/div>\n                <\/div>\n                            <div class=\"sklad-referatu__row\">\n                    <div class=\"sklad-referatu__cell bold\">\n                                                    adw. Piotr Capi\u0144ski                                            <\/div>\n                    <div class=\"sklad-referatu__cell \">\n                                            <\/div>\n                <\/div>\n                            <div class=\"sklad-referatu__row\">\n                    <div class=\"sklad-referatu__cell bold\">\n                                                    adw. Malwina Cicho\u0144ska                                            <\/div>\n                    <div class=\"sklad-referatu__cell \">\n                                            <\/div>\n                <\/div>\n                            <div class=\"sklad-referatu__row\">\n                    <div class=\"sklad-referatu__cell bold\">\n                                                    adw. Piotr Danek                                            <\/div>\n                    <div class=\"sklad-referatu__cell \">\n                                            <\/div>\n                <\/div>\n                            <div class=\"sklad-referatu__row\">\n                    <div class=\"sklad-referatu__cell bold\">\n                                                    adw. Katrzyna Durlej-Smykiel                                            <\/div>\n                    <div class=\"sklad-referatu__cell \">\n                                            <\/div>\n                <\/div>\n                            <div class=\"sklad-referatu__row\">\n                    <div class=\"sklad-referatu__cell bold\">\n                                                    adw. Roman G\u0142adyszowski                                            <\/div>\n                    <div class=\"sklad-referatu__cell \">\n                                            <\/div>\n                <\/div>\n                            <div class=\"sklad-referatu__row\">\n                    <div class=\"sklad-referatu__cell bold\">\n                                                    adw. Marcin Klatkiewicz                                            <\/div>\n                    <div class=\"sklad-referatu__cell \">\n                                            <\/div>\n                <\/div>\n                            <div class=\"sklad-referatu__row\">\n                    <div class=\"sklad-referatu__cell bold\">\n                                                    adw. Micha\u0142 Ko\u0142odziejski                                            <\/div>\n                    <div class=\"sklad-referatu__cell \">\n                                            <\/div>\n                <\/div>\n                            <div class=\"sklad-referatu__row\">\n                    <div class=\"sklad-referatu__cell bold\">\n                                                    adw. Marcelina Kordek                                            <\/div>\n                    <div class=\"sklad-referatu__cell \">\n                                            <\/div>\n                <\/div>\n                            <div class=\"sklad-referatu__row\">\n                    <div class=\"sklad-referatu__cell bold\">\n                                                    adw. Agnieszka Kurek-Mazgaj                                            <\/div>\n                    <div class=\"sklad-referatu__cell \">\n                                            <\/div>\n                <\/div>\n                            <div class=\"sklad-referatu__row\">\n                    <div class=\"sklad-referatu__cell bold\">\n                                                    adw. Adam Madejski                                            <\/div>\n                    <div class=\"sklad-referatu__cell \">\n                                            <\/div>\n                <\/div>\n                            <div class=\"sklad-referatu__row\">\n                    <div class=\"sklad-referatu__cell bold\">\n                                                    adw. Pawe\u0142 M\u0119do\u0144                                            <\/div>\n                    <div class=\"sklad-referatu__cell \">\n                                            <\/div>\n                <\/div>\n                            <div class=\"sklad-referatu__row\">\n                    <div class=\"sklad-referatu__cell bold\">\n                                                    adw. Tomasz Nowak                                            <\/div>\n                    <div class=\"sklad-referatu__cell \">\n                                            <\/div>\n                <\/div>\n                            <div class=\"sklad-referatu__row\">\n                    <div class=\"sklad-referatu__cell bold\">\n                                                    adw. Micha\u0142 Oleszkowicz                                            <\/div>\n                    <div class=\"sklad-referatu__cell \">\n                                            <\/div>\n                <\/div>\n                            <div class=\"sklad-referatu__row\">\n                    <div class=\"sklad-referatu__cell bold\">\n                                                    adw. Ryszard Pa\u0142osz                                            <\/div>\n                    <div class=\"sklad-referatu__cell \">\n                                            <\/div>\n                <\/div>\n                            <div class=\"sklad-referatu__row\">\n                    <div class=\"sklad-referatu__cell bold\">\n                                                    adw. \u0141ukasz Pilipowicz                                            <\/div>\n                    <div class=\"sklad-referatu__cell \">\n                                            <\/div>\n                <\/div>\n                            <div class=\"sklad-referatu__row\">\n                    <div class=\"sklad-referatu__cell bold\">\n                                                    adw. Zbigniew Podg\u00f3rski                                            <\/div>\n                    <div class=\"sklad-referatu__cell \">\n                                            <\/div>\n                <\/div>\n                            <div class=\"sklad-referatu__row\">\n                    <div class=\"sklad-referatu__cell bold\">\n                                                    adw. Beata Ponikau                                            <\/div>\n                    <div class=\"sklad-referatu__cell \">\n                                            <\/div>\n                <\/div>\n                            <div class=\"sklad-referatu__row\">\n                    <div class=\"sklad-referatu__cell bold\">\n                                                    adw. Jaros\u0142aw Rucha\u0142owski                                            <\/div>\n                    <div class=\"sklad-referatu__cell \">\n                                            <\/div>\n                <\/div>\n                            <div class=\"sklad-referatu__row\">\n                    <div class=\"sklad-referatu__cell bold\">\n                                                    adw. Tomasz Rytlewski                                            <\/div>\n                    <div class=\"sklad-referatu__cell \">\n                                            <\/div>\n                <\/div>\n                            <div class=\"sklad-referatu__row\">\n                    <div class=\"sklad-referatu__cell bold\">\n                                                    adw. Maciej Skotnicki                                            <\/div>\n                    <div class=\"sklad-referatu__cell \">\n                                            <\/div>\n                <\/div>\n                            <div class=\"sklad-referatu__row\">\n                    <div class=\"sklad-referatu__cell bold\">\n                                                    adw. Jakub Skowronek                                            <\/div>\n                    <div class=\"sklad-referatu__cell \">\n                                            <\/div>\n                <\/div>\n                            <div class=\"sklad-referatu__row\">\n                    <div class=\"sklad-referatu__cell bold\">\n                                                    adw. Anna Smagowicz-Tokarz                                            <\/div>\n                    <div class=\"sklad-referatu__cell \">\n                                            <\/div>\n                <\/div>\n                            <div class=\"sklad-referatu__row\">\n                    <div class=\"sklad-referatu__cell bold\">\n                                                    adw. Anna Sobczy\u0144ska                                            <\/div>\n                    <div class=\"sklad-referatu__cell \">\n                                            <\/div>\n                <\/div>\n                            <div class=\"sklad-referatu__row\">\n                    <div class=\"sklad-referatu__cell bold\">\n                                                    adw. Rafa\u0142 Sta\u0144czewski                                            <\/div>\n                    <div class=\"sklad-referatu__cell \">\n                                            <\/div>\n                <\/div>\n                            <div class=\"sklad-referatu__row\">\n                    <div class=\"sklad-referatu__cell bold\">\n                                                    adw. Robert Sta\u0144da                                            <\/div>\n                    <div class=\"sklad-referatu__cell \">\n                                            <\/div>\n                <\/div>\n                            <div class=\"sklad-referatu__row\">\n                    <div class=\"sklad-referatu__cell bold\">\n                                                    adw. Beata Stec-Kolanko                                            <\/div>\n                    <div class=\"sklad-referatu__cell \">\n                                            <\/div>\n                <\/div>\n                            <div class=\"sklad-referatu__row\">\n                    <div class=\"sklad-referatu__cell bold\">\n                                                    adw. Renata Studzi\u0144ska-Pindel                                            <\/div>\n                    <div class=\"sklad-referatu__cell \">\n                                            <\/div>\n                <\/div>\n                            <div class=\"sklad-referatu__row\">\n                    <div class=\"sklad-referatu__cell bold\">\n                                                    adw. Artur Szarkowski                                            <\/div>\n                    <div class=\"sklad-referatu__cell \">\n                                            <\/div>\n                <\/div>\n                            <div class=\"sklad-referatu__row\">\n                    <div class=\"sklad-referatu__cell bold\">\n                                                    adw. Marek \u015aliz                                            <\/div>\n                    <div class=\"sklad-referatu__cell \">\n                                            <\/div>\n                <\/div>\n                            <div class=\"sklad-referatu__row\">\n                    <div class=\"sklad-referatu__cell bold\">\n                                                    adw. Tomasz Tarnawski                                            <\/div>\n                    <div class=\"sklad-referatu__cell \">\n                                            <\/div>\n                <\/div>\n                            <div class=\"sklad-referatu__row\">\n                    <div class=\"sklad-referatu__cell bold\">\n                                                    adw. Jadwiga Wiernikowska                                            <\/div>\n                    <div class=\"sklad-referatu__cell \">\n                                            <\/div>\n                <\/div>\n                            <div class=\"sklad-referatu__row\">\n                    <div class=\"sklad-referatu__cell bold\">\n                                            <\/div>\n                    <div class=\"sklad-referatu__cell \">\n                                            <\/div>\n                <\/div>\n                        <\/div>\n<\/div>\n\n<div class=\"sklad-referatu\">\n    <div class=\"sklad-referatu__heading\">\n                    <h4 class=\"sklad-referatu__title\">\n                Zarz\u0105d Funduszu Wzajemnej Pomocy Krakowskiej Izby Adwokackiej            <\/h4>\n                \n    <\/div>\n    <div class=\"sklad-referatu__row-wrap\">\n                                    <div class=\"sklad-referatu__row\">\n                    <div class=\"sklad-referatu__cell bold\">\n                                                    adw. Krzysztof Kosta\u0144ski                                            <\/div>\n                    <div class=\"sklad-referatu__cell \">\n                                                    Przewodnicz\u0105cy Zarz\u0105du                                            <\/div>\n                <\/div>\n                            <div class=\"sklad-referatu__row\">\n                    <div class=\"sklad-referatu__cell bold\">\n                                                    adw. Rafa\u0142 Chrz\u0105szcz                                            <\/div>\n                    <div class=\"sklad-referatu__cell \">\n                                                    Cz\u0142onek Zarz\u0105du                                            <\/div>\n                <\/div>\n                            <div class=\"sklad-referatu__row\">\n                    <div class=\"sklad-referatu__cell bold\">\n                                                    adw. Szymon Korab                                            <\/div>\n                    <div class=\"sklad-referatu__cell \">\n                                                    Cz\u0142onek Zarz\u0105du                                            <\/div>\n                <\/div>\n                            <div class=\"sklad-referatu__row\">\n                    <div class=\"sklad-referatu__cell bold\">\n                                                    adw. Robert Rychlicki                                            <\/div>\n                    <div class=\"sklad-referatu__cell \">\n                                                    Cz\u0142onek Zarz\u0105du                                            <\/div>\n                <\/div>\n                            <div class=\"sklad-referatu__row\">\n                    <div class=\"sklad-referatu__cell bold\">\n                                                    adw. Micha\u0142 Strojek                                            <\/div>\n                    <div class=\"sklad-referatu__cell \">\n                                                    Cz\u0142onek Zarz\u0105du                                            <\/div>\n                <\/div>\n                            <div class=\"sklad-referatu__row\">\n                    <div class=\"sklad-referatu__cell bold\">\n                                                    adw. Tomasz Staszak                                            <\/div>\n                    <div class=\"sklad-referatu__cell \">\n                                                    Cz\u0142onek Zarz\u0105du                                            <\/div>\n                <\/div>\n                            <div class=\"sklad-referatu__row\">\n                    <div class=\"sklad-referatu__cell bold\">\n                                                    adw. Tomasz Tarnawski                                            <\/div>\n                    <div class=\"sklad-referatu__cell \">\n                                                    Cz\u0142onek Zarz\u0105du                                            <\/div>\n                <\/div>\n                            <div class=\"sklad-referatu__row\">\n                    <div class=\"sklad-referatu__cell bold\">\n                                                    adw. Dorota Zdu\u0144czyk                                            <\/div>\n                    <div class=\"sklad-referatu__cell \">\n                                                    Cz\u0142onek Zarz\u0105du                                            <\/div>\n                <\/div>\n                        <\/div>\n<\/div>\n\n<div class=\"sklad-referatu\">\n    <div class=\"sklad-referatu__heading\">\n                    <h4 class=\"sklad-referatu__title\">\n                Konwent Senior\u00f3w Krakowskiej Izby Adwokackiej            <\/h4>\n                \n    <\/div>\n    <div class=\"sklad-referatu__row-wrap\">\n                                    <div class=\"sklad-referatu__row\">\n                    <div class=\"sklad-referatu__cell bold\">\n                                                    adw. Stanis\u0142aw J. Ja\u017awiecki                                            <\/div>\n                    <div class=\"sklad-referatu__cell \">\n                                                    Przewodnicz\u0105cy Konwentu                                            <\/div>\n                <\/div>\n                        <\/div>\n<\/div>\n\n<div class=\"sklad-referatu\">\n    <div class=\"sklad-referatu__heading\">\n                    <h4 class=\"sklad-referatu__title\">\n                Zesp\u00f3\u0142 Historyczny Krakowskiej Izby Adwokackiej            <\/h4>\n                \n    <\/div>\n    <div class=\"sklad-referatu__row-wrap\">\n                                    <div class=\"sklad-referatu__row\">\n                    <div class=\"sklad-referatu__cell bold\">\n                                                    adw. Stanis\u0142aw J. Ja\u017awiecki                                            <\/div>\n                    <div class=\"sklad-referatu__cell \">\n                                                    Przewodnicz\u0105cy Zespo\u0142u                                            <\/div>\n                <\/div>\n                        <\/div>\n<\/div>\n\n<div class=\"sklad-referatu\">\n    <div class=\"sklad-referatu__heading\">\n                    <h4 class=\"sklad-referatu__title\">\n                Zesp\u00f3\u0142 ds. Kobiet przy Okr\u0119gowej Radzie Adwokackiej            <\/h4>\n                \n    <\/div>\n    <div class=\"sklad-referatu__row-wrap\">\n                                    <div class=\"sklad-referatu__row\">\n                    <div class=\"sklad-referatu__cell bold\">\n                                                    adw. Katarzyna Frankiewicz-Burda                                            <\/div>\n                    <div class=\"sklad-referatu__cell \">\n                                                    Przewodnicz\u0105ca Zespo\u0142u                                            <\/div>\n                <\/div>\n                            <div class=\"sklad-referatu__row\">\n                    <div class=\"sklad-referatu__cell bold\">\n                                                    adw. Maria Padlewska                                            <\/div>\n                    <div class=\"sklad-referatu__cell \">\n                                            <\/div>\n                <\/div>\n                            <div class=\"sklad-referatu__row\">\n                    <div class=\"sklad-referatu__cell bold\">\n                                                    adw. Barbara M\u0142ynarczyk &#8211; Wcis\u0142o                                            <\/div>\n                    <div class=\"sklad-referatu__cell \">\n                                            <\/div>\n                <\/div>\n                        <\/div>\n<\/div>\n\n<div class=\"sklad-referatu\">\n    <div class=\"sklad-referatu__heading\">\n                    <h4 class=\"sklad-referatu__title\">\n                S\u0105d Dyscyplinarny            <\/h4>\n                \n    <\/div>\n    <div class=\"sklad-referatu__row-wrap\">\n                                    <div class=\"sklad-referatu__row\">\n                    <div class=\"sklad-referatu__cell bold\">\n                                                    adw. Piotr Ocha\u0142ek                                             <\/div>\n                    <div class=\"sklad-referatu__cell \">\n                                                    Prezes S\u0105du Dyscyplinarnego                                            <\/div>\n                <\/div>\n                            <div class=\"sklad-referatu__row\">\n                    <div class=\"sklad-referatu__cell bold\">\n                                                    adw. Wojciech Grybo\u015b                                             <\/div>\n                    <div class=\"sklad-referatu__cell \">\n                                                    Wiceprezes S\u0105du Dyscyplinarnego                                            <\/div>\n                <\/div>\n                            <div class=\"sklad-referatu__row\">\n                    <div class=\"sklad-referatu__cell bold\">\n                                                    adw. Angelika Arter                                             <\/div>\n                    <div class=\"sklad-referatu__cell \">\n                                                    S\u0119dzia S\u0105du Dyscyplinarnego                                             <\/div>\n                <\/div>\n                            <div class=\"sklad-referatu__row\">\n                    <div class=\"sklad-referatu__cell bold\">\n                                                    adw. Andrzej Braum                                            <\/div>\n                    <div class=\"sklad-referatu__cell \">\n                                                    S\u0119dzia S\u0105du Dyscyplinarnego                                             <\/div>\n                <\/div>\n                            <div class=\"sklad-referatu__row\">\n                    <div class=\"sklad-referatu__cell bold\">\n                                                    adw. Malwina Cicho\u0144ska                                              <\/div>\n                    <div class=\"sklad-referatu__cell \">\n                                                    S\u0119dzia S\u0105du Dyscyplinarnego                                             <\/div>\n                <\/div>\n                            <div class=\"sklad-referatu__row\">\n                    <div class=\"sklad-referatu__cell bold\">\n                                                    adw. Beata Czosnowska                                             <\/div>\n                    <div class=\"sklad-referatu__cell \">\n                                                    S\u0119dzia S\u0105du Dyscyplinarnego                                             <\/div>\n                <\/div>\n                            <div class=\"sklad-referatu__row\">\n                    <div class=\"sklad-referatu__cell bold\">\n                                                    adw. Bogumi\u0142a G\u00f3rnikowska                                             <\/div>\n                    <div class=\"sklad-referatu__cell \">\n                                                    S\u0119dzia S\u0105du Dyscyplinarnego                                             <\/div>\n                <\/div>\n                            <div class=\"sklad-referatu__row\">\n                    <div class=\"sklad-referatu__cell bold\">\n                                                    adw. Anna Kasolik                                             <\/div>\n                    <div class=\"sklad-referatu__cell \">\n                                                    S\u0119dzia S\u0105du Dyscyplinarnego                                             <\/div>\n                <\/div>\n                            <div class=\"sklad-referatu__row\">\n                    <div class=\"sklad-referatu__cell bold\">\n                                                    adw. Katarzyna Kasprzykiewicz                                            <\/div>\n                    <div class=\"sklad-referatu__cell \">\n                                                    S\u0119dzia S\u0105du Dyscyplinarnego                                             <\/div>\n                <\/div>\n                            <div class=\"sklad-referatu__row\">\n                    <div class=\"sklad-referatu__cell bold\">\n                                                    adw. Ewa Kodymowska-Sio\u0142a                                             <\/div>\n                    <div class=\"sklad-referatu__cell \">\n                                                    S\u0119dzia S\u0105du Dyscyplinarnego                                             <\/div>\n                <\/div>\n                            <div class=\"sklad-referatu__row\">\n                    <div class=\"sklad-referatu__cell bold\">\n                                                    adw. Micha\u0142 Ko\u0142odziejski                                             <\/div>\n                    <div class=\"sklad-referatu__cell \">\n                                                    S\u0119dzia S\u0105du Dyscyplinarnego                                             <\/div>\n                <\/div>\n                            <div class=\"sklad-referatu__row\">\n                    <div class=\"sklad-referatu__cell bold\">\n                                                    adw. Katarzyna Kot                                            <\/div>\n                    <div class=\"sklad-referatu__cell \">\n                                                    S\u0119dzia S\u0105du Dyscyplinarnego                                             <\/div>\n                <\/div>\n                            <div class=\"sklad-referatu__row\">\n                    <div class=\"sklad-referatu__cell bold\">\n                                                    adw. Kamila Ksi\u0119\u017cyk                                            <\/div>\n                    <div class=\"sklad-referatu__cell \">\n                                                    S\u0119dzia S\u0105du Dyscyplinarnego                                             <\/div>\n                <\/div>\n                            <div class=\"sklad-referatu__row\">\n                    <div class=\"sklad-referatu__cell bold\">\n                                                    adw. Agnieszka Kurek-Mazgaj                                             <\/div>\n                    <div class=\"sklad-referatu__cell \">\n                                                    S\u0119dzia S\u0105du Dyscyplinarnego                                             <\/div>\n                <\/div>\n                            <div class=\"sklad-referatu__row\">\n                    <div class=\"sklad-referatu__cell bold\">\n                                                    adw. Piotr Karol Ochwat                                             <\/div>\n                    <div class=\"sklad-referatu__cell \">\n                                                    S\u0119dzia S\u0105du Dyscyplinarnego                                             <\/div>\n                <\/div>\n                            <div class=\"sklad-referatu__row\">\n                    <div class=\"sklad-referatu__cell bold\">\n                                                    adw. Maciej Pietrzykowski                                             <\/div>\n                    <div class=\"sklad-referatu__cell \">\n                                                    S\u0119dzia S\u0105du Dyscyplinarnego                                             <\/div>\n                <\/div>\n                            <div class=\"sklad-referatu__row\">\n                    <div class=\"sklad-referatu__cell bold\">\n                                                    adw. Ma\u0142gorzata Tokarz                                            <\/div>\n                    <div class=\"sklad-referatu__cell \">\n                                                    S\u0119dzia S\u0105du Dyscyplinarnego                                             <\/div>\n                <\/div>\n                            <div class=\"sklad-referatu__row\">\n                    <div class=\"sklad-referatu__cell bold\">\n                                                    adw. dr Magdalena Walig\u00f3ra                                             <\/div>\n                    <div class=\"sklad-referatu__cell \">\n                                                    S\u0119dzia S\u0105du Dyscyplinarnego                                             <\/div>\n                <\/div>\n                            <div class=\"sklad-referatu__row\">\n                    <div class=\"sklad-referatu__cell bold\">\n                                                    adw. Bartosz W\u00f3jcik                                             <\/div>\n                    <div class=\"sklad-referatu__cell \">\n                                                    S\u0119dzia S\u0105du Dyscyplinarnego                                             <\/div>\n                <\/div>\n                            <div class=\"sklad-referatu__row\">\n                    <div class=\"sklad-referatu__cell bold\">\n                                                    adw. \u0141ukasz W\u00f3jtowicz                                            <\/div>\n                    <div class=\"sklad-referatu__cell \">\n                                                    S\u0119dzia S\u0105du Dyscyplinarnego                                             <\/div>\n                <\/div>\n                            <div class=\"sklad-referatu__row\">\n                    <div class=\"sklad-referatu__cell bold\">\n                                                    adw. \u0141ukasz Znamirowski                                             <\/div>\n                    <div class=\"sklad-referatu__cell \">\n                                                    S\u0119dzia S\u0105du Dyscyplinarnego                                             <\/div>\n                <\/div>\n                        <\/div>\n<\/div>\n\n\n<h4 class=\"wp-block-heading\">POWO\u0141ANE SEKCJE KADENCJI RADY 2024 \u2013 2028<\/h4>\n\n\n<div class=\"sklad-referatu\">\n    <div class=\"sklad-referatu__heading\">\n                    <h4 class=\"sklad-referatu__title\">\n                Sekcja praktyk\u00f3w prawa Upad\u0142o\u015bciowego i Restrukturyzacyjnego przy KIA            <\/h4>\n                \n    <\/div>\n    <div class=\"sklad-referatu__row-wrap\">\n                                    <div class=\"sklad-referatu__row\">\n                    <div class=\"sklad-referatu__cell bold\">\n                                                    Adw. Bartosz Groele                                             <\/div>\n                    <div class=\"sklad-referatu__cell \">\n                                                    Przewodnicz\u0105cy sekcji                                            <\/div>\n                <\/div>\n                        <\/div>\n<\/div>\n\n<div class=\"sklad-referatu\">\n    <div class=\"sklad-referatu__heading\">\n                    <h4 class=\"sklad-referatu__title\">\n                Sekcja Praktyk\u00f3w Prawa Sp\u00f3\u0142ek przy KIA            <\/h4>\n                \n    <\/div>\n    <div class=\"sklad-referatu__row-wrap\">\n                                    <div class=\"sklad-referatu__row\">\n                    <div class=\"sklad-referatu__cell bold\">\n                                                    adw. Bogdan Chudoba                                            <\/div>\n                    <div class=\"sklad-referatu__cell \">\n                                                    Przewodnicz\u0105cy sekcji                                            <\/div>\n                <\/div>\n                        <\/div>\n<\/div>\n\n<div class=\"sklad-referatu\">\n    <div class=\"sklad-referatu__heading\">\n                    <h4 class=\"sklad-referatu__title\">\n                Sekcja Arbitra\u017cu i Mediacji przy KIA            <\/h4>\n                \n    <\/div>\n    <div class=\"sklad-referatu__row-wrap\">\n                                    <div class=\"sklad-referatu__row\">\n                    <div class=\"sklad-referatu__cell bold\">\n                                                    adw. dr Tomasz Cyrol                                             <\/div>\n                    <div class=\"sklad-referatu__cell \">\n                                                    Przewodnicz\u0105cy sekcji                                            <\/div>\n                <\/div>\n                        <\/div>\n<\/div>\n\n<div class=\"sklad-referatu\">\n    <div class=\"sklad-referatu__heading\">\n                    <h4 class=\"sklad-referatu__title\">\n                Sekcja Prawa Rodzinnego przy KIA            <\/h4>\n                \n    <\/div>\n    <div class=\"sklad-referatu__row-wrap\">\n                                    <div class=\"sklad-referatu__row\">\n                    <div class=\"sklad-referatu__cell bold\">\n                                                    adw. Katarzyna Frankiewicz-Burda                                            <\/div>\n                    <div class=\"sklad-referatu__cell \">\n                                                    Przewodnicz\u0105ca sekcji                                            <\/div>\n                <\/div>\n                        <\/div>\n<\/div>\n\n<div class=\"sklad-referatu\">\n    <div class=\"sklad-referatu__heading\">\n                    <h4 class=\"sklad-referatu__title\">\n                Sekcja Praktyk\u00f3w Spor\u00f3w w sprawach cywilnych i handlowych przy KIA            <\/h4>\n                \n    <\/div>\n    <div class=\"sklad-referatu__row-wrap\">\n                                    <div class=\"sklad-referatu__row\">\n                    <div class=\"sklad-referatu__cell bold\">\n                                                    adw. dr Andrzej Ola\u015b                                            <\/div>\n                    <div class=\"sklad-referatu__cell \">\n                                                    Przewodnicz\u0105cy sekcji                                            <\/div>\n                <\/div>\n                            <div class=\"sklad-referatu__row\">\n                    <div class=\"sklad-referatu__cell bold\">\n                                                    adw. dr Maciej Durbas                                            <\/div>\n                    <div class=\"sklad-referatu__cell \">\n                                                    Zast\u0119pca Przewodnicz\u0105cego sekcji                                            <\/div>\n                <\/div>\n                        <\/div>\n<\/div>\n\n<div class=\"sklad-referatu\">\n    <div class=\"sklad-referatu__heading\">\n                    <h4 class=\"sklad-referatu__title\">\n                Sekcja Prawa W\u0142asno\u015bci Intelektualnej i Nowych Technologii przy KIA            <\/h4>\n                \n    <\/div>\n    <div class=\"sklad-referatu__row-wrap\">\n                                    <div class=\"sklad-referatu__row\">\n                    <div class=\"sklad-referatu__cell bold\">\n                                                    adw. Marcin Barczyk                                             <\/div>\n                    <div class=\"sklad-referatu__cell \">\n                                                    Przewodnicz\u0105cy sekcji                                            <\/div>\n                <\/div>\n                            <div class=\"sklad-referatu__row\">\n                    <div class=\"sklad-referatu__cell bold\">\n                                                    adw. Iwona Aleksandrowicz-Strus                                             <\/div>\n                    <div class=\"sklad-referatu__cell \">\n                                                    Zast\u0119pca Przewodnicz\u0105cego sekcji                                            <\/div>\n                <\/div>\n                            <div class=\"sklad-referatu__row\">\n                    <div class=\"sklad-referatu__cell bold\">\n                                                    adw. Jakub Hajduk                                             <\/div>\n                    <div class=\"sklad-referatu__cell \">\n                                                    Zast\u0119pca Przewodnicz\u0105cego sekcji                                            <\/div>\n                <\/div>\n                        <\/div>\n<\/div>","protected":false},"excerpt":{"rendered":"<p>KADENCJA OKR\u0118GOWEJ RADY ADWOKACKIEJ 2024-2028 POWO\u0141ANE SEKCJE KADENCJI RADY 2024 \u2013 2028<\/p>\n","protected":false},"author":1,"featured_media":0,"parent":59,"menu_order":0,"comment_status":"closed","ping_status":"closed","template":"","meta":{"_acf_changed":false,"inline_featured_image":false,"footnotes":""},"class_list":["post-363","page","type-page","status-publish","hentry"],"acf":[],"_links":{"self":[{"href":"https:\/\/adwokatura.krakow.pl\/adwokaci-i-aplikanci\/wp-json\/wp\/v2\/pages\/363","targetHints":{"allow":["GET"]}}],"collection":[{"href":"https:\/\/adwokatura.krakow.pl\/adwokaci-i-aplikanci\/wp-json\/wp\/v2\/pages"}],"about":[{"href":"https:\/\/adwokatura.krakow.pl\/adwokaci-i-aplikanci\/wp-json\/wp\/v2\/types\/page"}],"author":[{"embeddable":true,"href":"https:\/\/adwokatura.krakow.pl\/adwokaci-i-aplikanci\/wp-json\/wp\/v2\/users\/1"}],"replies":[{"embeddable":true,"href":"https:\/\/adwokatura.krakow.pl\/adwokaci-i-aplikanci\/wp-json\/wp\/v2\/comments?post=363"}],"version-history":[{"count":154,"href":"https:\/\/adwokatura.krakow.pl\/adwokaci-i-aplikanci\/wp-json\/wp\/v2\/pages\/363\/revisions"}],"predecessor-version":[{"id":6989,"href":"https:\/\/adwokatura.krakow.pl\/adwokaci-i-aplikanci\/wp-json\/wp\/v2\/pages\/363\/revisions\/6989"}],"up":[{"embeddable":true,"href":"https:\/\/adwokatura.krakow.pl\/adwokaci-i-aplikanci\/wp-json\/wp\/v2\/pages\/59"}],"wp:attachment":[{"href":"https:\/\/adwokatura.krakow.pl\/adwokaci-i-aplikanci\/wp-json\/wp\/v2\/media?parent=363"}],"curies":[{"name":"wp","href":"https:\/\/api.w.org\/{rel}","templated":true}]}}