{"id":66,"date":"2023-11-27T17:46:04","date_gmt":"2023-11-27T16:46:04","guid":{"rendered":"http:\/\/adwokatura.krakow.pl\/adwokaci-i-aplikanci\/?page_id=66"},"modified":"2023-11-29T14:38:22","modified_gmt":"2023-11-29T13:38:22","slug":"historia","status":"publish","type":"page","link":"https:\/\/adwokatura.krakow.pl\/adwokaci-i-aplikanci\/o-nas\/historia\/","title":{"rendered":"Historia"},"content":{"rendered":"\n<h4 class=\"wp-block-heading\">Galicja<\/h4>\n\n\n\n<p>\u0179r\u00f3de\u0142 nowoczesnej adwokatury, opartej na ustroju samorz\u0105du zawodowego, szuka\u0107 nale\u017cy w przemianach, jakie dotkn\u0119\u0142y monarchi\u0119 austriack\u0105 w okresie Wiosny Lud\u00f3w. Liberalne zmiany zapocz\u0105tkowane wydarzeniami z roku 1848 nie pozosta\u0142y bez wp\u0142ywu na reform\u0119 instytucji wymiaru sprawiedliwo\u015bci, w tym adwokatury. Ich konsekwencj\u0105 by\u0142o wydanie w sierpniu 1849 r. zarz\u0105dzenia cesarskiego, kt\u00f3re wprowadza\u0142o w Austrii prowizoryczny ustr\u00f3j adwokatury oparty na ograniczonym samorz\u0105dzie adwokackim. Na jego podstawie, w okr\u0119gu ka\u017cdego s\u0105du obwodowego, mog\u0142y by\u0107 tworzone izby adwokackie z\u0142o\u017cone z adwokat\u00f3w wykonuj\u0105cych zaw\u00f3d w okr\u0119gu trybuna\u0142u. Zarz\u0105dzenie cesarskie przewidywa\u0142o jeden organ izby w postaci komisji (wydzia\u0142u), kt\u00f3r\u0105 kierowa\u0142 prezydent. Jej uprawnienia by\u0142y jednak bardzo ograniczone i faktycznie sprowadza\u0142y si\u0119 do spraw zwi\u0105zanych z wykonywaniem kandydatury adwokackiej oraz prawa ubogich. Do czasu ustanowienia w danym okr\u0119gu s\u0105dowym izby adwokackiej uprawnienia samej izby, jak i jej komisji, wykonywane by\u0142y przez w\u0142a\u015bciwy miejscowo wy\u017cszy s\u0105d krajowy. Ordynacja prowizoryczna z 1849 r. nadal utrzyma\u0142a zasad\u0119 mianowania adwokat\u00f3w przez ministra sprawiedliwo\u015bci.<\/p>\n\n\n\n<p>Pomimo tego, i\u017c ordynacja z 1849 r. obowi\u0105zywa\u0142a we wszystkich krajach koronnych, to pierwsze izby adwokackie w Galicji, z siedzibami w Krakowie i we Lwowie, powsta\u0142y dopiero w 1862 r. Pierwsze walne zgromadzenie krakowskiej Izby Adwokat\u00f3w odby\u0142o si\u0119 w grudniu tego roku. Dokonano na nim wyboru w\u0142adz samorz\u0105du zawodowego, powierzaj\u0105c przy tym stanowisko prezydenta izby Miko\u0142ajowi Zyblikiewiczowi, p\u00f3\u017aniejszemu prezydentowi miasta Krakowa oraz marsza\u0142kowi Sejmu Krajowego we Lwowie. Pe\u0142ni\u0142 on t\u0119 funkcj\u0119 przez rok, a jego nast\u0119pc\u0105 wybrany zosta\u0142&nbsp; Maksymilian Machalski. Kolejnymi prezydentami Izby Adwokat\u00f3w w Krakowie byli: Feliks Szlachtowski, Miko\u0142aj Ka\u0144ski, W\u0142adys\u0142aw Markiewicz, Wawrzyniec Stycze\u0144, W\u0142adys\u0142aw Lisowski, J\u00f3zef Rosenblatt i jako ostatni wybrany w 1905 r. Micha\u0142 Koy, kt\u00f3ry kierowa\u0142 izb\u0105 do swojej \u015bmierci w lutym 1921 r. Nale\u017cy przy tym zaznaczy\u0107, \u017ce w 1864 r. za\u0142o\u017cona zosta\u0142a r\u00f3wnie\u017c Izba Adwokat\u00f3w w Tarnowie, kt\u00f3ra istnia\u0142a do 1887 r. Od tej pory krakowska Izba Adwokacka obejmowa\u0142a swoj\u0105 w\u0142a\u015bciwo\u015bci\u0105 obszar ca\u0142ej Galicji Zachodniej, za\u015b jej reprezentantami na prowincji byli delegaci ustanawiani spo\u015br\u00f3d miejscowych adwokat\u00f3w.<\/p>\n\n\n\n<p>Reformy ustrojowe przeprowadzone w monarchii austriackiej w latach sze\u015b\u0107dziesi\u0105tych XIX w. obj\u0119\u0142y r\u00f3wnie\u017c adwokatur\u0119. W 1868 r. przyj\u0119ta zosta\u0142a nowa ordynacja adwokacka, kt\u00f3ra wprowadzi\u0142a szeroki zakres samorz\u0105du zawodowego, a przede wszystkim wolno\u015b\u0107 adwokatury, wyra\u017caj\u0105c\u0105 si\u0119 w powrocie do zasady swobody podejmowania si\u0119 zawodu adwokata. Ordynacja opar\u0142a samorz\u0105d adwokacki na dw\u00f3ch organach, tj. zgromadzeniu i wydziale. Zgromadzenie stanowi\u0142o najwa\u017cniejszy organ samorz\u0105du z\u0142o\u017cony ze wszystkich adwokat\u00f3w wykonuj\u0105cych zaw\u00f3d w okr\u0119gu izby. Jego podstawowym zadaniem by\u0142 wyb\u00f3r cz\u0142onk\u00f3w wydzia\u0142u, a nast\u0119pnie tak\u017ce rady dyscyplinarnej i prokuratora, przy czym przez podejmowane uchwa\u0142y zgromadzenie mog\u0142o tak\u017ce wp\u0142ywa\u0107 na bie\u017c\u0105c\u0105 dzia\u0142alno\u015b\u0107 izby. Ponadto, ordynacja austriacka z 1868 r. dawa\u0142a walnym zgromadzeniom prawo przedk\u0142adania projekt\u00f3w ustawodawczych oraz opiniowania ju\u017c opracowanych, a tak\u017ce sk\u0142adania wniosk\u00f3w w sprawach dotycz\u0105cych wymiaru sprawiedliwo\u015bci. Z kolei w sk\u0142ad wydzia\u0142u izby wchodzili adwokaci wybrani przez walne zgromadzenie. Ich liczba nie by\u0142a sta\u0142a i zmienia\u0142a si\u0119 wraz ze wzrostem ilo\u015bci za\u0142atwianych przez ten organ spraw. Pocz\u0105tkowo wydzia\u0142 Izby Adwokat\u00f3w w Krakowie liczy\u0142 pi\u0119ciu cz\u0142onk\u00f3w, za\u015b przed wybuchem pierwszej wojny \u015bwiatowej ich liczba wros\u0142a ju\u017c do blisko dwudziestu os\u00f3b. Podstawowym obowi\u0105zkiem wydzia\u0142u by\u0142o reprezentowanie izby w kontaktach zewn\u0119trznych, prowadzenie bie\u017c\u0105cej dzia\u0142alno\u015bci, wykonywanie uchwa\u0142 walnych zgromadze\u0144 oraz czuwanie nad utrzymaniem przez cz\u0142onk\u00f3w izby powagi i godno\u015bci stanu. Pracami wydzia\u0142u kierowa\u0142 prezydent izby, a w jego zast\u0119pstwie wiceprezydent. W 1901 r. utworzone zosta\u0142o stanowisko drugiego wiceprezydenta krakowskiej izby.<\/p>\n\n\n\n<p>Ordynacja z roku 1868 uporz\u0105dkowa\u0142a r\u00f3wnie\u017c kwestie zwi\u0105zane z przygotowaniem do zawodu. Aplikacja adwokacka zwana kandydatur\u0105 trwa\u0142a siedem lat, z czego jeden rok przypada\u0142 na obowi\u0105zkow\u0105 i bezp\u0142atn\u0105 praktyk\u0119 s\u0105dow\u0105. Warunkiem niezb\u0119dnym do obj\u0119cia adwokatury by\u0142o uzyskanie doktoratu, na co kandydat mia\u0142 cztery lata od przyst\u0105pienia do praktyki. Up\u0142yw tego okresu oraz uzyskanie doktoratu uprawnia\u0142y kandydata adwokackiego do przyst\u0105pienia do egzaminu adwokackiego, kt\u00f3ry by\u0142 przeprowadzany przed specjaln\u0105 komisj\u0105, z\u0142o\u017con\u0105 g\u0142\u00f3wnie z adwokat\u00f3w. Jego pozytywny wynik dawa\u0142 podstaw\u0119 do wpisu na list\u0119 obro\u0144c\u00f3w, a tym samym samodzielnego prowadzenia spraw karnych. Niezale\u017cnie od tego wpis na list\u0119 adwokat\u00f3w nie m\u00f3g\u0142 nast\u0105pi\u0107 wcze\u015bniej ni\u017c przed up\u0142ywem siedmiu lat od rozpocz\u0119cia praktyki. Po uzyskaniu wpisu kandydat adwokacki pos\u0142ugiwa\u0142 si\u0119 tytu\u0142em adwokata krajowego.<\/p>\n\n\n\n<p>Uzupe\u0142nieniem ordynacji adwokackiej sta\u0142 si\u0119 wydany w 1872 r. statut dyscyplinarny, kt\u00f3ry powierza\u0142 samorz\u0105dowi zawodowemu wykonywanie s\u0105downictwa dyscyplinarnego nad adwokatami. Powo\u0142ywa\u0142 on do \u017cycia pochodz\u0105c\u0105 z wybor\u00f3w rad\u0119 dyscyplinarn\u0105, przed kt\u00f3r\u0105 rol\u0119 oskar\u017cyciela pe\u0142ni\u0142, r\u00f3wnie\u017c wybierany przez zgromadzenie izby, prokurator. Stanowisko prezydenta krakowskiej rady dyscyplinarnej pe\u0142nili kolejno: Maksymilian Machalski, Miko\u0142aj Ka\u0144ski, Ferdynand Wilkosz, W\u0142adys\u0142aw Lisowski, Roman Jakubowski, Jan Jakubowski i Stanis\u0142aw \u0141azarski.<\/p>\n\n\n\n<p>Krak\u00f3w by\u0142 r\u00f3wnie\u017c miejscem, gdzie powsta\u0142y pierwsze na ziemiach polskich zrzeszenia adwokackie. To tutaj w 1882 r. zawi\u0105za\u0142o si\u0119 Stowarzyszenie Kandydat\u00f3w Adwokackich, kt\u00f3re za podstawowy statutowy cel dzia\u0142ania obra\u0142o sobie strze\u017cenie i obron\u0119 interes\u00f3w adwokatury oraz podnoszenie poziomu etycznego i naukowego jej cz\u0142onk\u00f3w. Istnia\u0142o ono co prawda tylko kilka lat, ale jego kontynuatorem sta\u0142o si\u0119 za\u0142o\u017cone w roku 1896 nowe zrzeszenie o tej samej nazwie. Funkcjonowa\u0142o ono nieprzerwanie do wybuchu drugiej wojny \u015bwiatowej, a tym samym by\u0142o najd\u0142u\u017cej istniej\u0105cym w historii polskiej adwokatury stowarzyszeniem adwokackim. Na pocz\u0105tku XX w. w Krakowie powsta\u0142 Klub Adwokacki, natomiast w 1912 r. za\u0142o\u017cony zosta\u0142 Zwi\u0105zek Obro\u0144c\u00f3w \u2013 Stowarzyszenie Adwokat\u00f3w i Kandydat\u00f3w Adwokackich. Obok zrzesze\u0144 zawodowych od 1887 r. istnia\u0142o w Krakowie, za\u0142o\u017cone z inicjatywy izby adwokackiej, stowarzyszenie celem niesienia pomocy wdowom i sierotom po adwokatach pozosta\u0142ym. Organizacja ta opiera\u0142a si\u0119 na zasadach samopomocy kole\u017ce\u0144skiej, a jej podstawowym zadaniem by\u0142o wyp\u0142acanie \u015bwiadcze\u0144 finansowych rodzinom zmar\u0142ych adwokat\u00f3w.<\/p>\n\n\n\n<p>Galicyjski okres w historii krakowskiej Izby Adwokat\u00f3w zako\u0144czy\u0142 si\u0119 wraz ko\u0144cem pierwszej wojny \u015bwiatowej. By\u0142 to czas trudny, przede wszystkim dla adwokat\u00f3w i kandydat\u00f3w adwokackich, z kt\u00f3rych niemal po\u0142owa wcielona zosta\u0142a do armii austriackiej. Natomiast pozostali, wobec zaprzestania dzia\u0142alno\u015bci przez s\u0105dy, pozbawieni zostali \u015brodk\u00f3w do \u017cycia. Szybko posuwaj\u0105ce si\u0119 wojska rosyjskie sk\u0142oni\u0142y wydzia\u0142 Izby Adwokat\u00f3w w Krakowie do cz\u0119\u015bciowego przeniesienia swojej siedziby do Wiednia. Przez ca\u0142y okres wojny dzia\u0142ania wydzia\u0142u w g\u0142\u00f3wnej mierze koncentrowa\u0142y si\u0119 na niesieniu pomocy materialnej cz\u0142onkom izby, zar\u00f3wno tym, kt\u00f3rzy pozostali w Galicji Zachodniej, jak i tym przebywaj\u0105cym poza krajem. W 1917 r. wydzia\u0142 doprowadzi\u0142 do za\u0142o\u017cenia w Krakowie Adwokackiej Sp\u00f3\u0142ki Spo\u017cywczej, kt\u00f3rej zadaniem by\u0142a dystrybucja w\u015br\u00f3d adwokat\u00f3w artyku\u0142\u00f3w spo\u017cywczych po niskich cenach.&nbsp;<\/p>\n\n\n\n<p>adw. Tomasz J. Kotli\u0144ski<\/p>\n\n\n\n<h4 class=\"wp-block-heading\">USTAWY REGULUJ\u0104CE USTR\u00d3J ADWOKATURY PO II WOJNIE \u015aWIATOWEJ<\/h4>\n\n\n\n<p>Obecnie trwaj\u0105ce prace nad now\u0105 ustaw\u0105 reguluj\u0105c\u0105 ustr\u00f3j adwokatury nakazuj\u0105 spojrze\u0107 na wcze\u015bniejsze przepisy.<br><\/p>\n\n\n\n<p>W okresie powojennym ustr\u00f3j adwokatury regulowa\u0142y trzy ustawy: z 1950 roku, z 1963 roku i z roku 1982 (ka\u017cda z ustaw by\u0142a wielokrotnie zmieniana, ta ostatnia po licznych nowelizacjach obowi\u0105zuje do dnia dzisiejszego).<br><\/p>\n\n\n\n<p>Zakres uprawnie\u0144 nadzorczych organ\u00f3w pa\u0144stwa by\u0142 r\u00f3\u017cny, jednak zwraca uwag\u0119, \u017ce adwokatura dysponowa\u0142a znaczn\u0105 &#8211; zw\u0142aszcza jak na \u00f3wczesny system polityczny &#8211; niezale\u017cno\u015bci\u0105, a ranga adwokatury jako elementu wymiaru sprawiedliwo\u015bci by\u0142a dostrzegana i doceniana przez w\u0142adze.<\/p>\n\n\n\n<p>Obecne prace nad now\u0105 ustaw\u0105 ustrojow\u0105 czyni\u0105 za\u0142o\u017cenie, \u017ce nosi\u0107 ona b\u0119dzie nazw\u0119 ustawy &#8222;o zawodzie adwokata&#8221; lub &#8222;o wykonywaniu zawodu adwokata&#8221;. Ujawnia to tendencj\u0119 pomniejszania roli adwokatury, do tej pory uznawanej za istotn\u0105, co znajdowa\u0142o wyraz w stosowaniu terminologii wskazuj\u0105cej na wyr\u00f3\u017cnienie profesji. Szczeg\u00f3lny przyk\u0142ad stanowi\u0142a ustawa z 1982 roku, kt\u00f3ra mimo \u017ce powsta\u0142a w okresie ograniczenia praw i wolno\u015bci obywatelskich, gwarantowa\u0142a niezwyczajne w tym czasie uprawnienia. Ustawa ta akcentowa\u0142a rang\u0119 uregulowania poprzez u\u017cycie nazwy &#8222;Prawo o adwokaturze&#8221;. Odst\u0105pienie od dotychczasowego traktowania adwokatury musi niepokoi\u0107 i przynosi\u0107 refleksje odwo\u0142uj\u0105ce si\u0119 do zmiany tak ustroju, jak i warto\u015bci.<\/p>\n\n\n<div class=\"zalaczniki\">\n    \n    <div class=\"zalaczniki__wrap\">\n                        <div class=\"zalaczniki__single\">\n                <div class=\"zalaczniki__first\">\n                    <p class=\"zalaczniki__title\">\n                                                    Zobacz ustaw\u0119 o ustroju adwokatury z 1950 roku                                            <\/p>\n                    <p class=\"zalaczniki__file-name\">\n                                                    ustawa_o_ustroju_adwokatury_1950.pdf                                            <\/p>\n                <\/div>\n                <div class=\"zalaczniki__middle\">\n                                        <a href=\"https:\/\/adwokatura.krakow.pl\/adwokaci-i-aplikanci\/wp-content\/uploads\/sites\/2\/2023\/11\/ustawa_o_ustroju_adwokatury_1950.pdf\">Zobacz plik<\/a>\n                                    <\/div>\n                <div class=\"zalaczniki__last\">\n                                        <a download href=\"https:\/\/adwokatura.krakow.pl\/adwokaci-i-aplikanci\/wp-content\/uploads\/sites\/2\/2023\/11\/ustawa_o_ustroju_adwokatury_1950.pdf\">\n                            <img decoding=\"async\" src=\"https:\/\/adwokatura.krakow.pl\/adwokaci-i-aplikanci\/wp-content\/themes\/kia\/dist\/images\/download.svg\" alt=\"download\">\n                        <\/a>\n                                    <\/div>\n               \n            <\/div>\n                    <div class=\"zalaczniki__single\">\n                <div class=\"zalaczniki__first\">\n                    <p class=\"zalaczniki__title\">\n                                                    Zobacz ustaw\u0119 o ustroju adwokatury z 1963 roku                                            <\/p>\n                    <p class=\"zalaczniki__file-name\">\n                                                    ustawa_o_ustroju_adwokatury_1963.pdf                                            <\/p>\n                <\/div>\n                <div class=\"zalaczniki__middle\">\n                                        <a href=\"https:\/\/adwokatura.krakow.pl\/adwokaci-i-aplikanci\/wp-content\/uploads\/sites\/2\/2023\/11\/ustawa_o_ustroju_adwokatury_1963.pdf\">Zobacz plik<\/a>\n                                    <\/div>\n                <div class=\"zalaczniki__last\">\n                                        <a download href=\"https:\/\/adwokatura.krakow.pl\/adwokaci-i-aplikanci\/wp-content\/uploads\/sites\/2\/2023\/11\/ustawa_o_ustroju_adwokatury_1963.pdf\">\n                            <img decoding=\"async\" src=\"https:\/\/adwokatura.krakow.pl\/adwokaci-i-aplikanci\/wp-content\/themes\/kia\/dist\/images\/download.svg\" alt=\"download\">\n                        <\/a>\n                                    <\/div>\n               \n            <\/div>\n                    <div class=\"zalaczniki__single\">\n                <div class=\"zalaczniki__first\">\n                    <p class=\"zalaczniki__title\">\n                                                    Zobacz ustaw\u0119 o ustroju adwokatury z 1982 roku                                            <\/p>\n                    <p class=\"zalaczniki__file-name\">\n                                                    ustawa_prawo_o_adwokaturze_1982.pdf                                            <\/p>\n                <\/div>\n                <div class=\"zalaczniki__middle\">\n                                        <a href=\"https:\/\/adwokatura.krakow.pl\/adwokaci-i-aplikanci\/wp-content\/uploads\/sites\/2\/2023\/11\/ustawa_prawo_o_adwokaturze_1982.pdf\">Zobacz plik<\/a>\n                                    <\/div>\n                <div class=\"zalaczniki__last\">\n                                        <a download href=\"https:\/\/adwokatura.krakow.pl\/adwokaci-i-aplikanci\/wp-content\/uploads\/sites\/2\/2023\/11\/ustawa_prawo_o_adwokaturze_1982.pdf\">\n                            <img decoding=\"async\" src=\"https:\/\/adwokatura.krakow.pl\/adwokaci-i-aplikanci\/wp-content\/themes\/kia\/dist\/images\/download.svg\" alt=\"download\">\n                        <\/a>\n                                    <\/div>\n               \n            <\/div>\n                <\/div>\n<\/div>\n\n\n<h4 class=\"wp-block-heading\">KOBIETY W IZBIE ADWOKACKIEJ W KRAKOWIE<\/h4>\n\n\n\n<p>W drugiej cz\u0119\u015bci opracowanego przez dra Adama Redzika &#8222;Zarysu historii samorz\u0105du adwokackiego w Polsce&#8221; znale\u017a\u0107 mo\u017cna na str. 153 ma\u0142y rozdzia\u0142 zatytu\u0142owany&#8221; Kobiety w adwokaturze &#8222;. Wspomniana jest tam Helena Wiewi\u00f3rska jako pierwsza Polka &#8211; adwokat wpisana na list\u0119 adwokack\u0105 w 1925r. Wymienione s\u0105 te\u017c kobiety, kt\u00f3re w poszczeg\u00f3lnych izbach adwokackich zosta\u0142y dziekanami i wreszcie adw. Maria Budzanowska jako pierwsza kobieta, kt\u00f3ra w 1982r., wybrana zosta\u0142a prezesem Naczelnej Rady Adwokackiej. Autor wspomnia\u0142, \u017ce od roku 2004 viceprezesem NRA by\u0142a adw. Joanna Agacka\u00adIndecka. Tak by\u0142o w chwili wydania tego &#8222;Zarysu&#8221; do 2007r. kiedy Krajowy Zjazd Adwokatury postawi\u0142 j\u0105 na czele samorz\u0105du adwokackiego w Polsce.<\/p>\n\n\n\n<p>Jako pierwsza kobieta &#8211; dziekan Izby Adwokackiej w Polsce wymieniona jest dr El\u017cbieta Witkowska, kt\u00f3ra pe\u0142ni\u0142a obowi\u0105zki dziekana ORA w Krakowie od lutego do kwietnia 1953r. Nale\u017cy doda\u0107, \u017ce pe\u0142ni\u0142a t\u0119 funkcj\u0119 komisarycznie. Przez nast\u0119pne lata ju\u017c jako szeregowy adwokat nie by\u0142a zauwa\u017cana ze szczeg\u00f3ln\u0105 estym\u0105 z powodu pe\u0142nienia tej funkcji. Takie nawi\u0105zanie do Izby Krakowskiej jest inspiracj\u0105 do przypomnienia postaci innych kobiet &#8211; adwokat\u00f3w, o kt\u00f3rych pami\u0119\u0107 utrwali\u0142a si\u0119 w naszym \u015brodowisku. Kilka os\u00f3b zagadni\u0119tych na ten temat wspomina\u0142o postaci coraz to innych starszych ju\u017c Kole\u017canek, kt\u00f3re zapisa\u0142y si\u0119 w ich pami\u0119ci. W ten spos\u00f3b &#8211; przy przyj\u0119ciu zasady, \u017ce o zmar\u0142ych nie m\u00f3wi si\u0119 \u017ale &#8211; da\u0142o si\u0119 odtworzy\u0107 szereg nazwisk adwokatek, kt\u00f3re zreszt\u0105 zapisa\u0142y si\u0119 nie zawsze z przyczyny tylko dobrze wykonywanego zawodu, ale takich cech szczeg\u00f3lnych, kt\u00f3re wyr\u00f3\u017cnia\u0142y je na tle \u015brodowiska.<\/p>\n\n\n\n<p>Kto\u015b przypomnia\u0142 sobie krocz\u0105c\u0105 dystyngowanie ulic\u0105 Floria\u0144sk\u0105 adw. Gabriel\u0119 Mycielsk\u0105 , nb. c\u00f3rk\u0119 Zygmunta Hofmokla\u00ad Ostrowskiego, kt\u00f3ra znana by\u0142a ze \u015bwietnych t\u0142umacze\u0144 literatury francuskiej, a jej og\u00f3lne wykszta\u0142cenie zachwyca\u0142o ka\u017cdego, kto wda\u0142 si\u0119 z ni\u0105 w rozmow\u0119 na jakikolwiek temat. Interesowa\u0142a si\u0119 \u017cywo biegiem spraw adwokackich w okresie lat powojennych, kiedy coraz bardziej odchodzi\u0142a od kontaktu z praktyk\u0105.<\/p>\n\n\n\n<p>Kto\u015b zwr\u00f3ci\u0142 uwag\u0119 na \u017cyj\u0105c\u0105 w cieniu swego m\u0119\u017ca adw. Juliana Heilperna &#8211; dr Kamil\u0119 Marciniszyn, nie wykonuj\u0105c\u0105 zawodu, ale figuruj\u0105c\u0105 na li\u015bcie adwokat\u00f3w naszej Izby, osob\u0119 wielce oczytan\u0105, z kt\u00f3r\u0105 rozmowa przynosi\u0142a prawdziw\u0105 satysfakcj\u0119 z powodu jej ciekawo\u015bci \u015bwiata.<\/p>\n\n\n\n<p>Kto inny wspomnia\u0142 osob\u0119 adw. Luizy Pollak, bardzo \u017cyczliwej otoczeniu, kt\u00f3ra znana by\u0142a przede wszystkim jako kiedy\u015b dobra p\u0142ywaczka, ale te\u017c&nbsp; i miss Lwowa. W pewien szczeg\u00f3lny spos\u00f3b honorowano adw. Helen\u0119 Turowiczow\u0105, w kr\u0119gu bliskich nazywan\u0105 Lala Turowiczowa, z kt\u00f3rej emanowa\u0142a z jednej strony postawa pe\u0142na&#8221; zasadniczo\u015bci&#8221; z drugiej za\u015b \u017cyczliwo\u015bci dla otoczenia i dobrego poczucia humoru. A przecie\u017c nie spos\u00f3b zapomnie\u0107 bardzo dowcipnej z k\u0105\u015bliwym poczuciem humoru i bardzo lubianej adw. Marii Medwiczowej. Inaczej utrwali\u0142a si\u0119 w pami\u0119ci dr Antonina Maroni &#8211; Ustowska, kt\u00f3r\u0105 znali\u015bmy jako wsp\u00f3\u0142autork\u0119 Komentarza do prawa o aktach stanu cywilnego, a kt\u00f3rej postawa z czas\u00f3w okupacji zosta\u0142a doceniona poprzez odznaczenie jej medalem &#8222;Sprawiedliwy w\u015br\u00f3d narod\u00f3w \u015bwiata &#8222;. By\u0142a te\u017c odznaczona Z\u0142ot\u0105 Odznak\u0105 &#8222;Zas\u0142u\u017cony dla Adwokatury&#8221;. W szczeg\u00f3lny spos\u00f3b wspominane by\u0142y panie mecenas Maria Rittermanowa i Maria Lipczy\u0144ska &#8211; Koperowa. Obie bardzo bojowe podczas zast\u0119pstw przed s\u0105dem i co nale\u017cy do rzadko\u015bci gotowe do obron nazywanych kolizyjnymi, w kt\u00f3rych dobro w\u0142asnego klienta okupione bywa\u0142o czasem interesem procesowym wsp\u00f3\u0142oskar\u017conego. Jest to jeden ze sposob\u00f3w obrony, kt\u00f3rego zastosowanie wymaga du\u017cej odwagi i przekonania o swojej racji. W ich przypadku mo\u017cna by\u0142o potraktowa\u0107 to jako zalet\u0119. Zw\u0142aszcza pani mecenas Maria Lipczy\u0144ska &#8211; Koperowa, legitymuj\u0105ca si\u0119 tytu\u0142em profesora uniwersyteckiego sprawowa\u0142a swe obrony perfekcyjnie jako wybitny znawca procesu karnego.<\/p>\n\n\n\n<p>Inaczej utrwali\u0142a si\u0119 w pami\u0119ci adw. Barbara Klimecka\u00adSieniawska, cz\u0119sto nazywana potocznie &#8222;Barusi\u0105 &#8221; Jej spos\u00f3b bycia bywa\u0142 okazj\u0105 do dowcipnych uwag oddaj\u0105cych nadmiar jej zainteresowa\u0144 wszelkimi sprawami towarzysko &#8211; \u015brodowiskowymi, ale przede wszystkim kojarzono j\u0105 z jej ojcem adw. Stanis\u0142awem Klimeckim, ostatnim przed II wojn\u0105 \u015bwiatow\u0105 prezydentem miasta Krakowa, rozstrzelanym wkr\u00f3tce po wkroczeniu okupanta niemieckiego do miasta.<\/p>\n\n\n\n<p>Utrwali\u0142a si\u0119 te\u017c pami\u0119\u0107 o adwokatkach z Tarnowa dr Wandzie Wr\u00f3blewskiej-Sk\u0142adzie\u0144 , Marii Repelewicz i Annie Piechowicz. Ta pierwsza \/ c\u00f3rka profesora \/ mocno by\u0142a zaanga\u017cowana w podziemn\u0105 walk\u0119 z okupantem, dzia\u0142aj\u0105c pod pseudonimem &#8222;J\u00f3zefina &#8222;. Wspomina\u0142a nieraz o udziale adwokat\u00f3w tarnowskich w organizacji si\u0142 zbrojnych i podziemnego Pa\u0144stwa Polskiego. To ona by\u0142a m.in. organizatork\u0105 tajnych kontakt\u00f3w przyje\u017cd\u017caj\u0105cego do Tarnowa gen. Micha\u0142a Karaszewicz &#8211; Tokarzewskiego w mieszkaniu przy ul.Lipowej 23 \/ obecnie Al. Solidarnosci \/, a p\u00f3\u017aniej wsp\u00f3\u0142dzia\u0142a\u0142a przy szeregu akcjach, w tym m.in. przekaza\u0142a przekalkowane plany budowy &#8222;nowej broni niemieckiej V2&#8221; do Warszawy, gdzie zosta\u0142y zweryfikowane przez in\u017c. Groszkowskiego i wys\u0142ane do Londynu. To r\u00f3wnie\u017c ona wraz z adw. Mari\u0105 Repelewicz bra\u0142a udzia\u0142 w akcji niesienia pierwszej pomocy i krwi dla walcz\u0105cych W\u0119gr\u00f3w w 1956r. organizowanej przez m\u0119\u017ca pani mecenas Repelewiczowej. Z kolei pani mec. Anna Piechowicz pozostaj\u0105ca w kr\u0119gu os\u00f3b uczestnicz\u0105cych w walce podziemnej sta\u0142a si\u0119 wi\u0119\u017aniark\u0105 oboz\u00f3w koncentracyjnych przechodz\u0105c udr\u0119czenia zwi\u0105zane z pseudomedycznymi eksperymentami. Przez m\u0142odsze kole\u017canki i koleg\u00f3w zapami\u0119tana zosta\u0142a jako osoba pogodna i \u017cyczliwa ludziom.<\/p>\n\n\n\n<p>Przez wiele lat stykamy si\u0119 z kole\u017cankami i kolegami, o \u017cyciorysach kt\u00f3rych, zas\u0142uguj\u0105cych na wspomnienie nic nie wiemy. Tak by\u0142o np. z adw. Danut\u0105 Romanowsk\u0105 &#8211; D\u0105browsk\u0105, \u017co\u0142nierzem Szarych Szereg\u00f3w, co wynik\u0142o dopiero z tre\u015bci klepsydry, jak\u0105 mo\u017cna by\u0142o przeczyta\u0107 przed jej pogrzebem. Ciekaw\u0105 postaci\u0105, cho\u0107 nie narzucaj\u0105c\u0105 si\u0119 ze swym \u017cyciorysem z dzieci\u0144stwa sp\u0119dzonego na W\u0119grzech by\u0142a adw. dr.Janina Kostarczyk &#8211; Gryszkowa. Inny z kolei typ osobowo\u015bci reprezentowa\u0142a adw. Aurelia Mikuli\u0144ska\u00adKorczy\u0144ska . Z jej \u017cyciorysu zachowali\u015bmy w pami\u0119ci dziwn\u0105 histori\u0119 zwi\u0105zan\u0105 z posiadaniem &#8211; jak sama to okre\u015bla\u0142a &#8211; dw\u00f3ch matek, z traum\u0105 jak\u0105 przesz\u0142a, gdy dla cel\u00f3w stworzenia pomnika powsta\u0144c\u00f3w siczowych na Cmentarzu \u0141yczakowskim we Lwowie zniszczono gr\u00f3b jej matki. Odwag\u0105jak\u0105 si\u0119 wykaza\u0142a podczas skoku spadochronowego zaimponowa\u0142a niejednemu. By\u0142a ona przede wszystkim jednak nieprofesjonaln\u0105 poetk\u0105 i malark\u0105, lecz tkwi\u0105c\u0105 na tyle w sprawach adwokatury, \u017ce doprowadzi\u0142a do zrealizowania swego pomys\u0142u utworzenia w siedzibie Okr\u0119gowej Rady Adwokackiej w Krakowie muzeum odznacze\u0144 i nieprofesjonalnej dzia\u0142alno\u015bci adwokat\u00f3w.<\/p>\n\n\n\n<p>Mia\u0142a te\u017c Izba Adwokacka w Krakowie najstarsz\u0105 chyba w historii adwokatury aplikantk\u0119, kt\u00f3ra bezpo\u015brednio po zdaniu egzaminu przesz\u0142a na emerytur\u0119 bez podj\u0119cia wykonywania zawodu.<\/p>\n\n\n\n<p>Przypomnienie postaci wymienionych adwokatek jest niepe\u0142ne. Kto\u015b doda\u0142by nazwisko Henryki Lieberman &#8211; D\u0105browskiej, popularnej &#8222;Iki&#8221;, asystentki w Katedrze Prawa Pracy i p\u00f3\u017aniej specjalistki w tej dziedzinie, czy bardzo sumiennej i przychylnej ludziom, ale nie przez wszystkich akceptowanej z powodu swych lewicowych pogl\u0105d\u00f3w adw. Akwiliny Gawlik, zawsze jednak gotowej do konfrontacji swej lewicowo\u015bci w rzeczowej dyskusji. Jak wy\u017cej wspomniano zestawienie niniejsze oparte jest o nieformalnie przeprowadzon\u0105 ankiet\u0119 . W\u015br\u00f3d kobiet zaznaczaj\u0105cych si\u0119 w adwokaturze krakowskiej ze wskazaniem na r\u00f3\u017cne pozytywne jej cechy wymieniana by\u0142a przez zapytywanych adw. Jolanta Ostrowska &#8211; Ja\u017awiecka jako mocno osadzona w sprawach adwokatury i jej samorz\u0105du. Om\u00f3wienie tej postaci wymaga jednak innego pi\u00f3ra.<\/p>\n\n\n\n<p>adw. Stanis\u0142aw J. Ja\u017awiecki<br>powr\u00f3t &nbsp;&nbsp; &nbsp;<\/p>\n\n\n\n<p>PRO LEGE ET LIBERTATE<\/p>\n\n\n\n<p>Medal Okr\u0119gowej Rady Adwokackiej w Krakowie<\/p>\n","protected":false},"excerpt":{"rendered":"<p>Galicja \u0179r\u00f3de\u0142 nowoczesnej adwokatury, opartej na ustroju samorz\u0105du zawodowego, szuka\u0107 nale\u017cy w przemianach, jakie dotkn\u0119\u0142y monarchi\u0119 austriack\u0105 w okresie Wiosny Lud\u00f3w. Liberalne zmiany zapocz\u0105tkowane wydarzeniami z roku 1848 nie pozosta\u0142y bez wp\u0142ywu na reform\u0119 instytucji wymiaru sprawiedliwo\u015bci, w tym adwokatury. Ich konsekwencj\u0105 by\u0142o wydanie w sierpniu 1849 r. zarz\u0105dzenia cesarskiego, kt\u00f3re wprowadza\u0142o w Austrii prowizoryczny [&hellip;]<\/p>\n","protected":false},"author":1,"featured_media":0,"parent":59,"menu_order":0,"comment_status":"closed","ping_status":"closed","template":"templates-adwokaci\/template-historia.php","meta":{"_acf_changed":false,"inline_featured_image":false,"footnotes":""},"class_list":["post-66","page","type-page","status-publish","hentry"],"acf":[],"_links":{"self":[{"href":"https:\/\/adwokatura.krakow.pl\/adwokaci-i-aplikanci\/wp-json\/wp\/v2\/pages\/66","targetHints":{"allow":["GET"]}}],"collection":[{"href":"https:\/\/adwokatura.krakow.pl\/adwokaci-i-aplikanci\/wp-json\/wp\/v2\/pages"}],"about":[{"href":"https:\/\/adwokatura.krakow.pl\/adwokaci-i-aplikanci\/wp-json\/wp\/v2\/types\/page"}],"author":[{"embeddable":true,"href":"https:\/\/adwokatura.krakow.pl\/adwokaci-i-aplikanci\/wp-json\/wp\/v2\/users\/1"}],"replies":[{"embeddable":true,"href":"https:\/\/adwokatura.krakow.pl\/adwokaci-i-aplikanci\/wp-json\/wp\/v2\/comments?post=66"}],"version-history":[{"count":10,"href":"https:\/\/adwokatura.krakow.pl\/adwokaci-i-aplikanci\/wp-json\/wp\/v2\/pages\/66\/revisions"}],"predecessor-version":[{"id":340,"href":"https:\/\/adwokatura.krakow.pl\/adwokaci-i-aplikanci\/wp-json\/wp\/v2\/pages\/66\/revisions\/340"}],"up":[{"embeddable":true,"href":"https:\/\/adwokatura.krakow.pl\/adwokaci-i-aplikanci\/wp-json\/wp\/v2\/pages\/59"}],"wp:attachment":[{"href":"https:\/\/adwokatura.krakow.pl\/adwokaci-i-aplikanci\/wp-json\/wp\/v2\/media?parent=66"}],"curies":[{"name":"wp","href":"https:\/\/api.w.org\/{rel}","templated":true}]}}